{"id":3783,"date":"2018-07-06T19:31:27","date_gmt":"2018-07-06T23:31:27","guid":{"rendered":"https:\/\/montreal-west.ca\/notre-ville\/conseil-municipal\/public-meetings\/"},"modified":"2026-05-01T13:18:34","modified_gmt":"2026-05-01T17:18:34","slug":"seances-publiques","status":"publish","type":"page","link":"https:\/\/montreal-ouest.ca\/fr\/notre-ville\/conseil-municipal\/seances-publiques\/","title":{"rendered":"S\u00e9ances du Conseil"},"content":{"rendered":"\t\t<div data-elementor-type=\"wp-post\" data-elementor-id=\"3783\" class=\"elementor elementor-3783 elementor-1010\" data-elementor-post-type=\"page\">\n\t\t\t\t\t\t<section class=\"elementor-section elementor-top-section elementor-element elementor-element-ec11dba elementor-section-boxed elementor-section-height-default elementor-section-height-default\" data-id=\"ec11dba\" data-element_type=\"section\" data-e-type=\"section\">\n\t\t\t\t\t\t<div class=\"elementor-container elementor-column-gap-default\">\n\t\t\t\t\t<div class=\"elementor-column elementor-col-100 elementor-top-column elementor-element elementor-element-b2100b3\" data-id=\"b2100b3\" data-element_type=\"column\" data-e-type=\"column\">\n\t\t\t<div class=\"elementor-widget-wrap elementor-element-populated\">\n\t\t\t\t\t\t<div class=\"elementor-element elementor-element-6a552ac elementor-widget elementor-widget-text-editor\" data-id=\"6a552ac\" data-element_type=\"widget\" data-e-type=\"widget\" data-widget_type=\"text-editor.default\">\n\t\t\t\t<div class=\"elementor-widget-container\">\n\t\t\t\t\t\t\t\t\t<h3>Les s\u00e9ances ordinaires du conseil se tiennent dans la salle de musique de l\u2019h\u00f4tel de ville (50 avenue Westminster Sud) le dernier lundi de chaque mois, sauf exception. Des s\u00e9ances extraordinaires peuvent \u00eatre rajout\u00e9es au besoin.<\/h3><p>Il est possible d&rsquo;assister aux s\u00e9ances ordinaires \u00e0 l\u2019h\u00f4tel de ville ou en direct sur la <a href=\"https:\/\/www.youtube.com\/channel\/UCUP41Uv5bfYI1tar7UQ70jA\" target=\"_blank\" rel=\"noopener\">cha\u00eene YouTube<\/a> de la Ville.\u00a0Le lien vers la webdiffusion sera publi\u00e9 sur cette page ainsi que sur notre <a href=\"https:\/\/www.facebook.com\/montrealwest\/\" target=\"_blank\" rel=\"noopener\">page Facebook<\/a> avant 20 h le jour de la s\u00e9ance.<\/p><p>L\u2019ordre du jour et le proc\u00e8s\u2011verbal de chaque s\u00e9ance sont \u00e9galement disponibles sur cette page pour consultation.<\/p><h3>P\u00e9riodes de questions<\/h3><p>Chaque s\u00e9ance ordinaire comprend deux p\u00e9riodes de questions :<\/p><ol><li><strong>Premi\u00e8re p\u00e9riode de questions<\/strong><ul><li>Tenue au d\u00e9but de la s\u00e9ance, apr\u00e8s les rapports du conseil.<\/li><li>Les questions peuvent porter sur <strong>tout sujet d\u2019int\u00e9r\u00eat public<\/strong>.<\/li><\/ul><\/li><li><strong>Deuxi\u00e8me p\u00e9riode de questions<\/strong><ul><li>Tenue vers la fin de la s\u00e9ance, avant la lev\u00e9e de la s\u00e9ance.<\/li><li>Les questions doivent porter <strong>exclusivement sur les points \u00e0 l\u2019ordre du jour<\/strong>.<\/li><\/ul><\/li><\/ol><p>Afin de faciliter la participation citoyenne, il est possible de <a href=\"https:\/\/montreal-ouest.ca\/fr\/notre-ville\/conseil-municipal\/seances-publiques\/\">soumettre des questions au moyen d\u2019un formulaire en ligne<\/a> le jour de la s\u00e9ance. Durant chaque p\u00e9riode de questions, la priorit\u00e9 est accord\u00e9e aux personnes pr\u00e9sentes \u00e0 l\u2019h\u00f4tel de ville. Le temps restant est consacr\u00e9 aux questions soumises en ligne.<\/p><h3>Rapports des membres du conseil<\/h3><p>Le conseil est heureux de pr\u00e9senter une nouvelle page web d\u00e9di\u00e9e aux <a href=\"https:\/\/montreal-ouest.ca\/fr\/notre-ville\/conseil-municipal\/rapports-du-conseil\/\">rapports des membres du conseil<\/a>. Chaque mois, les \u00e9lus pr\u00e9sentent leur rapport lors de la s\u00e9ance ordinaire, et ces rapports sont d\u00e9sormais publi\u00e9s en ligne apr\u00e8s chaque s\u00e9ance.<\/p>\t\t\t\t\t\t\t\t<\/div>\n\t\t\t\t<\/div>\n\t\t\t\t<div class=\"elementor-element elementor-element-d47544d elementor-align-center elementor-widget elementor-widget-button\" data-id=\"d47544d\" data-element_type=\"widget\" data-e-type=\"widget\" data-widget_type=\"button.default\">\n\t\t\t\t<div class=\"elementor-widget-container\">\n\t\t\t\t\t\t\t\t\t<div class=\"elementor-button-wrapper\">\n\t\t\t\t\t<a class=\"elementor-button elementor-button-link elementor-size-sm\" href=\"https:\/\/montreal-west.ca\/fr\/notre-ville\/conseil-municipal\/seances-publiques\/periode-de-questions\">\n\t\t\t\t\t\t<span class=\"elementor-button-content-wrapper\">\n\t\t\t\t\t\t\t\t\t<span class=\"elementor-button-text\">Posez vos questions au conseil<\/span>\n\t\t\t\t\t<\/span>\n\t\t\t\t\t<\/a>\n\t\t\t\t<\/div>\n\t\t\t\t\t\t\t\t<\/div>\n\t\t\t\t<\/div>\n\t\t\t\t\t<\/div>\n\t\t<\/div>\n\t\t\t\t\t<\/div>\n\t\t<\/section>\n\t\t\t\t<section class=\"elementor-section elementor-top-section elementor-element elementor-element-79f031 elementor-section-boxed elementor-section-height-default elementor-section-height-default\" data-id=\"79f031\" data-element_type=\"section\" data-e-type=\"section\">\n\t\t\t\t\t\t<div class=\"elementor-container elementor-column-gap-default\">\n\t\t\t\t\t<div class=\"elementor-column elementor-col-100 elementor-top-column elementor-element elementor-element-21f84798\" data-id=\"21f84798\" data-element_type=\"column\" data-e-type=\"column\">\n\t\t\t<div class=\"elementor-widget-wrap elementor-element-populated\">\n\t\t\t\t\t\t<div class=\"elementor-element elementor-element-5f480f2 elementor-widget elementor-widget-text-editor\" data-id=\"5f480f2\" data-element_type=\"widget\" data-e-type=\"widget\" data-widget_type=\"text-editor.default\">\n\t\t\t\t<div class=\"elementor-widget-container\">\n\t\t\t\t\t\t\t\t\t<h2>Horaire 2026<\/h2>\n&lt;\n<table style=\"width: 100%; height: 552px;\">\n<thead>\n<tr style=\"height: 24px;\">\n<td style=\"width: 15%; height: 24px;\">S\u00e9ance<\/td>\n<td style=\"width: 22%; height: 24px;\">Date<\/td>\n<td style=\"width: 13%; height: 24px;\">Heure<\/td>\n<td style=\"text-align: center; width: 49.998%; height: 24px;\" colspan=\"3\">Documents<\/td>\n<\/tr>\n<\/thead>\n<tbody>\n<tr>\n<td style=\"width: 15%;\">Sp\u00e9ciale<\/td>\n<td style=\"width: 22%;\">Le jeudi 22 janvier<\/td>\n<td style=\"width: 13%;\">19 h 30<\/td>\n<td style=\"width: 16.666%;\"><i class=\"fa fa-file-pdf-o\"><\/i> <a href=\"https:\/\/montreal-ouest.ca\/wp-content\/uploads\/2026\/02\/2026-01-22-ordre-du-jour-speciale.pdf\" target=\"_blank\" rel=\"noopener\">Ordre du jour<\/a><\/td>\n<td style=\"width: 16.666%;\"><i class=\"fa fa-file-pdf-o\"><\/i> <a href=\"https:\/\/montreal-ouest.ca\/wp-content\/uploads\/2026\/02\/2026-01-22-proces-verbal-extraordinaire.pdf\" target=\"_blank\" rel=\"noopener\">Proc\u00e8s-verbal<\/a><\/td>\n<td style=\"width: 16.666%;\"><i class=\"fa fa-youtube\"><\/i> <a href=\"https:\/\/www.youtube.com\/watch?v=F-CF6280foQ\" target=\"_blank\" rel=\"noopener\">Webdiffusion<\/a><\/td>\n<\/tr>\n<tr style=\"height: 48px;\">\n<td style=\"width: 15%; height: 48px;\">Ordinaire<\/td>\n<td style=\"width: 22%; height: 48px;\">Le lundi 26 janvier<\/td>\n<td style=\"width: 13%; height: 48px;\">20 h<\/td>\n<td style=\"width: 16.666%; height: 48px;\"><i class=\"fa fa-file-pdf-o\"><\/i> <a href=\"https:\/\/montreal-ouest.ca\/wp-content\/uploads\/2026\/01\/2026-01-26-ordre-du-jour.pdf\" target=\"_blank\" rel=\"noopener\">Ordre du jour<\/a><\/td>\n<td style=\"width: 16.666%; height: 48px;\"><i class=\"fa fa-file-pdf-o\"><\/i> <a href=\"https:\/\/montreal-ouest.ca\/wp-content\/uploads\/2026\/02\/2026-01-26-proces-verbal.pdf\" target=\"_blank\" rel=\"noopener\">Proc\u00e8s-verbal<\/a><\/td>\n<td style=\"width: 16.666%; height: 48px;\"><i class=\"fa fa-youtube\"><\/i> <a href=\"https:\/\/www.youtube.com\/live\/dSpWnEoDrv8\" target=\"_blank\" rel=\"noopener\">Webdiffusion<\/a><\/td>\n<\/tr>\n<tr style=\"height: 48px;\">\n<td style=\"width: 15%; height: 48px;\">Ordinaire<\/td>\n<td style=\"width: 22%; height: 48px;\">Le lundi 23 f\u00e9vrier<\/td>\n<td style=\"width: 13%; height: 48px;\">20 h<\/td>\n<td style=\"width: 16.666%; height: 48px;\"><i class=\"fa fa-file-pdf-o\"><\/i> <a href=\"https:\/\/montreal-ouest.ca\/wp-content\/uploads\/2026\/02\/2026-02-23-ordre-du-jour.pdf\" target=\"_blank\" rel=\"noopener\">Ordre du jour<\/a><\/td>\n<td style=\"width: 16.666%; height: 48px;\"><i class=\"fa fa-file-pdf-o\"><\/i> <a href=\"https:\/\/montreal-ouest.ca\/wp-content\/uploads\/2026\/02\/2026-02-23-ordre-du-jour-1.pdf\" target=\"_blank\" rel=\"noopener\">Proc\u00e8s-verbal<\/a><\/td>\n<td style=\"width: 16.666%; height: 48px;\"><i class=\"fa fa-youtube\"><\/i> <a href=\"https:\/\/www.youtube.com\/watch?v=RV84xhoi7xk\" target=\"_blank\" rel=\"noopener\">Webdiffusion<\/a><\/td>\n<\/tr>\n<tr style=\"height: 48px;\">\n<td style=\"width: 15%; height: 48px;\">Ordinaire<\/td>\n<td style=\"width: 22%; height: 48px;\">Le lundi 30 mars<\/td>\n<td style=\"width: 13%; height: 48px;\">20 h<\/td>\n<td style=\"width: 16.666%; height: 48px;\"><i class=\"fa fa-file-pdf-o\"><\/i> <a href=\"https:\/\/montreal-ouest.ca\/wp-content\/uploads\/2026\/03\/2026-03-20-ordre-du-jour.pdf\" target=\"_blank\" rel=\"noopener\">Ordre du jour<\/a><\/td>\n<td style=\"width: 16.666%; height: 48px;\"><i class=\"fa fa-file-pdf-o\"><\/i> <a href=\"https:\/\/montreal-ouest.ca\/wp-content\/uploads\/2026\/04\/P.V.-regular-2026-03-30-FR.pdf\" target=\"_blank\" rel=\"noopener\">Proc\u00e8s-verbal<\/a><\/td>\n<td style=\"width: 16.666%; height: 48px;\"><i class=\"fa fa-youtube\"><\/i> <a href=\"https:\/\/www.youtube.com\/watch?v=LjfVOOj9fPU\" target=\"_blank\" rel=\"noopener\">Webdiffusion<\/a><\/td>\n<\/tr>\n<tr style=\"height: 48px;\">\n<td style=\"width: 15%; height: 48px;\">Ordinaire<\/td>\n<td style=\"width: 22%; height: 48px;\">Le lundi 27 avril<\/td>\n<td style=\"width: 13%; height: 48px;\">20 h<\/td>\n<td style=\"width: 16.666%; height: 48px;\"><i class=\"fa fa-file-pdf-o\"><\/i> <a href=\"https:\/\/montreal-ouest.ca\/wp-content\/uploads\/2026\/04\/OJ-2026-04-27-ordinaire-FR.pdf\" target=\"_blank\" rel=\"noopener\">Ordre du jour<\/a><\/td>\n<td style=\"width: 16.666%; height: 48px;\"> <i class=\"fa fa-file-pdf-o\"><\/i> <a href=\"https:\/\/montreal-ouest.ca\/wp-content\/uploads\/2026\/05\/P.V.-ordinaire-2026-04-27-FR.pdf\" target=\"_blank\" rel=\"noopener\">Proc\u00e8s-verbal<\/a><\/td>\n<td style=\"width: 16.666%; height: 48px;\"><i class=\"fa fa-youtube\"><\/i> <a href=\"https:\/\/www.youtube.com\/watch?v=480jCRbF0Lc\" target=\"_blank\" rel=\"noopener\">Webdiffusion<\/a><\/td>\n<\/tr>\n<tr style=\"height: 48px;\">\n<td style=\"width: 15%; height: 48px;\">Ordinaire<\/td>\n<td style=\"width: 22%; height: 48px;\">Le lundi 25 mai<\/td>\n<td style=\"width: 13%; height: 48px;\">20 h<\/td>\n<td style=\"width: 16.666%; height: 48px;\"><\/td>\n<td style=\"width: 16.666%; height: 48px;\"><\/td>\n<td style=\"width: 16.666%; height: 48px;\"><\/td>\n<\/tr>\n<tr style=\"height: 48px;\">\n<td style=\"width: 15%; height: 48px;\">Ordinaire<\/td>\n<td style=\"width: 22%; height: 48px;\">Le lundi 29 juin<\/td>\n<td style=\"width: 13%; height: 48px;\">20 h<\/td>\n<td style=\"width: 16.666%; height: 48px;\"><\/td>\n<td style=\"width: 16.666%; height: 48px;\"><\/td>\n<td style=\"width: 16.666%; height: 48px;\"><\/td>\n<\/tr>\n<tr style=\"height: 48px;\">\n<td style=\"width: 15%; height: 48px;\">Ordinaire<\/td>\n<td style=\"width: 22%; height: 48px;\">Le lundi 31 ao\u00fbt<\/td>\n<td style=\"width: 13%; height: 48px;\">20 h<\/td>\n<td style=\"width: 16.666%; height: 48px;\"><\/td>\n<td style=\"width: 16.666%; height: 48px;\"><\/td>\n<td style=\"width: 16.666%; height: 48px;\"><\/td>\n<\/tr>\n<tr style=\"height: 48px;\">\n<td style=\"width: 15%; height: 48px;\">Ordinaire<\/td>\n<td style=\"width: 22%; height: 48px;\">Le lundi 28 septembre<\/td>\n<td style=\"width: 13%; height: 48px;\">20 h<\/td>\n<td style=\"width: 16.666%; height: 48px;\"><\/td>\n<td style=\"width: 16.666%; height: 48px;\"><\/td>\n<td style=\"width: 16.666%; height: 48px;\"><\/td>\n<\/tr>\n<tr>\n<td style=\"width: 15%;\">Ordinaire<\/td>\n<td style=\"width: 22%;\">Le lundi 26 octobre<\/td>\n<td style=\"width: 13%;\">20 h<\/td>\n<td style=\"width: 16.666%;\"><\/td>\n<td style=\"width: 16.666%;\"><\/td>\n<td style=\"width: 16.666%;\"><\/td>\n<\/tr>\n<tr style=\"height: 48px;\">\n<td style=\"width: 15%; height: 48px;\">Ordinaire<\/td>\n<td style=\"width: 22%; height: 48px;\">Le lundi 30 novembre<\/td>\n<td style=\"width: 13%; height: 48px;\">20 h<\/td>\n<td style=\"width: 16.666%; height: 48px;\"><\/td>\n<td style=\"width: 16.666%; height: 48px;\"><\/td>\n<td style=\"width: 16.666%; height: 48px;\"><\/td>\n<\/tr>\n<tr style=\"height: 48px;\">\n<td style=\"width: 15%; height: 48px;\">Ordinaire<\/td>\n<td style=\"width: 22%; height: 48px;\">Le lundi 21 d\u00e9cembre<\/td>\n<td style=\"width: 13%; height: 48px;\">20 h<\/td>\n<td style=\"width: 16.666%; height: 48px;\"><\/td>\n<td style=\"width: 16.666%; height: 48px;\"><\/td>\n<td style=\"width: 16.666%; height: 48px;\"><\/td>\n<\/tr>\n<\/tbody>\n<\/table>\t\t\t\t\t\t\t\t<\/div>\n\t\t\t\t<\/div>\n\t\t\t\t<div class=\"elementor-element elementor-element-26e8e91 elementor-widget elementor-widget-text-editor\" data-id=\"26e8e91\" data-element_type=\"widget\" data-e-type=\"widget\" data-widget_type=\"text-editor.default\">\n\t\t\t\t<div class=\"elementor-widget-container\">\n\t\t\t\t\t\t\t\t\t<h2>Ordres du jour et proc\u00e8s-verbaux ant\u00e9rieurs<\/h2>\t\t\t\t\t\t\t\t<\/div>\n\t\t\t\t<\/div>\n\t\t\t\t\t<\/div>\n\t\t<\/div>\n\t\t\t\t\t<\/div>\n\t\t<\/section>\n\t\t\t\t<section class=\"elementor-section elementor-top-section elementor-element elementor-element-96dad0d elementor-section-boxed elementor-section-height-default elementor-section-height-default\" data-id=\"96dad0d\" data-element_type=\"section\" data-e-type=\"section\">\n\t\t\t\t\t\t<div class=\"elementor-container elementor-column-gap-default\">\n\t\t\t\t\t<div class=\"elementor-column elementor-col-100 elementor-top-column elementor-element elementor-element-3b16f44\" data-id=\"3b16f44\" data-element_type=\"column\" data-e-type=\"column\">\n\t\t\t<div class=\"elementor-widget-wrap elementor-element-populated\">\n\t\t\t\t\t\t<div class=\"elementor-element elementor-element-7cff230 elementor-widget elementor-widget-accordion\" data-id=\"7cff230\" data-element_type=\"widget\" data-e-type=\"widget\" data-widget_type=\"accordion.default\">\n\t\t\t\t<div class=\"elementor-widget-container\">\n\t\t\t\t\t\n\t\t<div class=\"penega-accordion\">\n\t\t\t\t\t\t\t<div class=\"accordion-card\">\n\t\t\t\t\t<div class=\"accordion-header\" id=\"elementor-tab-title-0\">\n\t\t  \t\t        <button class=\"btn btn-link d-flex align-items-center justify-content-between collapsed\" data-toggle=\"collapse\" data-target=\"#elementor-tab-content-0\" aria-expanded=\"true\" aria-controls=\"elementor-tab-content-0\">\n\t\t\t\t\t\t\t2025\t\t\t\t\t\t\t<img decoding=\"async\" src=\"https:\/\/montreal-ouest.ca\/wp-content\/themes\/penega\/images\/right-arrow.png\" alt=\"Right arrow\">\n\t\t\t\t\t\t<\/button>\n\t\t\t\t\t<\/div>\n\t\t\t\t\t<div id=\"elementor-tab-content-0\" class=\"collapse\" aria-labbeledby=\"elementor-tab-title-0\" data-parent=\".penega-accordion\">\n\t\t\t\t\t\t<div class=\"card-body\">\n\t\t\t\t\t\t\t<h2>Horaire 2025<\/h2><table style=\"width: 100%; height: 576px;\"><thead><tr style=\"height: 24px;\"><td style=\"width: 9%; text-align: center; height: 24px;\">S\u00e9ance<\/td><td style=\"width: 26%; text-align: center; height: 24px;\">Date<\/td><td style=\"width: 15%; text-align: center; height: 24px;\">Heure<\/td><td style=\"width: 49.998%; text-align: center; height: 24px;\" colspan=\"3\">Documents<\/td><\/tr><\/thead><tbody><tr><td style=\"width: 9%;\">Sp\u00e9ciale<\/td><td style=\"width: 26%;\">Le lundi 16 janvier<\/td><td style=\"width: 15%;\">18 h 30<\/td><td style=\"width: 16.666%;\"><i class=\"fa fa-file-pdf-o\"><\/i> <a href=\"https:\/\/montreal-ouest.ca\/wp-content\/uploads\/2026\/04\/2025-01-16-ordre-du-jour-speciale.pdf\" target=\"_blank\" rel=\"noopener\"> Ordre du jour<\/a><\/td><td style=\"width: 16.4996%;\">\u00a0<\/td><td style=\"width: 16.8324%;\">\u00a0<\/td><\/tr><tr style=\"height: 48px;\"><td style=\"width: 9%; height: 48px;\">Ordinaire<\/td><td style=\"width: 26%; height: 48px;\">Le lundi 27 janvier<\/td><td style=\"width: 15%; height: 48px;\">20 h<\/td><td style=\"width: 16.666%; height: 48px;\"><i class=\"fa fa-file-pdf-o\"><\/i> <a href=\"https:\/\/montreal-west.ca\/wp-content\/uploads\/2025\/01\/2025-01-27-ordre-du-jour.pdf\" target=\"_blank\" rel=\"noopener\"> Ordre du jour<\/a><\/td><td style=\"width: 16.4996%; height: 48px;\">\u00a0<\/td><td style=\"width: 16.8324%; height: 48px;\"><i class=\"fa fa-youtube\"><\/i> <a href=\"https:\/\/youtube.com\/live\/qTgGxDq6POI?feature=share\" target=\"_blank\" rel=\"noopener\">Webdiffusion<\/a><\/td><\/tr><tr style=\"height: 48px;\"><td style=\"width: 9%; height: 48px;\">Ordinaire<\/td><td style=\"width: 26%; height: 48px;\">Le lundi 24 f\u00e9vrier<\/td><td style=\"width: 15%; height: 48px;\">20 h<\/td><td style=\"width: 16.666%; height: 48px;\"><i class=\"fa fa-file-pdf-o\"><\/i> <a href=\"https:\/\/montreal-west.ca\/wp-content\/uploads\/2025\/02\/2025-02-24-ordre-du-jour.pdf\" target=\"_blank\" rel=\"noopener\"> Ordre du jour<\/a><\/td><td style=\"width: 16.4996%; height: 48px;\">\u00a0<\/td><td style=\"width: 16.8324%; height: 48px;\">\u00a0<a href=\"https:\/\/www.youtube.com\/watch?v=adeL5jFXOuE&amp;t=4812s&amp;ab_channel=TownofMontrealWest\" target=\"_blank\" rel=\"noopener\"><i class=\"fa fa-youtube\"><\/i>Webdiffusion<\/a><\/td><\/tr><tr><td style=\"width: 9%;\">Sp\u00e9ciale<\/td><td style=\"width: 26%;\">Le mardi 11 mars<\/td><td style=\"width: 15%;\">18 h 30<\/td><td style=\"width: 16.666%;\"><i class=\"fa fa-file-pdf-o\"><\/i> <a href=\"https:\/\/montreal-ouest.ca\/wp-content\/uploads\/2026\/04\/2025-03-11-ordre-du-jour-speciale.pdf\" target=\"_blank\" rel=\"noopener\"> Ordre du jour<\/a><\/td><td style=\"width: 16.4996%;\">\u00a0<\/td><td style=\"width: 16.8324%;\">\u00a0<\/td><\/tr><tr style=\"height: 48px;\"><td style=\"width: 9%; height: 48px;\">Ordinaire<\/td><td style=\"width: 26%; height: 48px;\">Le lundi 24 mars <em>(originalement pr\u00e9vu le lundi 31 mars)<\/em><\/td><td style=\"width: 15%; height: 48px;\">20 h<\/td><td style=\"width: 16.666%; height: 48px;\"><i class=\"fa fa-file-pdf-o\"><\/i> <a href=\"https:\/\/montreal-west.ca\/wp-content\/uploads\/2025\/03\/2025-03-24-ordre-du-jour.pdf\" target=\"_blank\" rel=\"noopener\"> Ordre du jour<\/a><\/td><td style=\"width: 16.4996%; height: 48px;\">\u00a0<\/td><td style=\"width: 16.8324%; height: 48px;\">\u00a0<a href=\"https:\/\/www.youtube.com\/live\/FpbJsgiAv4s\" target=\"_blank\" rel=\"noopener\"><i class=\"fa fa-youtube\"><\/i>Webdiffusion<\/a><\/td><\/tr><tr><td style=\"width: 9%;\">Sp\u00e9ciale<\/td><td style=\"width: 26%;\">Le mercredi 9 avril 2025<\/td><td style=\"width: 15%;\">16 h 30<\/td><td style=\"width: 16.666%;\"><i class=\"fa fa-file-pdf-o\"><\/i> <a href=\"https:\/\/montreal-west.ca\/wp-content\/uploads\/2025\/04\/2025-04-09-ordre-du-jour-speciale.pdf\" target=\"_blank\" rel=\"noopener\"> Ordre du jour<\/a><\/td><td style=\"width: 16.4996%;\">\u00a0<\/td><td style=\"width: 16.8324%;\">\u00a0<a href=\"https:\/\/youtu.be\/buK8WeNmKCg\" target=\"_blank\" rel=\"noopener\"><i class=\"fa fa-youtube\"><\/i>Webdiffusion<\/a><\/td><\/tr><tr><td style=\"width: 9%;\">Sp\u00e9ciale<\/td><td style=\"width: 26%;\">Le jeudi 17 avril<\/td><td style=\"width: 15%;\">18 h 30<\/td><td style=\"width: 16.666%;\"><i class=\"fa fa-file-pdf-o\"><\/i> <a href=\"https:\/\/montreal-ouest.ca\/wp-content\/uploads\/2026\/04\/2025-04-17-ordre-du-jour-speciale.pdf\" target=\"_blank\" rel=\"noopener\"> Ordre du jour<\/a><\/td><td style=\"width: 16.4996%;\">\u00a0<\/td><td style=\"width: 16.8324%;\">\u00a0<\/td><\/tr><tr style=\"height: 48px;\"><td style=\"width: 9%; height: 48px;\">Ordinaire<\/td><td style=\"width: 26%; height: 48px;\">Le lundi 28 avril<\/td><td style=\"width: 15%; height: 48px;\">20 h<\/td><td style=\"width: 16.666%; height: 48px;\"><i class=\"fa fa-file-pdf-o\"><\/i> <a href=\"https:\/\/montreal-west.ca\/wp-content\/uploads\/2025\/04\/2025-04-28-ordre-du-jour.pdf\" target=\"_blank\" rel=\"noopener\"> Ordre du jour<\/a><\/td><td style=\"width: 16.4996%; height: 48px;\">\u00a0<\/td><td style=\"width: 16.8324%; height: 48px;\">\u00a0<a href=\"https:\/\/youtube.com\/live\/WUxIa7FVODI\" target=\"_blank\" rel=\"noopener\"><i class=\"fa fa-youtube\"><\/i>Webdiffusion<\/a><\/td><\/tr><tr><td style=\"width: 9%;\">Sp\u00e9ciale<\/td><td style=\"width: 26%;\">Le jeudi 15 mai<\/td><td style=\"width: 15%;\">18 h 30<\/td><td style=\"width: 16.666%;\"><i class=\"fa fa-file-pdf-o\"><\/i> <a href=\"https:\/\/montreal-ouest.ca\/wp-content\/uploads\/2026\/04\/2025-05-15-ordre-du-jour-speciale.pdf\" target=\"_blank\" rel=\"noopener\"> Ordre du jour<\/a><\/td><td style=\"width: 16.4996%;\">\u00a0<\/td><td style=\"width: 16.8324%;\">\u00a0<\/td><\/tr><tr style=\"height: 24px;\"><td style=\"width: 9%; height: 24px;\">Ordinaire<\/td><td style=\"width: 26%; height: 24px;\">Le lundi 26 mai<\/td><td style=\"width: 15%; height: 24px;\">20 h<\/td><td style=\"width: 16.666%; height: 24px;\"><i class=\"fa fa-file-pdf-o\"><\/i> <a href=\"https:\/\/montreal-west.ca\/wp-content\/uploads\/2025\/05\/2025-05-26-ordinaire-ordre-du-jour.pdf\" target=\"_blank\" rel=\"noopener\"> Ordre du jour<\/a><\/td><td style=\"width: 16.4996%; height: 24px;\">\u00a0<\/td><td style=\"width: 16.8324%; height: 24px;\">\u00a0<a href=\"https:\/\/www.youtube.com\/@townofmontrealwest2509\/streams\" target=\"_blank\" rel=\"noopener\"><i class=\"fa fa-youtube\"><\/i>Webdiffusion<\/a><\/td><\/tr><tr><td style=\"width: 9%;\">Sp\u00e9ciale<\/td><td style=\"width: 26%;\">Le jeudi 12 juin<\/td><td style=\"width: 15%;\">17 h<\/td><td style=\"width: 16.666%;\"><i class=\"fa fa-file-pdf-o\"><\/i> <a href=\"https:\/\/montreal-ouest.ca\/wp-content\/uploads\/2026\/04\/2025-06-12-ordre-du-jour-speciale.pdf\" target=\"_blank\" rel=\"noopener\"> Ordre du jour<\/a><\/td><td style=\"width: 16.4996%;\">\u00a0<\/td><td style=\"width: 16.8324%;\">\u00a0<\/td><\/tr><tr style=\"height: 48px;\"><td style=\"width: 9%; height: 48px;\">Ordinaire<\/td><td style=\"width: 26%; height: 48px;\">Le lundi 30 juin<\/td><td style=\"width: 15%; height: 48px;\">20 h<\/td><td style=\"width: 16.666%; height: 48px;\"><i class=\"fa fa-file-pdf-o\"><\/i> <a href=\"https:\/\/montreal-west.ca\/wp-content\/uploads\/2025\/06\/2025-06-30-ordre-du-jour.pdf\" target=\"_blank\" rel=\"noopener\"> Ordre du jour<\/a><\/td><td style=\"width: 16.4996%; height: 48px;\">\u00a0<\/td><td style=\"width: 16.8324%; height: 48px;\">\u00a0<a href=\"https:\/\/www.youtube.com\/@townofmontrealwest2509\/streams\" target=\"_blank\" rel=\"noopener\"><i class=\"fa fa-youtube\"><\/i>Webdiffusion<\/a><\/td><\/tr><tr><td style=\"width: 9%;\">Sp\u00e9ciale<\/td><td style=\"width: 26%;\">Le lundi 7 juillet<\/td><td style=\"width: 15%;\">17 h<\/td><td style=\"width: 16.666%;\"><i class=\"fa fa-file-pdf-o\"><\/i> <a href=\"https:\/\/montreal-ouest.ca\/wp-content\/uploads\/2026\/04\/2025-07-07-ordre-du-jour-speciale.pdf\" target=\"_blank\" rel=\"noopener\"> Ordre du jour<\/a><\/td><td style=\"width: 16.4996%;\">\u00a0<\/td><td style=\"width: 16.8324%;\">\u00a0<\/td><\/tr><tr><td style=\"width: 9%;\">Sp\u00e9ciale<\/td><td style=\"width: 26%;\">Le jeudi 17 juillet<\/td><td style=\"width: 15%;\">Midi<\/td><td style=\"width: 16.666%;\"><i class=\"fa fa-file-pdf-o\"><\/i> <a href=\"https:\/\/montreal-ouest.ca\/wp-content\/uploads\/2026\/04\/2025-07-17-ordre-du-jour-speciale.pdf\" target=\"_blank\" rel=\"noopener\"> Ordre du jour<\/a><\/td><td style=\"width: 16.4996%;\">\u00a0<\/td><td style=\"width: 16.8324%;\">\u00a0<\/td><\/tr><tr><td style=\"width: 9%;\">Sp\u00e9ciale<\/td><td style=\"width: 26%;\">Le jeudi 24 juillet<\/td><td style=\"width: 15%;\">18 h 30<\/td><td style=\"width: 16.666%;\"><i class=\"fa fa-file-pdf-o\"><\/i> <a href=\"https:\/\/montreal-ouest.ca\/wp-content\/uploads\/2026\/04\/2025-07-24-ordre-du-jour-speciale.pdf\" target=\"_blank\" rel=\"noopener\"> Ordre du jour<\/a><\/td><td style=\"width: 16.4996%;\">\u00a0<\/td><td style=\"width: 16.8324%;\">\u00a0<\/td><\/tr><tr><td style=\"width: 9%;\">Sp\u00e9ciale<\/td><td style=\"width: 26%;\">Le jeudi 7 ao\u00fbt<\/td><td style=\"width: 15%;\">18 h 30<\/td><td style=\"width: 16.666%;\"><i class=\"fa fa-file-pdf-o\"><\/i> <a href=\"https:\/\/montreal-ouest.ca\/wp-content\/uploads\/2026\/04\/2025-08-07-ordre-du-jour-speciale.pdf\" target=\"_blank\" rel=\"noopener\"> Ordre du jour<\/a><\/td><td style=\"width: 16.4996%;\">\u00a0<\/td><td style=\"width: 16.8324%;\">\u00a0<\/td><\/tr><tr><td style=\"width: 9%;\">Sp\u00e9ciale<\/td><td style=\"width: 26%;\">Le lundi 25 ao\u00fbt<\/td><td style=\"width: 15%;\">18 h 30<\/td><td style=\"width: 16.666%;\"><i class=\"fa fa-file-pdf-o\"><\/i> <a href=\"https:\/\/montreal-west.ca\/wp-content\/uploads\/2025\/08\/2025-08-25-ordre-du-jour-seance-speciale.pdf\" target=\"_blank\" rel=\"noopener\"> Ordre du jour<\/a><\/td><td style=\"width: 16.4996%;\">\u00a0<\/td><td style=\"width: 16.8324%;\">\u00a0<a href=\"https:\/\/www.youtube.com\/watch?v=zjRrHFo2E1I&amp;ab_channel=VilledeMontr%C3%A9al-Ouest%2FTownofMontrealWest\" target=\"_blank\" rel=\"noopener\"><i class=\"fa fa-youtube\"><\/i>Webdiffusion<\/a><\/td><\/tr><tr style=\"height: 48px;\"><td style=\"width: 9%; height: 48px;\">Ordinaire<\/td><td style=\"width: 26%; height: 48px;\">Le lundi 25 ao\u00fbt<\/td><td style=\"width: 15%; height: 48px;\">20 h<\/td><td style=\"width: 16.666%; height: 48px;\"><i class=\"fa fa-file-pdf-o\"><\/i> <a href=\"https:\/\/montreal-west.ca\/wp-content\/uploads\/2025\/08\/2025-08-25-ordre-du-jour.pdf\" target=\"_blank\" rel=\"noopener\"> Ordre du jour<\/a><\/td><td style=\"width: 16.4996%; height: 48px;\">\u00a0<\/td><td style=\"width: 16.8324%; height: 48px;\">\u00a0<a href=\"https:\/\/www.youtube.com\/@townofmontrealwest2509\/streams\" target=\"_blank\" rel=\"noopener\"><i class=\"fa fa-youtube\"><\/i>Webdiffusion<\/a><\/td><\/tr><tr><td style=\"width: 9%;\">Sp\u00e9ciale<\/td><td style=\"width: 26%;\"><span style=\"font-size: 12pt;\">Le jeudi 11 septembre<\/span><\/td><td style=\"width: 15%;\">18 h 30<\/td><td style=\"width: 16.666%;\"><i class=\"fa fa-file-pdf-o\"><\/i> <a href=\"https:\/\/montreal-ouest.ca\/wp-content\/uploads\/2026\/04\/2025-09-11-ordre-du-jour-speciale.pdf\" target=\"_blank\" rel=\"noopener\"> Ordre du jour<\/a><\/td><td style=\"width: 16.4996%;\">\u00a0<\/td><td style=\"width: 16.8324%;\">\u00a0<\/td><\/tr><tr style=\"height: 48px;\"><td style=\"width: 9%; height: 48px;\">Ordinaire<\/td><td style=\"width: 26%; height: 48px;\"><span style=\"font-size: 12pt;\">Le lundi 29 septembre<\/span><\/td><td style=\"width: 15%; height: 48px;\">20 h<\/td><td style=\"width: 16.666%; height: 48px;\"><i class=\"fa fa-file-pdf-o\"><\/i> <a href=\"https:\/\/montreal-west.ca\/wp-content\/uploads\/2025\/09\/2025-09-29-ordinaire-ordre-du-jour.pdf\" target=\"_blank\" rel=\"noopener\"> Ordre du jour<\/a><\/td><td style=\"width: 16.4996%; height: 48px;\">\u00a0<\/td><td style=\"width: 16.8324%; height: 48px;\">\u00a0<a href=\"https:\/\/www.youtube.com\/@townofmontrealwest2509\/streams\" target=\"_blank\" rel=\"noopener\"><i class=\"fa fa-youtube\"><\/i>Webdiffusion<\/a><\/td><\/tr><tr style=\"height: 48px;\"><td style=\"width: 9%; height: 48px;\">Ordinaire<\/td><td style=\"width: 26%; height: 48px;\">Le lundi 10 novembre<\/td><td style=\"width: 15%; height: 48px;\">20 h<\/td><td style=\"width: 16.666%; height: 48px;\"><i class=\"fa fa-file-pdf-o\"><\/i> <a href=\"https:\/\/montreal-ouest.ca\/wp-content\/uploads\/2025\/11\/2025-11-10-ordre-du-jour.pdf\" target=\"_blank\" rel=\"noopener\"> Ordre du jour<\/a><\/td><td style=\"width: 16.4996%; height: 48px;\">\u00a0<\/td><td style=\"width: 16.8324%; height: 48px;\">\u00a0<a href=\"https:\/\/www.youtube.com\/watch?v=svmjqM2F9Ck\" target=\"_blank\" rel=\"noopener\"><i class=\"fa fa-youtube\"><\/i>Webdiffusion<\/a><\/td><\/tr><tr><td style=\"width: 9%;\">Sp\u00e9ciale<\/td><td style=\"width: 26%;\">Le jeudi 27 novembre<\/td><td style=\"width: 15%;\">18 h 30<\/td><td style=\"width: 16.666%;\"><i class=\"fa fa-file-pdf-o\"><\/i> <a href=\"https:\/\/montreal-ouest.ca\/wp-content\/uploads\/2026\/04\/2025-11-27-ordre-du-jour-speciale.pdf\" target=\"_blank\" rel=\"noopener\"> Ordre du jour<\/a><\/td><td style=\"width: 16.4996%;\">\u00a0<\/td><td style=\"width: 16.8324%;\">\u00a0<\/td><\/tr><tr><td style=\"width: 9%;\">Sp\u00e9ciale<\/td><td style=\"width: 26%;\">Le jeudi 4 d\u00e9cembre<\/td><td style=\"width: 15%;\">12 h 30<\/td><td style=\"width: 16.666%;\"><i class=\"fa fa-file-pdf-o\"><\/i> <a href=\"https:\/\/montreal-ouest.ca\/wp-content\/uploads\/2026\/04\/2025-12-04-ordre-du-jour-speciale.pdf\" target=\"_blank\" rel=\"noopener\"> Ordre du jour<\/a><\/td><td style=\"width: 16.4996%;\">\u00a0<\/td><td style=\"width: 16.8324%;\">\u00a0<\/td><\/tr><tr style=\"height: 48px;\"><td style=\"width: 9%; height: 48px;\">Ordinaire<\/td><td style=\"width: 26%; height: 48px;\">Le lundi 15 d\u00e9cembre<\/td><td style=\"width: 15%; height: 48px;\">20 h<\/td><td style=\"width: 16.666%; height: 48px;\"><i class=\"fa fa-file-pdf-o\"><\/i> <a href=\"https:\/\/montreal-ouest.ca\/wp-content\/uploads\/2025\/12\/2025-12-15-ordre-du-jour.pdf\" target=\"_blank\" rel=\"noopener\"> Ordre du jour<\/a><\/td><td style=\"width: 16.4996%; height: 48px;\">\u00a0<\/td><td style=\"width: 16.8324%; height: 48px;\">\u00a0<a href=\"https:\/\/youtu.be\/nbOdQIUAUpA\" target=\"_blank\" rel=\"noopener\"><i class=\"fa fa-youtube\"><\/i>Webdiffusion<\/a><\/td><\/tr><\/tbody><\/table>\t\t\t\t\t\t<\/div>\n\t\t\t\t\t<\/div>\n\t\t\t\t<\/div>\n\t\t\t\t\t\t\t\t<div class=\"accordion-card\">\n\t\t\t\t\t<div class=\"accordion-header\" id=\"elementor-tab-title-1\">\n\t\t  \t\t        <button class=\"btn btn-link d-flex align-items-center justify-content-between collapsed\" data-toggle=\"collapse\" data-target=\"#elementor-tab-content-1\" aria-expanded=\"true\" aria-controls=\"elementor-tab-content-1\">\n\t\t\t\t\t\t\t2024\t\t\t\t\t\t\t<img decoding=\"async\" src=\"https:\/\/montreal-ouest.ca\/wp-content\/themes\/penega\/images\/right-arrow.png\" alt=\"Right arrow\">\n\t\t\t\t\t\t<\/button>\n\t\t\t\t\t<\/div>\n\t\t\t\t\t<div id=\"elementor-tab-content-1\" class=\"collapse\" aria-labbeledby=\"elementor-tab-title-1\" data-parent=\".penega-accordion\">\n\t\t\t\t\t\t<div class=\"card-body\">\n\t\t\t\t\t\t\t<table style=\"width: 100%; height: 1344px;\"><thead><tr style=\"height: 24px;\"><td style=\"width: 9%; text-align: center; height: 24px;\">S\u00e9ance<\/td><td style=\"width: 26%; text-align: center; height: 24px;\">Date<\/td><td style=\"width: 15%; text-align: center; height: 24px;\">Heure<\/td><td style=\"width: 49.998%; text-align: center; height: 24px;\" colspan=\"3\">Documents<\/td><\/tr><\/thead><tbody><tr style=\"height: 48px;\"><td style=\"width: 9%; height: 48px;\">Sp\u00e9ciale<\/td><td style=\"width: 26%; height: 48px;\">Le mardi 9 janvier<\/td><td style=\"width: 15%; height: 48px;\">18 h 30<\/td><td style=\"width: 16.666%; height: 48px;\"><i class=\"fa fa-file-pdf-o\"><\/i> <a href=\"https:\/\/montreal-west.ca\/wp-content\/uploads\/2025\/03\/2024-01-09-ordre-du-jour-speciale.pdf\">Ordre du jour<\/a><\/td><td style=\"width: 16.4996%; height: 48px;\"><i class=\"fa fa-file-pdf-o\"><\/i> <a href=\"https:\/\/montreal-west.ca\/wp-content\/uploads\/2025\/03\/2024-01-09-ordre-du-jour-speciale.pdf\">Proc\u00e8s-verbal<\/a><\/td><td style=\"width: 16.8324%; height: 48px;\">\u00a0<\/td><\/tr><tr style=\"height: 48px;\"><td style=\"width: 9%; height: 48px;\">Ordinaire<\/td><td style=\"width: 26%; height: 48px;\">Le lundi 22 janvier<\/td><td style=\"width: 15%; height: 48px;\">20 h<\/td><td style=\"width: 16.666%; height: 48px;\"><i class=\"fa fa-file-pdf-o\"><\/i> <a href=\"https:\/\/montreal-west.ca\/wp-content\/uploads\/2024\/01\/Ordre-du-jour-2024-01-22.pdf\">Ordre du jour<\/a><\/td><td style=\"width: 16.4996%; height: 48px;\"><i class=\"fa fa-file-pdf-o\"><\/i> <a href=\"https:\/\/montreal-west.ca\/wp-content\/uploads\/2025\/03\/2024-01-22-proces-verbal.pdf\">Proc\u00e8s-verbal<\/a><\/td><td style=\"width: 16.8324%; height: 48px;\"><i class=\"fa fa-youtube\"><\/i> <a href=\"https:\/\/www.youtube.com\/watch?v=GPP_XtRcCMQ\">Webdiffusion<\/a><\/td><\/tr><tr style=\"height: 48px;\"><td style=\"width: 9%; height: 48px;\">Sp\u00e9ciale<\/td><td style=\"width: 26%; height: 48px;\">Le lundi 19 f\u00e9vrier<\/td><td style=\"width: 15%; height: 48px;\">18 h 30<\/td><td style=\"width: 16.666%; height: 48px;\"><i class=\"fa fa-file-pdf-o\"><\/i> <a href=\"https:\/\/montreal-west.ca\/wp-content\/uploads\/2025\/03\/2024-02-19-ordre-du-jour-speciale.pdf\">Ordre du jour<\/a><\/td><td style=\"width: 16.4996%; height: 48px;\"><i class=\"fa fa-file-pdf-o\"><\/i> <a href=\"https:\/\/montreal-west.ca\/wp-content\/uploads\/2025\/03\/2024-02-19-proces-verbal-speciale.pdf\">Proc\u00e8s-verbal<\/a><\/td><td style=\"width: 16.8324%; height: 48px;\">\u00a0<\/td><\/tr><tr style=\"height: 48px;\"><td style=\"width: 9%; height: 48px;\">Ordinaire<\/td><td style=\"width: 26%; height: 48px;\">Le lundi 26 f\u00e9vrier<\/td><td style=\"width: 15%; height: 48px;\">20 h<\/td><td style=\"width: 16.666%; height: 48px;\"><i class=\"fa fa-file-pdf-o\"><\/i> <a href=\"https:\/\/montreal-west.ca\/wp-content\/uploads\/2024\/02\/2024-02-26-Ordre-du-jour.pdf\">Ordre du jour<\/a><\/td><td style=\"width: 16.4996%; height: 48px;\"><i class=\"fa fa-file-pdf-o\"><\/i> <a href=\"https:\/\/montreal-west.ca\/wp-content\/uploads\/2025\/03\/2024-02-26-proces-verbal.pdf\">Proc\u00e8s-verbal<\/a><\/td><td style=\"width: 16.8324%; height: 48px;\"><i class=\"fa fa-youtube\"><\/i> <a href=\"https:\/\/www.youtube.com\/watch?v=v1e_utjWv2U\">Webdiffusion<\/a><\/td><\/tr><tr style=\"height: 48px;\"><td style=\"width: 9%; height: 48px;\">Sp\u00e9ciale<\/td><td style=\"width: 26%; height: 48px;\">Le jeudi 14 mars<\/td><td style=\"width: 15%; height: 48px;\">18 h 30<\/td><td style=\"width: 16.666%; height: 48px;\"><i class=\"fa fa-file-pdf-o\"><\/i> <a href=\"https:\/\/montreal-west.ca\/wp-content\/uploads\/2025\/03\/2024-03-14-ordre-du-jour-speciale.pdf\">Ordre du jour<\/a><\/td><td style=\"width: 16.4996%; height: 48px;\"><i class=\"fa fa-file-pdf-o\"><\/i> <a href=\"https:\/\/montreal-west.ca\/wp-content\/uploads\/2025\/03\/2024-03-14-proces-verbal-speciale.pdf\">Proc\u00e8s-verbal<\/a><\/td><td style=\"width: 16.8324%; height: 48px;\">\u00a0<\/td><\/tr><tr style=\"height: 48px;\"><td style=\"width: 9%; height: 48px;\">Ordinaire<\/td><td style=\"width: 26%; height: 48px;\">Le lundi 25 mars<\/td><td style=\"width: 15%; height: 48px;\">20 h<\/td><td style=\"width: 16.666%; height: 48px;\"><i class=\"fa fa-file-pdf-o\"><\/i> <a href=\"https:\/\/montreal-west.ca\/wp-content\/uploads\/2024\/03\/2024-03-25-Ordre-du-jour.pdf\">Ordre du jour<\/a><\/td><td style=\"width: 16.4996%; height: 48px;\"><i class=\"fa fa-file-pdf-o\"><\/i> <a href=\"https:\/\/montreal-west.ca\/wp-content\/uploads\/2025\/03\/2024-03-25-proces-verbal.pdf\">Proc\u00e8s-verbal<\/a><\/td><td style=\"width: 16.8324%; height: 48px;\"><i class=\"fa fa-youtube\"><\/i> <a href=\"https:\/\/www.youtube.com\/watch?v=PmAQ5boX3yE\">Webdiffusion<\/a><\/td><\/tr><tr style=\"height: 48px;\"><td style=\"width: 9%; height: 48px;\">Sp\u00e9ciale<\/td><td style=\"width: 26%; height: 48px;\">Le jeudi 11 avril<\/td><td style=\"width: 15%; height: 48px;\">18 h 30<\/td><td style=\"width: 16.666%; height: 48px;\"><i class=\"fa fa-file-pdf-o\"><\/i> <a href=\"https:\/\/montreal-west.ca\/wp-content\/uploads\/2025\/03\/2024-04-11-ordre-du-jour-speciale.pdf\">Ordre du jour<\/a><\/td><td style=\"width: 16.4996%; height: 48px;\"><i class=\"fa fa-file-pdf-o\"><\/i> <a href=\"https:\/\/montreal-west.ca\/wp-content\/uploads\/2025\/03\/2024-04-11-proces-verbal-speciale.pdf\">Proc\u00e8s-verbal<\/a><\/td><td style=\"width: 16.8324%; height: 48px;\">\u00a0<\/td><\/tr><tr style=\"height: 48px;\"><td style=\"width: 9%; height: 48px;\">Ordinaire<\/td><td style=\"width: 26%; height: 48px;\">Le jeudi 25 avril<\/td><td style=\"width: 15%; height: 48px;\">20 h<\/td><td style=\"width: 16.666%; height: 48px;\"><i class=\"fa fa-file-pdf-o\"><\/i> <a href=\"https:\/\/montreal-west.ca\/wp-content\/uploads\/2024\/04\/2024-04-25-Ordre-du-jour.pdf\">Ordre du jour<\/a><\/td><td style=\"width: 16.4996%; height: 48px;\"><i class=\"fa fa-file-pdf-o\"><\/i> <a href=\"https:\/\/montreal-west.ca\/wp-content\/uploads\/2024\/01\/Ordre-du-jour-2024-01-22.pdf\">Proc\u00e8s-verbal<\/a><\/td><td style=\"width: 16.8324%; height: 48px;\"><i class=\"fa fa-youtube\"><\/i> <a href=\"https:\/\/www.youtube.com\/watch?v=BjGhSVanBUk\">Webdiffusion<\/a><\/td><\/tr><tr style=\"height: 48px;\"><td style=\"width: 9%; height: 48px;\">Sp\u00e9ciale<\/td><td style=\"width: 26%; height: 48px;\">Le jeudi 2 mai<\/td><td style=\"width: 15%; height: 48px;\">18 h<\/td><td style=\"width: 16.666%; height: 48px;\"><i class=\"fa fa-file-pdf-o\"><\/i> <a href=\"https:\/\/montreal-west.ca\/wp-content\/uploads\/2025\/03\/2024-05-02-ordre-du-jour-speciale.pdf\">Ordre du jour<\/a><\/td><td style=\"width: 16.4996%; height: 48px;\"><i class=\"fa fa-file-pdf-o\"><\/i> <a href=\"https:\/\/montreal-west.ca\/wp-content\/uploads\/2025\/03\/2024-05-02-proces-verbal-speciale.pdf\">Proc\u00e8s-verbal<\/a><\/td><td style=\"width: 16.8324%; height: 48px;\">\u00a0<\/td><\/tr><tr style=\"height: 48px;\"><td style=\"width: 9%; height: 48px;\">Sp\u00e9ciale<\/td><td style=\"width: 26%; height: 48px;\">Le jeudi 16 mai<\/td><td style=\"width: 15%; height: 48px;\">18 h<\/td><td style=\"width: 16.666%; height: 48px;\"><i class=\"fa fa-file-pdf-o\"><\/i> <a href=\"https:\/\/montreal-west.ca\/wp-content\/uploads\/2025\/03\/2024-05-16-ordre-du-jour-speciale.pdf\">Ordre du jour<\/a><\/td><td style=\"width: 16.4996%; height: 48px;\"><i class=\"fa fa-file-pdf-o\"><\/i> <a href=\"https:\/\/montreal-west.ca\/wp-content\/uploads\/2025\/03\/2024-05-16-proces-verbal-speciale.pdf\">Proc\u00e8s-verbal<\/a><\/td><td style=\"width: 16.8324%; height: 48px;\">\u00a0<\/td><\/tr><tr style=\"height: 24px;\"><td style=\"width: 9%; height: 24px;\">Ordinaire<\/td><td style=\"width: 26%; height: 24px;\">Le lundi 27 mai<\/td><td style=\"width: 15%; height: 24px;\">20 h<\/td><td style=\"width: 16.666%; height: 24px;\"><i class=\"fa fa-file-pdf-o\"><\/i> <a href=\"https:\/\/montreal-west.ca\/wp-content\/uploads\/2024\/05\/2024-05-27-Ordre-du-jour.pdf\">Ordre du jour<\/a><\/td><td style=\"width: 16.4996%; height: 24px;\"><i class=\"fa fa-file-pdf-o\"><\/i> <a href=\"https:\/\/montreal-west.ca\/wp-content\/uploads\/2025\/03\/2024-05-27-proces-verbal.pdf\">Proc\u00e8s-verbal<\/a><\/td><td style=\"width: 16.8324%; height: 24px;\"><i class=\"fa fa-youtube\"><\/i> <a href=\"https:\/\/www.youtube.com\/watch?v=mIVmCS1OsNI&amp;ab_channel=TownofMontrealWest\">Webdiffusion<\/a><\/td><\/tr><tr style=\"height: 48px;\"><td style=\"width: 9%; height: 48px;\">Sp\u00e9ciale<\/td><td style=\"width: 26%; height: 48px;\">Le jeudi 6 juin<\/td><td style=\"width: 15%; height: 48px;\">18 h 30<\/td><td style=\"width: 16.666%; height: 48px;\"><i class=\"fa fa-file-pdf-o\"><\/i> <a href=\"https:\/\/montreal-west.ca\/wp-content\/uploads\/2025\/03\/2024-06-06-ordre-du-jour-speciale.pdf\">Ordre du jour<\/a><\/td><td style=\"width: 16.4996%; height: 48px;\"><i class=\"fa fa-file-pdf-o\"><\/i> <a href=\"https:\/\/montreal-west.ca\/wp-content\/uploads\/2025\/03\/2024-06-06-proces-verbal-speciale.pdf\">Proc\u00e8s-verbal<\/a><\/td><td style=\"width: 16.8324%; height: 48px;\">\u00a0<\/td><\/tr><tr style=\"height: 48px;\"><td style=\"width: 9%; height: 48px;\">Sp\u00e9ciale<\/td><td style=\"width: 26%; height: 48px;\">Le jeudi 13 juin<\/td><td style=\"width: 15%; height: 48px;\">18 h 30<\/td><td style=\"width: 16.666%; height: 48px;\"><i class=\"fa fa-file-pdf-o\"><\/i> <a href=\"https:\/\/montreal-west.ca\/wp-content\/uploads\/2025\/03\/2024-06-13-ordre-du-jour-speciale.pdf\">Ordre du jour<\/a><\/td><td style=\"width: 16.4996%; height: 48px;\"><i class=\"fa fa-file-pdf-o\"><\/i> <a href=\"https:\/\/montreal-west.ca\/wp-content\/uploads\/2025\/03\/2024-06-13-proces-verbal-speciale.pdf\">Proc\u00e8s-verbal<\/a><\/td><td style=\"width: 16.8324%; height: 48px;\">\u00a0<\/td><\/tr><tr style=\"height: 48px;\"><td style=\"width: 9%; height: 48px;\">Ordinaire<\/td><td style=\"width: 26%; height: 48px;\">Le mardi 25 juin<\/td><td style=\"width: 15%; height: 48px;\">20 h<\/td><td style=\"width: 16.666%; height: 48px;\"><i class=\"fa fa-file-pdf-o\"><\/i> <a href=\"https:\/\/montreal-west.ca\/wp-content\/uploads\/2024\/06\/2024-06-25-Ordre-du-jour.pdf\">Ordre du jour<\/a><\/td><td style=\"width: 16.4996%; height: 48px;\"><i class=\"fa fa-file-pdf-o\"><\/i> <a href=\"https:\/\/montreal-west.ca\/wp-content\/uploads\/2025\/03\/2024-06-25-proces-verbal.pdf\">Proc\u00e8s-verbal<\/a><\/td><td style=\"width: 16.8324%; height: 48px;\"><i class=\"fa fa-youtube\"><\/i> <a href=\"https:\/\/www.youtube.com\/watch?v=UZmCXFu_m44\">Webdiffusion<\/a><\/td><\/tr><tr style=\"height: 48px;\"><td style=\"width: 9%; height: 48px;\">Sp\u00e9ciale<\/td><td style=\"width: 26%; height: 48px;\">Le jeudi 11 juillet<\/td><td style=\"width: 15%; height: 48px;\">18 h 30<\/td><td style=\"width: 16.666%; height: 48px;\"><i class=\"fa fa-file-pdf-o\"><\/i> <a href=\"https:\/\/montreal-west.ca\/wp-content\/uploads\/2025\/03\/2024-07-11-ordre-du-jour-speciale.pdf\">Ordre du jour<\/a><\/td><td style=\"width: 16.4996%; height: 48px;\"><i class=\"fa fa-file-pdf-o\"><\/i> <a href=\"https:\/\/montreal-west.ca\/wp-content\/uploads\/2025\/03\/2024-07-11-proces-verbal-speciale.pdf\">Proc\u00e8s-verbal<\/a><\/td><td style=\"width: 16.8324%; height: 48px;\">\u00a0<\/td><\/tr><tr style=\"height: 48px;\"><td style=\"width: 9%; height: 48px;\">Sp\u00e9ciale<\/td><td style=\"width: 26%; height: 48px;\">Le mercredi 31 juillet<\/td><td style=\"width: 15%; height: 48px;\">19 h<\/td><td style=\"width: 16.666%; height: 48px;\"><i class=\"fa fa-file-pdf-o\"><\/i> <a href=\"https:\/\/montreal-west.ca\/wp-content\/uploads\/2025\/03\/2024-07-31-ordre-du-jour-speciale.pdf\">Ordre du jour<\/a><\/td><td style=\"width: 16.4996%; height: 48px;\"><i class=\"fa fa-file-pdf-o\"><\/i> <a href=\"https:\/\/montreal-west.ca\/wp-content\/uploads\/2025\/03\/2024-07-31-proces-verbal-speciale.pdf\">Proc\u00e8s-verbal<\/a><\/td><td style=\"width: 16.8324%; height: 48px;\">\u00a0<\/td><\/tr><tr style=\"height: 48px;\"><td style=\"width: 9%; height: 48px;\">Ordinaire<\/td><td style=\"width: 26%; height: 48px;\">Le lundi 26 ao\u00fbt<\/td><td style=\"width: 15%; height: 48px;\">20 h<\/td><td style=\"width: 16.666%; height: 48px;\"><i class=\"fa fa-file-pdf-o\"><\/i> <a href=\"https:\/\/montreal-west.ca\/wp-content\/uploads\/2024\/08\/2024-08-26-Ordre-du-jour.pdf\">Ordre du jour<\/a><\/td><td style=\"width: 16.4996%; height: 48px;\"><i class=\"fa fa-file-pdf-o\"><\/i> <a href=\"https:\/\/montreal-west.ca\/wp-content\/uploads\/2025\/03\/2024-08-26-proces-verbal.pdf\">Proc\u00e8s-verbal<\/a><\/td><td style=\"width: 16.8324%; height: 48px;\"><i class=\"fa fa-youtube\"><\/i> <a href=\"https:\/\/www.youtube.com\/watch?v=b7AoOo8rKOc&amp;t=4248s&amp;ab_channel=TownofMontrealWest\">Webdiffusion<\/a><\/td><\/tr><tr style=\"height: 48px;\"><td style=\"width: 9%; height: 48px;\">Sp\u00e9ciale<\/td><td style=\"width: 26%; height: 48px;\">Le mardi 12 septembre<\/td><td style=\"width: 15%; height: 48px;\">18 h 30<\/td><td style=\"width: 16.666%; height: 48px;\"><i class=\"fa fa-file-pdf-o\"><\/i> <a href=\"https:\/\/montreal-west.ca\/wp-content\/uploads\/2025\/03\/2024-09-12-ordre-du-jour-speciale.pdf\">Ordre du jour<\/a><\/td><td style=\"width: 16.4996%; height: 48px;\"><i class=\"fa fa-file-pdf-o\"><\/i> <a href=\"https:\/\/montreal-west.ca\/wp-content\/uploads\/2025\/03\/2024-09-12-proces-verbal-speciale.pdf\">Proc\u00e8s-verbal<\/a><\/td><td style=\"width: 16.8324%; height: 48px;\">\u00a0<\/td><\/tr><tr style=\"height: 48px;\"><td style=\"width: 9%; height: 48px;\">Sp\u00e9ciale<\/td><td style=\"width: 26%; height: 48px;\">Le mardi 1 octobre<\/td><td style=\"width: 15%; height: 48px;\">18 h<\/td><td style=\"width: 16.666%; height: 48px;\"><i class=\"fa fa-file-pdf-o\"><\/i> <a href=\"https:\/\/montreal-west.ca\/wp-content\/uploads\/2025\/03\/2024-10-01-ordre-du-jour-speciale.pdf\">Ordre du jour<\/a><\/td><td style=\"width: 16.4996%; height: 48px;\"><i class=\"fa fa-file-pdf-o\"><\/i> <a href=\"https:\/\/montreal-west.ca\/wp-content\/uploads\/2025\/03\/2024-10-01-proces-verbal-speciale.pdf\">Proc\u00e8s-verbal<\/a><\/td><td style=\"width: 16.8324%; height: 48px;\">\u00a0<\/td><\/tr><tr style=\"height: 48px;\"><td style=\"width: 9%; height: 48px;\">Ordinaire<\/td><td style=\"width: 26%; height: 48px;\"><span style=\"font-size: 12pt;\">Le mardi 1 octobre<\/span><\/td><td style=\"width: 15%; height: 48px;\">20 h<\/td><td style=\"width: 16.666%; height: 48px;\"><i class=\"fa fa-file-pdf-o\"><\/i> <a href=\"https:\/\/montreal-west.ca\/wp-content\/uploads\/2024\/10\/2024-10-01-Ordre-du-jour.pdf\">Ordre du jour<\/a><\/td><td style=\"width: 16.4996%; height: 48px;\"><i class=\"fa fa-file-pdf-o\"><\/i> <a href=\"https:\/\/montreal-west.ca\/wp-content\/uploads\/2025\/03\/2024-10-01-proces-verbal.pdf\">Proc\u00e8s-verbal<\/a><\/td><td style=\"width: 16.8324%; height: 48px;\"><i class=\"fa fa-youtube\"><\/i> <a href=\"https:\/\/www.youtube.com\/watch?v=hFpcBAxjSKc&amp;t=1342s\">Webdiffusion<\/a><\/td><\/tr><tr style=\"height: 48px;\"><td style=\"width: 9%; height: 48px;\">Sp\u00e9ciale<\/td><td style=\"width: 26%; height: 48px;\">Le jeudi 17 octobre<\/td><td style=\"width: 15%; height: 48px;\">18 h 30<\/td><td style=\"width: 16.666%; height: 48px;\"><i class=\"fa fa-file-pdf-o\"><\/i> <a href=\"https:\/\/montreal-west.ca\/wp-content\/uploads\/2025\/03\/2024-10-17-ordre-du-jour-speciale.pdf\">Ordre du jour<\/a><\/td><td style=\"width: 16.4996%; height: 48px;\"><i class=\"fa fa-file-pdf-o\"><\/i> <a href=\"https:\/\/montreal-west.ca\/wp-content\/uploads\/2025\/03\/2024-10-17-proces-verbal-speciale.pdf\">Proc\u00e8s-verbal<\/a><\/td><td style=\"width: 16.8324%; height: 48px;\">\u00a0<\/td><\/tr><tr style=\"height: 48px;\"><td style=\"width: 9%; height: 48px;\">Sp\u00e9ciale<\/td><td style=\"width: 26%; height: 48px;\">Le lundi 28 octobre<\/td><td style=\"width: 15%; height: 48px;\">18 h<\/td><td style=\"width: 16.666%; height: 48px;\"><i class=\"fa fa-file-pdf-o\"><\/i> <a href=\"https:\/\/montreal-west.ca\/wp-content\/uploads\/2025\/03\/2024-10-28-ordre-du-jour-speciale.pdf\">Ordre du jour<\/a><\/td><td style=\"width: 16.4996%; height: 48px;\"><i class=\"fa fa-file-pdf-o\"><\/i> <a href=\"https:\/\/montreal-west.ca\/wp-content\/uploads\/2025\/03\/2024-10-28-proces-verbal-speciale.pdf\">Proc\u00e8s-verbal<\/a><\/td><td style=\"width: 16.8324%; height: 48px;\">\u00a0<\/td><\/tr><tr style=\"height: 48px;\"><td style=\"width: 9%; height: 48px;\">Ordinaire<\/td><td style=\"width: 26%; height: 48px;\">Le lundi 28 octobre<\/td><td style=\"width: 15%; height: 48px;\">20 h<\/td><td style=\"width: 16.666%; height: 48px;\"><i class=\"fa fa-file-pdf-o\"><\/i> <a href=\"https:\/\/montreal-west.ca\/wp-content\/uploads\/2024\/10\/2024-10-28-ordre-du-jour.pdf\">Ordre du jour<\/a><\/td><td style=\"width: 16.4996%; height: 48px;\"><i class=\"fa fa-file-pdf-o\"><\/i> <a href=\"https:\/\/montreal-west.ca\/wp-content\/uploads\/2025\/03\/2024-10-28-proces-verbal.pdf\">Proc\u00e8s-verbal<\/a><\/td><td style=\"width: 16.8324%; height: 48px;\"><i class=\"fa fa-youtube\"><\/i> <a href=\"https:\/\/www.youtube.com\/watch?v=_6MGl-NHE4A\">Webdiffusion<\/a><\/td><\/tr><tr style=\"height: 48px;\"><td style=\"width: 9%; height: 48px;\">Sp\u00e9ciale<\/td><td style=\"width: 26%; height: 48px;\">Le jeudi 14 novembre<\/td><td style=\"width: 15%; height: 48px;\">18 h 30<\/td><td style=\"width: 16.666%; height: 48px;\"><i class=\"fa fa-file-pdf-o\"><\/i> <a href=\"https:\/\/montreal-west.ca\/wp-content\/uploads\/2025\/03\/2024-11-14-ordre-du-jour-speciale.pdf\">Ordre du jour<\/a><\/td><td style=\"width: 16.4996%; height: 48px;\"><i class=\"fa fa-file-pdf-o\"><\/i> <a href=\"https:\/\/montreal-west.ca\/wp-content\/uploads\/2025\/03\/2024-11-14-proces-verbal-speciale.pdf\">Proc\u00e8s-verbal<\/a><\/td><td style=\"width: 16.8324%; height: 48px;\">\u00a0<\/td><\/tr><tr style=\"height: 48px;\"><td style=\"width: 9%; height: 48px;\">Ordinaire<\/td><td style=\"width: 26%; height: 48px;\">Le lundi 25 novembre<\/td><td style=\"width: 15%; height: 48px;\">20 h<\/td><td style=\"width: 16.666%; height: 48px;\"><i class=\"fa fa-file-pdf-o\"><\/i> <a href=\"https:\/\/montreal-west.ca\/wp-content\/uploads\/2024\/11\/2024-11-25-Ordre-du-jour.pdf\">Ordre du jour<\/a><\/td><td style=\"width: 16.4996%; height: 48px;\"><i class=\"fa fa-file-pdf-o\"><\/i> <a href=\"https:\/\/montreal-west.ca\/wp-content\/uploads\/2025\/03\/2024-11-25-proces-verbal.pdf\">Proc\u00e8s-verbal<\/a><\/td><td style=\"width: 16.8324%; height: 48px;\"><i class=\"fa fa-youtube\"><\/i> <a href=\"https:\/\/www.youtube.com\/watch?v=Qpfjyd1DJeU\">Webdiffusion<\/a><\/td><\/tr><tr style=\"height: 48px;\"><td style=\"width: 9%; height: 48px;\">Sp\u00e9ciale<\/td><td style=\"width: 26%; height: 48px;\">Le mercredi 11 d\u00e9cembre<\/td><td style=\"width: 15%; height: 48px;\">14 h<\/td><td style=\"width: 16.666%; height: 48px;\"><i class=\"fa fa-file-pdf-o\"><\/i> <a href=\"https:\/\/montreal-west.ca\/wp-content\/uploads\/2025\/03\/2024-12-11-ordre-du-jour-speciale.pdf\">Ordre du jour<\/a><\/td><td style=\"width: 16.4996%; height: 48px;\"><i class=\"fa fa-file-pdf-o\"><\/i> <a href=\"https:\/\/montreal-west.ca\/wp-content\/uploads\/2025\/03\/2024-12-11-proces-verbal-speciale.pdf\">Proc\u00e8s-verbal<\/a><\/td><td style=\"width: 16.8324%; height: 48px;\">\u00a0<\/td><\/tr><tr style=\"height: 48px;\"><td style=\"width: 9%; height: 48px;\">Sp\u00e9ciale<\/td><td style=\"width: 26%; height: 48px;\">Le lundi 16 d\u00e9cembre<\/td><td style=\"width: 15%; height: 48px;\">19 h30<\/td><td style=\"width: 16.666%; height: 48px;\"><i class=\"fa fa-file-pdf-o\"><\/i> <a href=\"https:\/\/montreal-west.ca\/wp-content\/uploads\/2025\/03\/2024-12-16-ordre-du-jour-speciale.pdf\">Ordre du jour<\/a><\/td><td style=\"width: 16.4996%; height: 48px;\"><p><i class=\"fa fa-file-pdf-o\"><\/i> <a href=\"https:\/\/montreal-west.ca\/wp-content\/uploads\/2024\/12\/Budget-2025-FINAL.pdf\">Budget 2025<\/a><\/p><p><i class=\"fa fa-file-pdf-o\"><\/i> <a href=\"https:\/\/montreal-west.ca\/wp-content\/uploads\/2025\/03\/2024-12-16-proces-verbal-speciale.pdf\">Proc\u00e8s-verbal<\/a><\/p><\/td><td style=\"width: 16.8324%; height: 48px;\"><i class=\"fa fa-youtube\"><\/i> <a href=\"https:\/\/www.youtube.com\/watch?v=H0wOkPb_k7w\">Webdiffusion<\/a><\/td><\/tr><tr style=\"height: 48px;\"><td style=\"width: 9%; height: 48px;\">Ordinaire<\/td><td style=\"width: 26%; height: 48px;\">Le lundi 16 d\u00e9cembre<\/td><td style=\"width: 15%; height: 48px;\">20 h<\/td><td style=\"width: 16.666%; height: 48px;\"><i class=\"fa fa-file-pdf-o\"><\/i> <a href=\"https:\/\/montreal-west.ca\/wp-content\/uploads\/2024\/12\/Ordre-du-jour-2024-12-16-.pdf\">Ordre du jour<\/a><\/td><td style=\"width: 16.4996%; height: 48px;\"><i class=\"fa fa-file-pdf-o\"><\/i> <a href=\"https:\/\/montreal-west.ca\/wp-content\/uploads\/2025\/03\/2024-12-16-proces-verbal.pdf\">Proc\u00e8s-verbal<\/a><\/td><td style=\"width: 16.8324%; height: 48px;\"><i class=\"fa fa-youtube\"><\/i> <a href=\"https:\/\/www.youtube.com\/watch?v=H0wOkPb_k7w\">Webdiffusion<\/a><\/td><\/tr><\/tbody><\/table>\t\t\t\t\t\t<\/div>\n\t\t\t\t\t<\/div>\n\t\t\t\t<\/div>\n\t\t\t\t\t\t\t\t<div class=\"accordion-card\">\n\t\t\t\t\t<div class=\"accordion-header\" id=\"elementor-tab-title-2\">\n\t\t  \t\t        <button class=\"btn btn-link d-flex align-items-center justify-content-between collapsed\" data-toggle=\"collapse\" data-target=\"#elementor-tab-content-2\" aria-expanded=\"true\" aria-controls=\"elementor-tab-content-2\">\n\t\t\t\t\t\t\t2023\t\t\t\t\t\t\t<img decoding=\"async\" src=\"https:\/\/montreal-ouest.ca\/wp-content\/themes\/penega\/images\/right-arrow.png\" alt=\"Right arrow\">\n\t\t\t\t\t\t<\/button>\n\t\t\t\t\t<\/div>\n\t\t\t\t\t<div id=\"elementor-tab-content-2\" class=\"collapse\" aria-labbeledby=\"elementor-tab-title-2\" data-parent=\".penega-accordion\">\n\t\t\t\t\t\t<div class=\"card-body\">\n\t\t\t\t\t\t\t<table style=\"width: 100%; height: 648px;\"><thead><tr style=\"height: 24px;\"><td style=\"width: 9%; text-align: center; height: 24px;\">S\u00e9ance<\/td><td style=\"width: 26%; text-align: center; height: 24px;\">Date<\/td><td style=\"width: 15%; text-align: center; height: 24px;\">Heure<\/td><td style=\"width: 49.998%; text-align: center; height: 24px;\" colspan=\"3\">Documents<\/td><\/tr><\/thead><tbody><tr style=\"height: 48px;\"><td style=\"width: 9%; height: 48px;\">Ordinaire<\/td><td style=\"width: 26%; height: 48px;\">Le lundi 30 janvier<\/td><td style=\"width: 15%; height: 48px;\">20 h<\/td><td style=\"width: 16.666%; height: 48px;\"><i class=\"fa fa-file-pdf-o\"><\/i> <a href=\"https:\/\/montreal-west.ca\/wp-content\/uploads\/2023\/01\/2023-01-30-ordinaire.pdf\" target=\"_blank\" rel=\"noopener\">Ordre du jour<\/a><\/td><td style=\"width: 16.666%; height: 48px;\"><i class=\"fa fa-file-pdf-o\"><\/i> <a href=\"https:\/\/montreal-west.ca\/wp-content\/uploads\/2024\/09\/01-P.V.-ordinaire-2023-01-30-FR.pdf\" target=\"_blank\" rel=\"noopener\">&gt;Proc\u00e8s-verbal<\/a><\/td><td style=\"width: 16.666%; height: 48px;\"><i class=\"fa fa-youtube\"><\/i> <a href=\"https:\/\/youtu.be\/0E7QN_BNO5w\" target=\"_blank\" rel=\"noopener\">Webdiffusion<\/a><\/td><\/tr><tr style=\"height: 48px;\"><td style=\"width: 9%; height: 48px;\">Special<\/td><td style=\"width: 26%; height: 48px;\">Le jeudi 2 f\u00e9vrier<\/td><td style=\"width: 15%; height: 48px;\">18 h 30<\/td><td style=\"width: 16.666%; height: 48px;\"><i class=\"fa fa-file-pdf-o\"><\/i> <a href=\"https:\/\/montreal-west.ca\/wp-content\/uploads\/2023\/02\/2023-02-02-ordre-du-jour-special.pdf\" target=\"_blank\" rel=\"noopener\"> Ordre du jour<\/a><\/td><td style=\"width: 16.666%; height: 48px;\"><i class=\"fa fa-file-pdf-o\"><\/i> <a href=\"https:\/\/montreal-west.ca\/wp-content\/uploads\/2024\/09\/02-P.V.-speciale-2023-02-02-FR.pdf\" target=\"_blank\" rel=\"noopener\">Proc\u00e8s- verbal<\/a><\/td><td style=\"width: 16.666%; height: 48px;\"><i class=\"fa fa-youtube\"><\/i> <a href=\"https:\/\/youtube.com\/live\/zz-GDpaimhc?feature=share\" target=\"_blank\" rel=\"noopener\">Webdiffusion<\/a><\/td><\/tr><tr style=\"height: 48px;\"><td style=\"width: 9%; height: 48px;\">Ordinaire<\/td><td style=\"width: 26%; height: 48px;\">Le lundi 27 f\u00e9vrier<\/td><td style=\"width: 15%; height: 48px;\">20 h<\/td><td style=\"width: 16.666%; height: 48px;\"><i class=\"fa fa-file-pdf-o\"><\/i> <a href=\"https:\/\/montreal-west.ca\/wp-content\/uploads\/2023\/02\/2023-02-27-ordre-du-jour.pdf\" target=\"_blank\" rel=\"noopener\"> Ordre du jour<\/a><\/td><td style=\"width: 16.666%; height: 48px;\"><i class=\"fa fa-file-pdf-o\"><\/i> <a href=\"https:\/\/montreal-west.ca\/wp-content\/uploads\/2024\/09\/03-P.V.-ordinaire-2023-02-27-FR.pdf\" target=\"_blank\" rel=\"noopener\">Proc\u00e8s- verbal<\/a><\/td><td style=\"width: 16.666%; height: 48px;\"><i class=\"fa fa-youtube\"><\/i> <a href=\"https:\/\/youtube.com\/live\/fXW4u-zq_i4?feature=share\" target=\"_blank\" rel=\"noopener\">Webdiffusion<\/a><\/td><\/tr><tr style=\"height: 48px;\"><td style=\"width: 9%; height: 48px;\">Ordinaire<\/td><td style=\"width: 26%; height: 48px;\">Le lundi 27 mars<\/td><td style=\"width: 15%; height: 48px;\">20 h<\/td><td style=\"width: 16.666%; height: 48px;\"><i class=\"fa fa-file-pdf-o\"><\/i> <a href=\"https:\/\/montreal-west.ca\/wp-content\/uploads\/2023\/03\/2023-03-27-ordre-du-jour.pdf\" target=\"_blank\" rel=\"noopener\"> Ordre du jour<\/a><\/td><td style=\"width: 16.666%; height: 48px;\"><i class=\"fa fa-file-pdf-o\"><\/i> <a href=\"https:\/\/montreal-west.ca\/wp-content\/uploads\/2024\/09\/04-P.V.-ordinaire-2023-03-27-FR.pdf\" target=\"_blank\" rel=\"noopener\">Proc\u00e8s-verbal<\/a><\/td><td style=\"width: 16.666%; height: 48px;\"><i class=\"fa fa-youtube\"><\/i> <a href=\"https:\/\/youtube.com\/live\/DK17cfsCHXk?feature=share\" target=\"_blank\" rel=\"noopener\">Webdiffusion<\/a><\/td><\/tr><tr style=\"height: 48px;\"><td style=\"width: 9%; height: 48px;\">Ordinaire<\/td><td style=\"width: 26%; height: 48px;\">Le lundi 24 avril<\/td><td style=\"width: 15%; height: 48px;\">20 h<\/td><td style=\"width: 16.666%; height: 48px;\"><a href=\"https:\/\/montreal-west.ca\/wp-content\/uploads\/2023\/04\/2023-04-24-ordre-du-jour.pdf\" target=\"_blank\" rel=\"noopener\"><i class=\"fa fa-file-pdf-o\"><\/i> Ordre du jour<\/a><\/td><td style=\"width: 16.666%; height: 48px;\"><i class=\"fa fa-file-pdf-o\"><\/i> <a href=\"https:\/\/montreal-west.ca\/wp-content\/uploads\/2024\/09\/06-P.V.-ordinaire-2023-04-24-FR.pdf\" target=\"_blank\" rel=\"noopener\">Proc\u00e8s-verbal<\/a><\/td><td style=\"width: 16.666%; height: 48px;\"><i class=\"fa fa-youtube\"><\/i> <a href=\"https:\/\/youtube.com\/live\/r5ju_IRhqLg?feature=share\" target=\"_blank\" rel=\"noopener\">Webdiffusion<\/a><\/td><\/tr><tr style=\"height: 24px;\"><td style=\"width: 9%; height: 24px;\">Sp\u00e9ciale<\/td><td style=\"width: 26%; height: 24px;\">Le jeudi 27 avril<\/td><td style=\"width: 15%; height: 24px;\">18 h 30<\/td><td style=\"width: 16.666%; height: 24px;\"><a href=\"https:\/\/montreal-west.ca\/wp-content\/uploads\/2023\/04\/2023-04-27-ordre-du-jour-speciale.pdf\" target=\"_blank\" rel=\"noopener\"><i class=\"fa fa-file-pdf-o\"><\/i> Ordre du jour<\/a><\/td><td style=\"width: 16.666%; height: 24px;\"><i class=\"fa fa-file-pdf-o\"><\/i> <a href=\"https:\/\/montreal-west.ca\/wp-content\/uploads\/2024\/09\/07-P.V.-speciale-2023-04-27-FR.pdf\" target=\"_blank\" rel=\"noopener\">Proc\u00e8s-verbal<\/a><\/td><td style=\"width: 16.666%; height: 24px;\"><i class=\"fa fa-youtube\"><\/i> <a href=\"https:\/\/youtube.com\/live\/bX7wbgqKNkY?feature=share\" target=\"blank\">Webdiffusion<\/a><\/td><\/tr><tr style=\"height: 24px;\"><td style=\"width: 9%; height: 24px;\">Ordinaire<\/td><td style=\"width: 26%; height: 24px;\">Le lundi 29 mai<\/td><td style=\"width: 15%; height: 24px;\">20 h<\/td><td style=\"width: 16.666%; height: 24px;\"><a href=\"https:\/\/montreal-west.ca\/wp-content\/uploads\/2023\/05\/2023-05-29-ordre-du-jour.pdf\" target=\"_blank\" rel=\"noopener\"><i class=\"fa fa-file-pdf-o\"><\/i> Ordre du jour<\/a><\/td><td style=\"width: 16.666%; height: 24px;\"><i class=\"fa fa-file-pdf-o\"><\/i> <a href=\"https:\/\/montreal-west.ca\/wp-content\/uploads\/2024\/09\/10-P.V.-ordinaire-2023-05-29-FR.pdf\" target=\"_blank\" rel=\"noopener\">Proc\u00e8s-verbal<\/a><\/td><td style=\"width: 16.666%; height: 24px;\"><i class=\"fa fa-youtube\"><\/i> <a href=\"https:\/\/youtube.com\/live\/8h0gHozgeic?feature=share\" target=\"blank\">Webdiffusion<\/a><\/td><\/tr><tr style=\"height: 48px;\"><td style=\"width: 9%; height: 48px;\">Ordinaire<\/td><td style=\"width: 26%; height: 48px;\">Le mardi 27 juin<\/td><td style=\"width: 15%; height: 48px;\">20 h<\/td><td style=\"width: 16.666%; height: 48px;\"><a href=\"https:\/\/montreal-west.ca\/wp-content\/uploads\/2023\/06\/2023-06-27-ordre-du-jour.pdf\" target=\"_blank\" rel=\"noopener\"><i class=\"fa fa-file-pdf-o\"><\/i> Ordre du jour<\/a><\/td><td style=\"width: 16.666%; height: 48px;\"><i class=\"fa fa-file-pdf-o\"><\/i> <a href=\"https:\/\/montreal-west.ca\/wp-content\/uploads\/2024\/09\/12-P.V.-ordinaire-2023-06-27-FR.pdf\" target=\"_blank\" rel=\"noopener\">Proc\u00e8s-verbal<\/a><\/td><td style=\"width: 16.666%; height: 48px;\"><i class=\"fa fa-youtube\"><\/i> <a href=\"https:\/\/youtube.com\/live\/xmuMCubQoMA?feature=share\" target=\"blank\">Webdiffusion<\/a><\/td><\/tr><tr style=\"height: 48px;\"><td style=\"width: 9%; height: 48px;\">Ordinaire<\/td><td style=\"width: 26%; height: 48px;\">Le lundi 28 ao\u00fbt<\/td><td style=\"width: 15%; height: 48px;\">20 h<\/td><td style=\"width: 16.666%; height: 48px;\"><a href=\"https:\/\/montreal-west.ca\/wp-content\/uploads\/2023\/08\/2023-08-23-ordre-du-jour.pdf\" target=\"_blank\" rel=\"noopener\"><i class=\"fa fa-file-pdf-o\"><\/i> Ordre du jour<\/a><\/td><td style=\"width: 16.666%; height: 48px;\"><i class=\"fa fa-file-pdf-o\"><\/i> <a href=\"https:\/\/montreal-west.ca\/wp-content\/uploads\/2024\/09\/16-P.V.-ordinaire-2023-08-28-FR.pdf\" target=\"_blank\" rel=\"noopener\">Proc\u00e8s-verbal<\/a><\/td><td style=\"width: 16.666%; height: 48px;\"><i class=\"fa fa-youtube\"><\/i> <a href=\"https:\/\/www.youtube.com\/watch?v=hspoitLzkm0\" target=\"blank\">Webdiffusion<\/a><\/td><\/tr><tr style=\"height: 48px;\"><td style=\"width: 9%; height: 48px;\">Ordinaire<\/td><td style=\"width: 26%; height: 48px;\">Le lundi 2 octobre<\/td><td style=\"width: 15%; height: 48px;\">20 h<\/td><td style=\"width: 16.666%; height: 48px;\"><a href=\"https:\/\/montreal-west.ca\/wp-content\/uploads\/2023\/10\/2023-10-02-ordre-du-jour.pdf\" target=\"_blank\" rel=\"noopener\"><i class=\"fa fa-file-pdf-o\"><\/i> Ordre du jour<\/a><\/td><td style=\"width: 16.666%; height: 48px;\"><i class=\"fa fa-file-pdf-o\"><\/i> <a href=\"https:\/\/montreal-west.ca\/wp-content\/uploads\/2024\/09\/19-P.V.-ordinaire-2023-10-02-FR.pdf\" target=\"_blank\" rel=\"noopener\">Proc\u00e8s-verbal<\/a><\/td><td style=\"width: 16.666%; height: 48px;\"><i class=\"fa fa-youtube\"><\/i> <a href=\"https:\/\/www.youtube.com\/watch?v=X6g0pkaFy14\" target=\"blank\">Webdiffusion<\/a><\/td><\/tr><tr style=\"height: 48px;\"><td style=\"width: 9%; height: 48px;\">Ordinaire<\/td><td style=\"width: 26%; height: 48px;\">Le lundi 30 octobre<\/td><td style=\"width: 15%; height: 48px;\">20 h<\/td><td style=\"width: 16.666%; height: 48px;\"><a href=\"https:\/\/montreal-west.ca\/wp-content\/uploads\/2023\/10\/2023-10-30-ordre-du-jour-2.pdf\" target=\"_blank\" rel=\"noopener\"><i class=\"fa fa-file-pdf-o\"><\/i> Ordre du jour<\/a><\/td><td style=\"width: 16.666%; height: 48px;\"><i class=\"fa fa-file-pdf-o\"><\/i> <a href=\"https:\/\/montreal-west.ca\/wp-content\/uploads\/2024\/09\/21-P.V.-ordinaire-2023-10-30-FR.pdf\" target=\"_blank\" rel=\"noopener\">Proc\u00e8s-verbal<\/a><\/td><td style=\"width: 16.666%; height: 48px;\"><i class=\"fa fa-youtube\"><\/i> <a href=\"http:\/\/&quot;https:\/\/youtube.com\/live\/fmteEAhXlPw?feature=share\">Webdiffusion<\/a><\/td><\/tr><tr style=\"height: 48px;\"><td style=\"width: 9%; height: 48px;\">Ordinaire<\/td><td style=\"width: 26%; height: 48px;\">Le lundi 27 novembre<\/td><td style=\"width: 15%; height: 48px;\">20 h<\/td><td style=\"width: 16.666%; height: 48px;\"><a href=\"https:\/\/montreal-west.ca\/wp-content\/uploads\/2023\/11\/2023-11-27-ordre-du-jour.pdf\" target=\"_blank\" rel=\"noopener\"><i class=\"fa fa-file-pdf-o\"><\/i> Ordre du jour<\/a><\/td><td style=\"width: 16.666%; height: 48px;\"><i class=\"fa fa-file-pdf-o\"><\/i> <a href=\"https:\/\/montreal-west.ca\/wp-content\/uploads\/2024\/09\/24-P.V.-ordinaire-2023-11-27-FR.pdf\" target=\"_blank\" rel=\"noopener\">Proc\u00e8s-verbal<\/a><\/td><td style=\"width: 16.666%; height: 48px;\"><i class=\"fa fa-youtube\"><\/i> <a href=\"https:\/\/www.youtube.com\/watch?v=gE6WeibQ82c&amp;ab_channel=TownofMontrealWest\" target=\"_blank\" rel=\"noopener\">Webdiffusion<\/a><\/td><\/tr><tr style=\"height: 48px;\"><td style=\"width: 9%; height: 48px;\">Sp\u00e9ciale<\/td><td style=\"width: 26%; height: 48px;\">Le lundi 18 d\u00e9cembre<\/td><td style=\"width: 15%; height: 48px;\">19h30<\/td><td style=\"width: 16.666%; height: 48px;\"><i class=\"fa fa-file-pdf-o\"><\/i> <a href=\"https:\/\/montreal-west.ca\/wp-content\/uploads\/2023\/12\/2023-12-18-ordre-du-jour-speciale.doc\">Ordre du jour<\/a><\/td><td style=\"width: 16.666%; height: 48px;\"><p><i class=\"fa fa-file-pdf-o\"><\/i> <a href=\"https:\/\/montreal-west.ca\/wp-content\/uploads\/2023\/12\/Budget-2024-FINAL-1.pdf\" target=\"_blank\" rel=\"noopener\">Pr\u00e9sentation du budget 2024<\/a><\/p><p><i class=\"fa fa-file-pdf-o\"><\/i> <a href=\"https:\/\/montreal-west.ca\/wp-content\/uploads\/2024\/09\/26-PV-speciale-2023-12-18-1-FR.pdf\">Proc\u00e8s-verbal<\/a><\/p><\/td><td style=\"width: 16.666%; height: 48px;\"><i class=\"fa fa-youtube\"><\/i> <a href=\"https:\/\/www.youtube.com\/watch?v=D6sgLZsEbhE\" target=\"_blank\" rel=\"noopener\">Webdiffusion<\/a><\/td><\/tr><tr style=\"height: 48px;\"><td style=\"width: 9%; height: 48px;\">Ordinaire<\/td><td style=\"width: 26%; height: 48px;\">Le lundi 18 d\u00e9cembre<\/td><td style=\"width: 15%; height: 48px;\">20 h<\/td><td style=\"width: 16.666%; height: 48px;\"><i class=\"fa fa-file-pdf-o\"><\/i> <a href=\"https:\/\/www.youtube.com\/watch?v=D6sgLZsEbhE\" target=\"_blank\" rel=\"noopener\">Ordre du jour<\/a><\/td><td style=\"width: 16.666%; height: 48px;\"><i class=\"fa fa-file-pdf-o\"><\/i> <a href=\"https:\/\/montreal-west.ca\/wp-content\/uploads\/2024\/09\/27-P.V.-ordinaire-2023-12-18-2-FR.pdf\" target=\"_blank\" rel=\"noopener\">Proc\u00e8s-verbal<\/a><\/td><td style=\"width: 16.666%; height: 48px;\"><i class=\"fa fa-youtube\"><\/i> <a href=\"https:\/\/www.youtube.com\/watch?v=D6sgLZsEbhE\" target=\"_blank\" rel=\"noopener\">Webdiffusion<\/a><\/td><\/tr><\/tbody><\/table>\t\t\t\t\t\t<\/div>\n\t\t\t\t\t<\/div>\n\t\t\t\t<\/div>\n\t\t\t\t\t\t\t\t<div class=\"accordion-card\">\n\t\t\t\t\t<div class=\"accordion-header\" id=\"elementor-tab-title-3\">\n\t\t  \t\t        <button class=\"btn btn-link d-flex align-items-center justify-content-between collapsed\" data-toggle=\"collapse\" data-target=\"#elementor-tab-content-3\" aria-expanded=\"true\" aria-controls=\"elementor-tab-content-3\">\n\t\t\t\t\t\t\t2022\t\t\t\t\t\t\t<img decoding=\"async\" src=\"https:\/\/montreal-ouest.ca\/wp-content\/themes\/penega\/images\/right-arrow.png\" alt=\"Right arrow\">\n\t\t\t\t\t\t<\/button>\n\t\t\t\t\t<\/div>\n\t\t\t\t\t<div id=\"elementor-tab-content-3\" class=\"collapse\" aria-labbeledby=\"elementor-tab-title-3\" data-parent=\".penega-accordion\">\n\t\t\t\t\t\t<div class=\"card-body\">\n\t\t\t\t\t\t\t<table style=\"width: 100%;\"><thead><tr><td style=\"width: 9%; text-align: center;\">S\u00e9ance<\/td><td style=\"width: 26%; text-align: center;\">Date<\/td><td style=\"width: 15%; text-align: center;\">Heure<\/td><td style=\"width: 44.8133%; text-align: center;\" colspan=\"3\">Documents<\/td><\/tr><\/thead><tbody><tr><td style=\"width: 9%;\">Sp\u00e9ciale<\/td><td style=\"width: 26%;\">Le jeudi 13 janvier<\/td><td style=\"width: 15%;\">18 h 30<\/td><td style=\"width: 16.666%;\"><a href=\"https:\/\/montreal-west.ca\/wp-content\/uploads\/2022\/01\/2022-01-13-ordre-du-jour.pdf\" target=\"_blank\" rel=\"noopener\"><i class=\"fa fa-file-pdf-o\"><\/i> Ordre du jour<\/a><\/td><td style=\"width: 16.666%;\"><a href=\"https:\/\/montreal-west.ca\/wp-content\/uploads\/2023\/03\/2022-01-13-proces-verbal-speciale.pdf\" target=\"_blank\" rel=\"noopener\"><i class=\"fa fa-file-pdf-o\"><\/i> Proc\u00e8s-verbal<\/a><\/td><td style=\"width: 16.666%;\"><a href=\"https:\/\/montreal-west.ca\/wp-content\/uploads\/2022\/01\/audio1337948229.mp3\" target=\"_blank\" rel=\"noopener\"><i class=\"fa fa-play-circle\"><\/i> Audio<\/a><\/td><\/tr><tr><td style=\"width: 9%;\">Sp\u00e9ciale<\/td><td style=\"width: 26%;\">Le jeudi 20 janvier<\/td><td style=\"width: 15%;\">19 h<\/td><td style=\"width: 16.666%;\"><a href=\"https:\/\/montreal-west.ca\/wp-content\/uploads\/2022\/01\/2022-01-20-ordre-du-jour-speciale.pdf\" target=\"_blank\" rel=\"noopener\"><i class=\"fa fa-file-pdf-o\"><\/i> Ordre du jour<\/a><\/td><td style=\"width: 16.666%;\"><a href=\"https:\/\/montreal-west.ca\/wp-content\/uploads\/2023\/03\/2022-01-20-proces-verbal-speciale-1.pdf\" target=\"_blank\" rel=\"noopener\"><i class=\"fa fa-file-pdf-o\"><\/i> Proc\u00e8s-verbal<\/a><\/td><td style=\"width: 16.666%;\"><i class=\"fa fa-youtube\"><\/i> <a href=\"https:\/\/youtu.be\/LpmV4aV0iUs\" target=\"_blank\" rel=\"noopener\">Webdiffusion<\/a><\/td><\/tr><tr><td style=\"width: 9%;\">Sp\u00e9ciale<\/td><td style=\"width: 26%;\">Le jeudi 20 janvier<\/td><td style=\"width: 15%;\">19 h 30<\/td><td style=\"width: 16.666%;\"><a href=\"https:\/\/montreal-west.ca\/wp-content\/uploads\/2022\/01\/2022-01-20-ordre-du-jour-speciale-2.pdf\" target=\"_blank\" rel=\"noopener\"><i class=\"fa fa-file-pdf-o\"><\/i> Ordre du jour<\/a><\/td><td style=\"width: 16.666%;\"><a href=\"https:\/\/montreal-west.ca\/wp-content\/uploads\/2023\/03\/2022-01-20-proces-verbal-speciale-2.pdf\" target=\"_blank\" rel=\"noopener\"><i class=\"fa fa-file-pdf-o\"><\/i> Proc\u00e8s-verbal<\/a><\/td><td style=\"width: 16.666%;\"><i class=\"fa fa-youtube\"><\/i> <a href=\"https:\/\/youtu.be\/LpmV4aV0iUs?t=2220\" target=\"_blank\" rel=\"noopener\">Webdiffusion<\/a><\/td><\/tr><tr><td style=\"width: 9%;\">Ordinaire<\/td><td style=\"width: 26%;\">Le lundi 31 janvier<\/td><td style=\"width: 15%;\">20 h<\/td><td style=\"width: 16.666%;\"><a href=\"https:\/\/montreal-west.ca\/wp-content\/uploads\/2022\/01\/2022-01-31-ordre-du-jour.pdf\" target=\"_blank\" rel=\"noopener\"><i class=\"fa fa-file-pdf-o\"><\/i> Ordre du jour<\/a><\/td><td style=\"width: 16.666%;\"><a href=\"https:\/\/montreal-west.ca\/wp-content\/uploads\/2023\/03\/2022-01-31-proces-verbal.pdf\" target=\"_blank\" rel=\"noopener\"><i class=\"fa fa-file-pdf-o\"><\/i> Proc\u00e8s-verbal<\/a><\/td><td style=\"width: 16.666%;\"><i class=\"fa fa-youtube\"><\/i> <a href=\"https:\/\/youtu.be\/3VEuNPI6U54\" target=\"_blank\" rel=\"noopener\">Webdiffusion<\/a><\/td><\/tr><tr><td style=\"width: 9%;\">Ordinaire<\/td><td style=\"width: 26%;\">Le lundi 28 f\u00e9vrier<\/td><td style=\"width: 15%;\">20 h<\/td><td style=\"width: 16.666%;\"><a href=\"https:\/\/montreal-west.ca\/wp-content\/uploads\/2022\/02\/2022-02-28-ordre-du-jour.pdf\" target=\"_blank\" rel=\"noopener\"><i class=\"fa fa-file-pdf-o\"><\/i> Ordre du jour<\/a><\/td><td style=\"width: 16.666%;\"><a href=\"https:\/\/montreal-west.ca\/wp-content\/uploads\/2023\/03\/2022-02-28-proces-verbal-1.pdf\" target=\"_blank\" rel=\"noopener\"><i class=\"fa fa-file-pdf-o\"><\/i> Proc\u00e8s-verbal<\/a><\/td><td style=\"width: 16.666%;\"><i class=\"fa fa-youtube\"><\/i> <a href=\"https:\/\/www.youtube.com\/watch?v=JnpD93x1mik&amp;ab_channel=TownofMontrealWest\" target=\"_blank\" rel=\"noopener\">Webdiffusion<\/a><\/td><\/tr><tr><td style=\"width: 9%;\">Ordinaire<\/td><td style=\"width: 26%;\">Le lundi 28 mars<\/td><td style=\"width: 15%;\">20 h<\/td><td style=\"width: 16.666%;\"><a href=\"https:\/\/montreal-west.ca\/wp-content\/uploads\/2022\/03\/2022-03-28-ordre-du-jour.pdf\" target=\"_blank\" rel=\"noopener\"><i class=\"fa fa-file-pdf-o\"><\/i> Ordre du jour<\/a><\/td><td style=\"width: 16.666%;\"><a href=\"https:\/\/montreal-west.ca\/wp-content\/uploads\/2023\/03\/2022-03-28-proces-verbal.pdf\" target=\"_blank\" rel=\"noopener\"><i class=\"fa fa-file-pdf-o\"><\/i> Proc\u00e8s-verbal<\/a><\/td><td style=\"width: 16.666%;\"><i class=\"fa fa-youtube\"><\/i> <a href=\"https:\/\/youtu.be\/vOzCds_Rb3g\" target=\"_blank\" rel=\"noopener\">Webdiffusion<\/a><\/td><\/tr><tr><td style=\"width: 9%;\">Sp\u00e9ciale<\/td><td style=\"width: 26%;\">Le jeudi 7 avril<\/td><td style=\"width: 15%;\">17 h 30<\/td><td style=\"width: 16.666%;\"><a href=\"https:\/\/montreal-west.ca\/wp-content\/uploads\/2022\/06\/2022-04-07-ordre-du-jour-speciale.pdf\" target=\"_blank\" rel=\"noopener\"><i class=\"fa fa-file-pdf-o\"><\/i> Ordre du jour<\/a><\/td><td style=\"width: 16.666%;\"><a href=\"https:\/\/montreal-west.ca\/wp-content\/uploads\/2023\/03\/2022-04-07-proces-verbal-speciale.pdf\" target=\"_blank\" rel=\"noopener\"><i class=\"fa fa-file-pdf-o\"><\/i> Proc\u00e8s-verbal<\/a><\/td><td style=\"width: 16.666%;\">\u00a0<\/td><\/tr><tr><td style=\"width: 9%;\">Ordinaire<\/td><td style=\"width: 26%;\">Le lundi 25 avril<\/td><td style=\"width: 15%;\">20 h<\/td><td style=\"width: 16.666%;\"><a href=\"https:\/\/montreal-west.ca\/wp-content\/uploads\/2022\/04\/2022-04-25-ordre-du-jour.pdf\" target=\"_blank\" rel=\"noopener\"><i class=\"fa fa-file-pdf-o\"><\/i> Ordre du jour<\/a><\/td><td style=\"width: 16.666%;\"><a href=\"https:\/\/montreal-west.ca\/wp-content\/uploads\/2023\/03\/2022-04-25-proces-verbal.pdf\" target=\"_blank\" rel=\"noopener\"><i class=\"fa fa-file-pdf-o\"><\/i> Proc\u00e8s-verbal<\/a><\/td><td style=\"width: 16.666%;\"><i class=\"fa fa-youtube\"><\/i> <a href=\"https:\/\/youtu.be\/VGTdiOXUQls\" target=\"_blank\" rel=\"noopener\">Webdiffusion<\/a><\/td><\/tr><tr><td style=\"width: 9%;\">Sp\u00e9ciale<\/td><td style=\"width: 26%;\">Le jeudi 5 mai<\/td><td style=\"width: 15%;\">18 h 30<\/td><td style=\"width: 16.666%;\"><a href=\"https:\/\/montreal-west.ca\/wp-content\/uploads\/2022\/06\/2022-05-05-ordre-du-jour-speciale.pdf\" target=\"_blank\" rel=\"noopener\"><i class=\"fa fa-file-pdf-o\"><\/i> Ordre du jour<\/a><\/td><td style=\"width: 16.666%;\"><a href=\"https:\/\/montreal-west.ca\/wp-content\/uploads\/2023\/03\/2022-05-05-proces-verbal-speciale-1.pdf\" target=\"_blank\" rel=\"noopener\"><i class=\"fa fa-file-pdf-o\"><\/i> Proc\u00e8s-verbal<\/a><\/td><td style=\"width: 16.666%;\">\u00a0<\/td><\/tr><tr><td style=\"width: 9%;\">Sp\u00e9ciale<\/td><td style=\"width: 26%;\">Le vendredi 13 mai<\/td><td style=\"width: 15%;\">17 h 30<\/td><td style=\"width: 16.666%;\"><a href=\"https:\/\/montreal-west.ca\/wp-content\/uploads\/2022\/06\/2022-05-13-ordre-du-jour-speciale.pdf\" target=\"_blank\" rel=\"noopener\"><i class=\"fa fa-file-pdf-o\"><\/i> Ordre du jour<\/a><\/td><td style=\"width: 16.666%;\"><a href=\"https:\/\/montreal-west.ca\/wp-content\/uploads\/2023\/03\/2022-05-13-proces-verbal-speciale.pdf\" target=\"_blank\" rel=\"noopener\"><i class=\"fa fa-file-pdf-o\"><\/i> Proc\u00e8s-verbal<\/a><\/td><td style=\"width: 16.666%;\">\u00a0<\/td><\/tr><tr><td style=\"width: 9%;\">Ordinaire<\/td><td style=\"width: 26%;\">Le lundi 30 mai<\/td><td style=\"width: 15%;\">20 h<\/td><td style=\"width: 16.666%;\"><a href=\"https:\/\/montreal-west.ca\/wp-content\/uploads\/2022\/05\/2022-05-30-ordre-du-jour.pdf\" target=\"_blank\" rel=\"noopener\"><i class=\"fa fa-file-pdf-o\"><\/i> Ordre du jour<\/a><\/td><td style=\"width: 16.666%;\"><a href=\"https:\/\/montreal-west.ca\/wp-content\/uploads\/2023\/03\/2022-05-30-proces-verbal.pdf\" target=\"_blank\" rel=\"noopener\"><i class=\"fa fa-file-pdf-o\"><\/i> Proc\u00e8s-verbal<\/a><\/td><td style=\"width: 16.666%;\"><i class=\"fa fa-youtube\"><\/i> <a href=\"https:\/\/youtu.be\/12mFEAurRQU\" target=\"_blank\" rel=\"noopener\">Webdiffusion<\/a><\/td><\/tr><tr><td style=\"width: 9%;\">Sp\u00e9ciale<\/td><td style=\"width: 26%;\">Le jeudi 9 juin<\/td><td style=\"width: 15%;\">18 h 30<\/td><td style=\"width: 16.666%;\"><a href=\"https:\/\/montreal-west.ca\/wp-content\/uploads\/2022\/06\/2022-06-09-ordre-du-jour-speciale.pdf\" target=\"_blank\" rel=\"noopener\"><i class=\"fa fa-file-pdf-o\"><\/i> Ordre du jour<\/a><\/td><td style=\"width: 16.666%;\"><a href=\"https:\/\/montreal-west.ca\/wp-content\/uploads\/2023\/03\/2022-06-09-proces-verbal-speciale.pdf\" target=\"_blank\" rel=\"noopener\"><i class=\"fa fa-file-pdf-o\"><\/i> Proc\u00e8s-verbal<\/a><\/td><td style=\"width: 16.666%;\">\u00a0<\/td><\/tr><tr><td style=\"width: 9%;\">Ordinaire<\/td><td style=\"width: 26%;\">Le lundi 27 juin<\/td><td style=\"width: 15%;\">20 h<\/td><td style=\"width: 16.666%;\"><a href=\"https:\/\/montreal-west.ca\/wp-content\/uploads\/2022\/06\/2022-06-27-ordre-du-jour.pdf\" target=\"_blank\" rel=\"noopener\"><i class=\"fa fa-file-pdf-o\"><\/i> Ordre du jour<\/a><\/td><td style=\"width: 16.666%;\"><a href=\"https:\/\/montreal-west.ca\/wp-content\/uploads\/2023\/03\/2022-06-27-proces-verbal.pdf\" target=\"_blank\" rel=\"noopener\"><i class=\"fa fa-file-pdf-o\"><\/i> Proc\u00e8s-verbal<\/a><\/td><td style=\"width: 16.666%;\"><i class=\"fa fa-youtube\"><\/i> <a href=\"https:\/\/youtu.be\/mPEUx0a6j0U\" target=\"_blank\" rel=\"noopener\">Webdiffusion<\/a><\/td><\/tr><tr><td style=\"width: 9%;\">Sp\u00e9ciale<\/td><td style=\"width: 26%;\">Le mercredi 13 juillet<\/td><td style=\"width: 15%;\">18 h<\/td><td style=\"width: 16.666%;\"><a href=\"https:\/\/montreal-west.ca\/wp-content\/uploads\/2022\/08\/2022-07-13-ordre-du-jour-speciale.pdf\" target=\"_blank\" rel=\"noopener\"><i class=\"fa fa-file-pdf-o\"><\/i> Ordre du jour<\/a><\/td><td style=\"width: 16.666%;\"><a href=\"https:\/\/montreal-west.ca\/wp-content\/uploads\/2023\/03\/2022-07-13-proces-verbal-speciale-1.pdf\" target=\"_blank\" rel=\"noopener\"><i class=\"fa fa-file-pdf-o\"><\/i> Proc\u00e8s-verbal<\/a><\/td><td style=\"width: 16.666%;\">\u00a0<\/td><\/tr><tr><td style=\"width: 9%;\">Sp\u00e9ciale<\/td><td style=\"width: 26%;\">Le jeudi 4 ao\u00fbt<\/td><td style=\"width: 15%;\">18 h 30<\/td><td style=\"width: 16.666%;\"><a href=\"https:\/\/montreal-west.ca\/wp-content\/uploads\/2022\/08\/2022-08-04-ordre-du-jour-speciale.pdf\" target=\"_blank\" rel=\"noopener\"><i class=\"fa fa-file-pdf-o\"><\/i> Ordre du jour<\/a><\/td><td style=\"width: 16.666%;\"><a href=\"https:\/\/montreal-west.ca\/wp-content\/uploads\/2023\/03\/2022-08-04-proces-verbal-speciale.pdf\" target=\"_blank\" rel=\"noopener\"><i class=\"fa fa-file-pdf-o\"><\/i> Proc\u00e8s-verbal<\/a><\/td><td style=\"width: 16.666%;\">\u00a0<\/td><\/tr><tr><td style=\"width: 9%;\">Ordinaire<\/td><td style=\"width: 26%;\">Le lundi 29 ao\u00fbt<\/td><td style=\"width: 15%;\">20 h<\/td><td style=\"width: 16.666%;\"><a href=\"https:\/\/montreal-west.ca\/wp-content\/uploads\/2022\/08\/2022-08-29-ordre-du-jour.pdf\" target=\"_blank\" rel=\"noopener\"><i class=\"fa fa-file-pdf-o\"><\/i> Ordre du jour<\/a><\/td><td style=\"width: 16.666%;\"><a href=\"https:\/\/montreal-west.ca\/wp-content\/uploads\/2023\/03\/2022-08-29-proces-verbal.pdf\" target=\"_blank\" rel=\"noopener\"><i class=\"fa fa-file-pdf-o\"><\/i> Proc\u00e8s-verbal<\/a><\/td><td style=\"width: 16.666%;\"><i class=\"fa fa-youtube\"><\/i> <a href=\"https:\/\/youtu.be\/HwDt6q3a6Ts\" target=\"_blank\" rel=\"noopener\">Webdiffusion<\/a><\/td><\/tr><tr><td style=\"width: 9%;\">Sp\u00e9ciale<\/td><td style=\"width: 26%;\">Le jeudi 15 septembre<\/td><td style=\"width: 15%;\">13 h<\/td><td style=\"width: 16.666%;\"><a href=\"https:\/\/montreal-west.ca\/wp-content\/uploads\/2022\/09\/2022-09-15-ordre-du-jour-speciale.pdf\" target=\"_blank\" rel=\"noopener\"><i class=\"fa fa-file-pdf-o\"><\/i> Ordre du jour<\/a><\/td><td style=\"width: 16.666%;\"><a href=\"https:\/\/montreal-west.ca\/wp-content\/uploads\/2023\/03\/2022-09-15-proces-verbal-speciale.pdf\" target=\"_blank\" rel=\"noopener\"><i class=\"fa fa-file-pdf-o\"><\/i> Proc\u00e8s-verbal<\/a><\/td><td style=\"width: 16.666%;\">\u00a0<\/td><\/tr><tr><td style=\"width: 9%;\">Ordinaire<\/td><td style=\"width: 26%;\"><p><del>Le lundi 19 septembre<\/del><\/p><p>Le mardi 20 septembre<\/p><\/td><td style=\"width: 15%;\">20 h<\/td><td style=\"width: 16.666%;\"><a href=\"https:\/\/montreal-west.ca\/wp-content\/uploads\/2022\/09\/2022-09-20-ordre-du-jour.pdf\" target=\"_blank\" rel=\"noopener\"><i class=\"fa fa-file-pdf-o\"><\/i> Ordre du jour<\/a><\/td><td style=\"width: 16.666%;\"><a href=\"https:\/\/montreal-west.ca\/wp-content\/uploads\/2023\/03\/2022-09-20-proces-verbal.pdf\" target=\"_blank\" rel=\"noopener\"><i class=\"fa fa-file-pdf-o\"><\/i> Proc\u00e8s-verbal<\/a><\/td><td style=\"width: 16.666%;\"><i class=\"fa fa-youtube\"><\/i> <a href=\"https:\/\/youtu.be\/KkqHk-QQn9Q\" target=\"blank\">Webdiffusion<\/a><\/td><\/tr><tr><td style=\"width: 9%;\">Ordinaire<\/td><td style=\"width: 26%;\">Le lundi 24 octobre<\/td><td style=\"width: 15%;\">20 h<\/td><td style=\"width: 16.666%;\"><a href=\"https:\/\/montreal-west.ca\/wp-content\/uploads\/2022\/10\/2022-10-24-ordre-du-jour.pdf\" target=\"_blank\" rel=\"noopener\"><i class=\"fa fa-file-pdf-o\"><\/i> Ordre du jour<\/a><\/td><td style=\"width: 16.666%;\"><a href=\"https:\/\/montreal-west.ca\/wp-content\/uploads\/2023\/03\/2022-10-24-proces-verbal.pdf\" target=\"_blank\" rel=\"noopener\"><i class=\"fa fa-file-pdf-o\"><\/i> Proc\u00e8s-verbal<\/a><\/td><td style=\"width: 16.666%;\"><i class=\"fa fa-youtube\"><\/i> <a href=\"https:\/\/youtu.be\/4HtouHa3eI0\" target=\"blank\">Webdiffusion<\/a><\/td><\/tr><tr><td style=\"width: 9%;\">Sp\u00e9ciale<\/td><td style=\"width: 26%;\">Le jeudi 3 novembre<\/td><td style=\"width: 15%;\">18 h 30<\/td><td style=\"width: 16.666%;\"><a href=\"https:\/\/montreal-west.ca\/wp-content\/uploads\/2023\/03\/2022-11-03-ordre-du-jour-speciale.pdf\" target=\"_blank\" rel=\"noopener\"><i class=\"fa fa-file-pdf-o\"><\/i> Ordre du jour<\/a><\/td><td style=\"width: 16.666%;\"><a href=\"https:\/\/montreal-west.ca\/wp-content\/uploads\/2023\/03\/2022-11-03-proces-verbal-speciale.pdf\" target=\"_blank\" rel=\"noopener\"><i class=\"fa fa-file-pdf-o\"><\/i> Proc\u00e8s-verbal<\/a><\/td><td style=\"width: 16.666%;\">\u00a0<\/td><\/tr><tr><td style=\"width: 9%;\">Ordinaire<\/td><td style=\"width: 26%;\">Le lundi 28 novembre<\/td><td style=\"width: 15%;\">20 h<\/td><td style=\"width: 16.666%;\"><a href=\"https:\/\/montreal-west.ca\/wp-content\/uploads\/2022\/11\/2022-11-28-ordre-du-jour.pdf\" target=\"_blank\" rel=\"noopener\"><i class=\"fa fa-file-pdf-o\"><\/i> Ordre du jour<\/a><\/td><td style=\"width: 16.666%;\"><a href=\"https:\/\/montreal-west.ca\/wp-content\/uploads\/2023\/03\/2022-11-28-proces-verbal.pdf\" target=\"_blank\" rel=\"noopener\"><i class=\"fa fa-file-pdf-o\"><\/i> Proc\u00e8s-verbal<\/a><\/td><td style=\"width: 16.666%;\"><i class=\"fa fa-youtube\"><\/i> <a href=\"https:\/\/youtu.be\/gSdtW5yNEH8\" target=\"blank\">Webdiffusion<\/a><\/td><\/tr><tr><td style=\"width: 9%;\">Sp\u00e9ciale<\/td><td style=\"width: 26%;\">Le jeudi 15 d\u00e9cembre<\/td><td style=\"width: 15%;\">18 h 30<\/td><td style=\"width: 16.666%;\"><a href=\"https:\/\/montreal-west.ca\/wp-content\/uploads\/2023\/03\/2022-12-15-ordre-du-jour-speciale.pdf\" target=\"_blank\" rel=\"noopener\"><i class=\"fa fa-file-pdf-o\"><\/i> Ordre du jour<\/a><\/td><td style=\"width: 16.666%;\"><a href=\"https:\/\/montreal-west.ca\/wp-content\/uploads\/2023\/03\/2022-12-15-proces-verbal-speciale.pdf\" target=\"_blank\" rel=\"noopener\"><i class=\"fa fa-file-pdf-o\"><\/i> Proc\u00e8s-verbal<\/a><\/td><td style=\"width: 16.666%;\">\u00a0<\/td><\/tr><tr><td style=\"width: 9%;\">Sp\u00e9ciale<\/td><td style=\"width: 26%;\">Le lundi 19 d\u00e9cembre<\/td><td style=\"width: 15%;\">19 h 30<\/td><td style=\"width: 16.666%;\"><a href=\"https:\/\/montreal-west.ca\/wp-content\/uploads\/2022\/12\/2022-12-19-ordre-du-jour.pdf\" target=\"_blank\" rel=\"noopener\"><i class=\"fa fa-file-pdf-o\"><\/i> Ordre du jour<\/a><\/td><td style=\"width: 16.666%;\"><a href=\"https:\/\/montreal-west.ca\/wp-content\/uploads\/2023\/03\/2022-12-19-proces-verbal-speciale.pdf\" target=\"_blank\" rel=\"noopener\"><i class=\"fa fa-file-pdf-o\"><\/i> Proc\u00e8s-verbal<\/a><\/td><td style=\"width: 16.666%;\"><i class=\"fa fa-youtube\"><\/i> <a href=\"https:\/\/youtu.be\/I_r8iE3pUIw\" target=\"blank\">Webdiffusion<\/a><\/td><\/tr><tr><td style=\"width: 9%;\">Ordinaire<\/td><td style=\"width: 26%;\">Le lundi 19 d\u00e9cembre<\/td><td style=\"width: 15%;\">20 h<\/td><td style=\"width: 16.666%;\"><a href=\"https:\/\/montreal-west.ca\/wp-content\/uploads\/2022\/12\/2022-12-19-ordre-du-jour-speciale.pdf\" target=\"_blank\" rel=\"noopener\"><i class=\"fa fa-file-pdf-o\"><\/i> Ordre du jour<\/a><\/td><td style=\"width: 16.666%;\"><a href=\"https:\/\/montreal-west.ca\/wp-content\/uploads\/2023\/03\/2022-12-19-proces-verbal.pdf\" target=\"_blank\" rel=\"noopener\"><i class=\"fa fa-file-pdf-o\"><\/i> Proc\u00e8s-verbal<\/a><\/td><td style=\"width: 16.666%;\"><i class=\"fa fa-youtube\"><\/i> <a href=\"https:\/\/youtu.be\/ZAde_4bSLOg\" target=\"blank\">Webdiffusion<\/a><\/td><\/tr><\/tbody><\/table>\t\t\t\t\t\t<\/div>\n\t\t\t\t\t<\/div>\n\t\t\t\t<\/div>\n\t\t\t\t\t\t\t\t<div class=\"accordion-card\">\n\t\t\t\t\t<div class=\"accordion-header\" id=\"elementor-tab-title-4\">\n\t\t  \t\t        <button class=\"btn btn-link d-flex align-items-center justify-content-between collapsed\" data-toggle=\"collapse\" data-target=\"#elementor-tab-content-4\" aria-expanded=\"true\" aria-controls=\"elementor-tab-content-4\">\n\t\t\t\t\t\t\t2021\t\t\t\t\t\t\t<img decoding=\"async\" src=\"https:\/\/montreal-ouest.ca\/wp-content\/themes\/penega\/images\/right-arrow.png\" alt=\"Right arrow\">\n\t\t\t\t\t\t<\/button>\n\t\t\t\t\t<\/div>\n\t\t\t\t\t<div id=\"elementor-tab-content-4\" class=\"collapse\" aria-labbeledby=\"elementor-tab-title-4\" data-parent=\".penega-accordion\">\n\t\t\t\t\t\t<div class=\"card-body\">\n\t\t\t\t\t\t\t<table style=\"height: 1224px;\"><thead><tr><td style=\"width: 9%; text-align: center; height: 24px;\">S\u00e9ance<\/td><td style=\"width: 26%; text-align: center; height: 24px;\">Date<\/td><td style=\"width: 15%; text-align: center; height: 24px;\">Heure<\/td><td style=\"width: 50%; text-align: center; height: 24px;\" colspan=\"3\">Documents<\/td><\/tr><\/thead><tbody><tr><td>Sp\u00e9ciale<\/td><td>Le jeudi 21 janvier<\/td><td>18 h 30<\/td><td><a href=\"https:\/\/montreal-west.ca\/wp-content\/uploads\/2021\/01\/O.J.-2021-01-21-FR.pdf\" target=\"_blank\" rel=\"noopener\"><i class=\"fa fa-file-pdf-o\"><\/i> Ordre du jour<\/a><\/td><td><a href=\"https:\/\/montreal-west.ca\/wp-content\/uploads\/2022\/03\/2021-01-21-proces-verbal-spe\u0301ciale.pdf\" target=\"_blank\" rel=\"noopener\"><i class=\"fa fa-file-pdf-o\"><\/i> Proc\u00e8s-verbal<\/a><\/td><td><a href=\"https:\/\/montreal-west.ca\/wp-content\/uploads\/2021\/01\/2021-01-21-seance-speciale.mp3\" target=\"blank\" rel=\"noopener\"><i class=\"fa fa-play-circle\"><\/i> Audio<\/a><\/td><\/tr><tr><td>Ordinaire<\/td><td>Le lundi 25 janvier<\/td><td>\u00a020 h<\/td><td><a href=\"https:\/\/montreal-west.ca\/wp-content\/uploads\/2021\/01\/OJ-2021-01-25-ordinaire-FR.pdf\" target=\"_blank\" rel=\"noopener\"><i class=\"fa fa-file-pdf-o\"><\/i> Ordre du jour<\/a><\/td><td><a href=\"https:\/\/montreal-west.ca\/wp-content\/uploads\/2022\/03\/2021-01-25-proces-verbal.pdf\" target=\"_blank\" rel=\"noopener\"><i class=\"fa fa-file-pdf-o\"><\/i> Proc\u00e8s-verbal<\/a><\/td><td><i class=\"fa fa-youtube\"><\/i> <a href=\"https:\/\/youtu.be\/Y6P5g2WhcqI\" target=\"blank\"> Webdiffusion<\/a><\/td><\/tr><tr><td>Sp\u00e9ciale<\/td><td>Le jeudi 18 f\u00e9vrier<\/td><td>18 h 30<\/td><td><a href=\"https:\/\/montreal-west.ca\/wp-content\/uploads\/2021\/02\/O.J.-2021-02-18-FR.pdf\" target=\"_blank\" rel=\"noopener\"><i class=\"fa fa-file-pdf-o\"><\/i> Ordre du jour<\/a><\/td><td><a href=\"https:\/\/montreal-west.ca\/wp-content\/uploads\/2022\/03\/2021-02-18-proces-verbal-spe\u0301ciale.pdf\" target=\"_blank\" rel=\"noopener\"><i class=\"fa fa-file-pdf-o\"><\/i> Proc\u00e8s-verbal<\/a><\/td><td><a href=\"https:\/\/montreal-west.ca\/wp-content\/uploads\/2021\/02\/2021-02-19-seance-speciale.mp3\" target=\"blank\" rel=\"noopener\"><i class=\"fa fa-play-circle\"><\/i> Audio<\/a><\/td><\/tr><tr><td>Ordinaire<\/td><td>Le lundi 22 f\u00e9vrier<\/td><td>20 h<\/td><td><a href=\"https:\/\/montreal-west.ca\/wp-content\/uploads\/2021\/02\/OJ-2021-02-22-ordinaire-FR.pdf\" target=\"_blank\" rel=\"noopener\"><i class=\"fa fa-file-pdf-o\"><\/i> Ordre du jour<\/a><\/td><td><a href=\"https:\/\/montreal-west.ca\/wp-content\/uploads\/2022\/03\/2021-02-22-proces-verbal.pdf\" target=\"_blank\" rel=\"noopener\"><i class=\"fa fa-file-pdf-o\"><\/i> Proc\u00e8s-verbal<\/a><\/td><td><i class=\"fa fa-youtube\"><\/i> <a href=\"https:\/\/youtu.be\/AkTVHhbUe0I\" target=\"blank\"> Webdiffusion<\/a><\/td><\/tr><tr><td>Ordinaire<\/td><td>Le lundi 22 mars<\/td><td>20 h<\/td><td><a href=\"https:\/\/montreal-west.ca\/wp-content\/uploads\/2021\/03\/OJ-2021-03-22-ordinaire-FR.pdf\" target=\"_blank\" rel=\"noopener\"><i class=\"fa fa-file-pdf-o\"><\/i> Ordre du jour<\/a><\/td><td><a href=\"https:\/\/montreal-west.ca\/wp-content\/uploads\/2022\/03\/2021-03-22-proces-verbal.pdf\" target=\"_blank\" rel=\"noopener\"><i class=\"fa fa-file-pdf-o\"><\/i> Proc\u00e8s-verbal<\/a><\/td><td><i class=\"fa fa-youtube\"><\/i> <a href=\"https:\/\/youtu.be\/Osa1oshOZHU\" target=\"blank\"> Webdiffusion<\/a><\/td><\/tr><tr style=\"height: 48px;\"><td>Sp\u00e9ciale<\/td><td>Le jeudi 8 avril<\/td><td>18 h 30<\/td><td><a href=\"https:\/\/montreal-west.ca\/wp-content\/uploads\/2021\/07\/O.J.-2021-04-08-FR.pdf\" target=\"_blank\" rel=\"noopener\"><i class=\"fa fa-file-pdf-o\"><\/i> Ordre du jour<\/a><\/td><td><a href=\"https:\/\/montreal-west.ca\/wp-content\/uploads\/2022\/03\/2021-04-08-proces-verbal-speciale.pdf\" target=\"_blank\" rel=\"noopener\"><i class=\"fa fa-file-pdf-o\"><\/i> Proc\u00e8s-verbal<\/a><\/td><td><a href=\"https:\/\/montreal-west.ca\/wp-content\/uploads\/2021\/04\/2021-04-08-seance-speciale.mp3\" target=\"blank\" rel=\"noopener\"><i class=\"fa fa-play-circle\"><\/i> Audio<\/a><\/td><\/tr><tr style=\"height: 48px;\"><td>Sp\u00e9ciale<\/td><td>Le jeudi 22 avril<\/td><td>18 h 30<\/td><td><a href=\"https:\/\/montreal-west.ca\/wp-content\/uploads\/2021\/07\/O.J.-2021-04-22-FR.pdf\" target=\"_blank\" rel=\"noopener\"><i class=\"fa fa-file-pdf-o\"><\/i> Ordre du jour<\/a><\/td><td><a href=\"https:\/\/montreal-west.ca\/wp-content\/uploads\/2022\/03\/2021-04-22-proces-verbal-speciale.pdf\" target=\"_blank\" rel=\"noopener\"><i class=\"fa fa-file-pdf-o\"><\/i> Proc\u00e8s-verbal<\/a><\/td><td><a href=\"https:\/\/montreal-west.ca\/wp-content\/uploads\/2021\/04\/2021-04-22-seance-speciale.mp3\" target=\"blank\" rel=\"noopener\"><i class=\"fa fa-play-circle\"><\/i> Audio<\/a><\/td><\/tr><tr><td>Ordinaire<\/td><td>Le lundi 26 avril<\/td><td>20 h<\/td><td><a href=\"https:\/\/montreal-west.ca\/wp-content\/uploads\/2021\/04\/OJ-2021-04-26-ordinaire-FR.pdf\" target=\"_blank\" rel=\"noopener\"><i class=\"fa fa-file-pdf-o\"><\/i> Ordre du jour<\/a><\/td><td><a href=\"https:\/\/montreal-west.ca\/wp-content\/uploads\/2022\/03\/2021-04-26-proces-verbal.pdf\" target=\"_blank\" rel=\"noopener\"><i class=\"fa fa-file-pdf-o\"><\/i> Proc\u00e8s-verbal<\/a><\/td><td><i class=\"fa fa-youtube\"><\/i> <a href=\"https:\/\/youtu.be\/72C17p-gPXg\" target=\"blank\"> Webdiffusion<\/a><\/td><\/tr><tr style=\"height: 48px;\"><td>Sp\u00e9ciale<\/td><td>Le jeudi 29 avril<\/td><td>18 h 30<\/td><td><a href=\"https:\/\/montreal-west.ca\/wp-content\/uploads\/2021\/07\/O.J.-2021-04-29-FR.pdf\" target=\"_blank\" rel=\"noopener\"><i class=\"fa fa-file-pdf-o\"><\/i> Ordre du jour<\/a><\/td><td><a href=\"https:\/\/montreal-west.ca\/wp-content\/uploads\/2022\/03\/2021-04-29-proces-verbal-speciale.pdf\" target=\"_blank\" rel=\"noopener\"><i class=\"fa fa-file-pdf-o\"><\/i> Proc\u00e8s-verbal<\/a><\/td><td><a href=\"https:\/\/montreal-west.ca\/wp-content\/uploads\/2021\/04\/2021-04-29-seance-speciale.mp3\" target=\"blank\" rel=\"noopener\"><i class=\"fa fa-play-circle\"><\/i> Audio<\/a><\/td><\/tr><tr style=\"height: 48px;\"><td>Sp\u00e9ciale<\/td><td>Le jeudi 6 mai<\/td><td>18 h 30<\/td><td><a href=\"https:\/\/montreal-west.ca\/wp-content\/uploads\/2021\/07\/O.J.-2021-05-06-FR.pdf\" target=\"_blank\" rel=\"noopener\"><i class=\"fa fa-file-pdf-o\"><\/i> Ordre du jour<\/a><\/td><td><a href=\"https:\/\/montreal-west.ca\/wp-content\/uploads\/2022\/03\/2021-05-06-proces-verbal-speciale.pdf\" target=\"_blank\" rel=\"noopener\"><i class=\"fa fa-file-pdf-o\"><\/i> Proc\u00e8s-verbal<\/a><\/td><td><a href=\"https:\/\/montreal-west.ca\/wp-content\/uploads\/2021\/05\/2021-05-06-seance-speciale.mp3\" target=\"blank\" rel=\"noopener\"><i class=\"fa fa-play-circle\"><\/i> Audio<\/a><\/td><\/tr><tr><td>Ordinaire<\/td><td>Le lundi 31 mai<\/td><td>20 h<\/td><td><a href=\"https:\/\/montreal-west.ca\/wp-content\/uploads\/2021\/05\/OJ-2021-05-31-ordinaire-FR.pdf\" target=\"_blank\" rel=\"noopener\"><i class=\"fa fa-file-pdf-o\"><\/i> Ordre du jour<\/a><\/td><td><a href=\"https:\/\/montreal-west.ca\/wp-content\/uploads\/2022\/03\/2021-05-31-proces-verbal.pdf\" target=\"_blank\" rel=\"noopener\"><i class=\"fa fa-file-pdf-o\"><\/i> Proc\u00e8s-verbal<\/a><\/td><td><i class=\"fa fa-youtube\"><\/i> <a href=\"https:\/\/youtu.be\/hJ18sp8MkiQ\" target=\"blank\"> Webdiffusion<\/a><\/td><\/tr><tr style=\"height: 48px;\"><td>Sp\u00e9ciale<\/td><td>Le jeudi 3 juin<\/td><td>18 h 00<\/td><td><a href=\"https:\/\/montreal-west.ca\/wp-content\/uploads\/2021\/07\/O.J.-2021-06-03-FR.pdf\" target=\"_blank\" rel=\"noopener\"><i class=\"fa fa-file-pdf-o\"><\/i> Ordre du jour<\/a><\/td><td><a href=\"https:\/\/montreal-west.ca\/wp-content\/uploads\/2022\/03\/2021-06-03-proces-verbal-speciale.pdf\" target=\"_blank\" rel=\"noopener\"><i class=\"fa fa-file-pdf-o\"><\/i> Proc\u00e8s-verbal<\/a><\/td><td><a href=\"https:\/\/montreal-west.ca\/wp-content\/uploads\/2021\/06\/2021-06-03-seance-speciale.mp3\" target=\"blank\" rel=\"noopener\"><i class=\"fa fa-play-circle\"><\/i> Audio<\/a><\/td><\/tr><tr style=\"height: 48px;\"><td>Sp\u00e9ciale<\/td><td>Le jeudi 10 juin<\/td><td>18 h 30<\/td><td><a href=\"https:\/\/montreal-west.ca\/wp-content\/uploads\/2021\/07\/O.J.-2021-06-10-FR.pdf\" target=\"_blank\" rel=\"noopener\"><i class=\"fa fa-file-pdf-o\"><\/i> Ordre du jour<\/a><\/td><td><a href=\"https:\/\/montreal-west.ca\/wp-content\/uploads\/2022\/03\/2021-06-10-proces-verbal-speciale.pdf\" target=\"_blank\" rel=\"noopener\"><i class=\"fa fa-file-pdf-o\"><\/i> Proc\u00e8s-verbal<\/a><\/td><td><a href=\"https:\/\/montreal-west.ca\/wp-content\/uploads\/2021\/06\/2021-06-10-seance-speciale.mp3\" target=\"blank\" rel=\"noopener\"><i class=\"fa fa-play-circle\"><\/i> Audio<\/a><\/td><\/tr><tr style=\"height: 48px;\"><td>Ordinaire<\/td><td>Le lundi 28 juin<\/td><td>20 h<\/td><td><a href=\"https:\/\/montreal-west.ca\/wp-content\/uploads\/2021\/06\/OJ-2021-06-28-ordinaire-FR.pdf\" target=\"_blank\" rel=\"noopener\"><i class=\"fa fa-file-pdf-o\"><\/i> Ordre du jour<\/a><\/td><td><a href=\"https:\/\/montreal-west.ca\/wp-content\/uploads\/2022\/03\/2021-06-28-proces-verbal.pdf\" target=\"_blank\" rel=\"noopener\"><i class=\"fa fa-file-pdf-o\"><\/i> Proc\u00e8s-verbal<\/a><\/td><td><i class=\"fa fa-youtube\"><\/i> <a href=\"https:\/\/youtu.be\/yT8vl7oGBRs\" target=\"blank\"> Webdiffusion<\/a><\/td><\/tr><tr style=\"height: 48px;\"><td>Sp\u00e9ciale<\/td><td>Le jeudi 8 juillet<\/td><td>18 h 30<\/td><td><a href=\"https:\/\/montreal-west.ca\/wp-content\/uploads\/2021\/07\/O.J.-2021-07-08-FR.pdf\" target=\"_blank\" rel=\"noopener\"><i class=\"fa fa-file-pdf-o\"><\/i> Ordre du jour<\/a><\/td><td><a href=\"https:\/\/montreal-west.ca\/wp-content\/uploads\/2022\/03\/2021-07-08-proces-verbal-speciale.pdf\" target=\"_blank\" rel=\"noopener\"><i class=\"fa fa-file-pdf-o\"><\/i> Proc\u00e8s-verbal<\/a><\/td><td><a href=\"https:\/\/montreal-west.ca\/wp-content\/uploads\/2021\/07\/2021-07-08-seance-speciale.mp3\" target=\"blank\" rel=\"noopener\"><i class=\"fa fa-play-circle\"><\/i> Audio<\/a><\/td><\/tr><tr><td style=\"width: 9%;\">Sp\u00e9ciale<\/td><td style=\"width: 26%;\">Le jeudi 22 juillet<\/td><td style=\"width: 15%;\">18 h 30<\/td><td style=\"width: 16.6%;\"><a href=\"https:\/\/montreal-west.ca\/wp-content\/uploads\/2021\/07\/O.J.-2021-07-22-FR.pdf\" target=\"_blank\" rel=\"noopener\"><i class=\"fa fa-file-pdf-o\"><\/i> Ordre du jour<\/a><\/td><td style=\"width: 16.6%;\"><a href=\"https:\/\/montreal-west.ca\/wp-content\/uploads\/2022\/03\/2021-07-22-proces-verbal-speciale.pdf\" target=\"_blank\" rel=\"noopener\"><i class=\"fa fa-file-pdf-o\"><\/i> Proc\u00e8s-verbal<\/a><\/td><td style=\"width: 16.6%;\"><a href=\"https:\/\/montreal-west.ca\/wp-content\/uploads\/2021\/07\/2021-07-22-seance-speciale.mp3\" target=\"blank\" rel=\"noopener\"><i class=\"fa fa-play-circle\"><\/i> Audio<\/a><\/td><\/tr><tr><td style=\"width: 9%;\">Sp\u00e9ciale<\/td><td style=\"width: 26%;\">Le jeudi 5 ao\u00fbt<\/td><td style=\"width: 15%;\">18 h 30<\/td><td style=\"width: 16.6%;\"><a href=\"https:\/\/montreal-west.ca\/wp-content\/uploads\/2022\/03\/2021-08-05-ordre-du-jour.pdf\" target=\"_blank\" rel=\"noopener\"><i class=\"fa fa-file-pdf-o\"><\/i> Ordre du jour<\/a><\/td><td style=\"width: 16.6%;\"><a href=\"https:\/\/montreal-west.ca\/wp-content\/uploads\/2022\/03\/2021-08-05-proces-verbal-speciale.pdf\" target=\"_blank\" rel=\"noopener\"><i class=\"fa fa-file-pdf-o\"><\/i> Proc\u00e8s-verbal<\/a><\/td><td style=\"width: 16.6%;\"><a href=\"https:\/\/montreal-west.ca\/wp-content\/uploads\/2021\/08\/2021-08-05-seance-speciale.mp3\" target=\"blank\" rel=\"noopener\"><i class=\"fa fa-play-circle\"><\/i> Audio<\/a><\/td><\/tr><tr style=\"height: 48px;\"><td>Ordinaire<\/td><td>Le lundi 30 ao\u00fbt<\/td><td>20 h<\/td><td><a href=\"https:\/\/montreal-west.ca\/wp-content\/uploads\/2021\/08\/2021-08-30-ordre-du-jour.pdf\" target=\"_blank\" rel=\"noopener\"><i class=\"fa fa-file-pdf-o\"><\/i> Ordre du jour<\/a><\/td><td><a href=\"https:\/\/montreal-west.ca\/wp-content\/uploads\/2022\/03\/2021-08-30-proces-verbal.pdf\" target=\"_blank\" rel=\"noopener\"><i class=\"fa fa-file-pdf-o\"><\/i> Proc\u00e8s-verbal<\/a><\/td><td><i class=\"fa fa-youtube\"><\/i> <a href=\"https:\/\/youtu.be\/SuaRDkMmRPE\" target=\"blank\"> Webdiffusion<\/a><\/td><\/tr><tr><td>Ordinaire<\/td><td>Le lundi 20 septembre<\/td><td>20 h<\/td><td><a href=\"https:\/\/montreal-west.ca\/wp-content\/uploads\/2021\/09\/2021-09-20-ordre-du-jour.pdf\" target=\"_blank\" rel=\"noopener\"><i class=\"fa fa-file-pdf-o\"><\/i> Ordre du jour<\/a><\/td><td><a href=\"https:\/\/montreal-west.ca\/wp-content\/uploads\/2022\/03\/2021-09-20-proces-verbal.pdf\" target=\"_blank\" rel=\"noopener\"><i class=\"fa fa-file-pdf-o\"><\/i> Proc\u00e8s-verbal<\/a><\/td><td><a href=\"https:\/\/www.youtube.com\/watch?v=2pCMBfd3Urk\" target=\"blank\"><i class=\"fa fa-youtube\"><\/i> Webdiffusion<\/a><\/td><\/tr><tr style=\"height: 48px;\"><td>Ordinaire<\/td><td>Le lundi 4 octobre<\/td><td>20 h<\/td><td><a href=\"https:\/\/montreal-west.ca\/wp-content\/uploads\/2021\/10\/2021-10-04-ordre-du-jour.pdf\" target=\"_blank\" rel=\"noopener\"><i class=\"fa fa-file-pdf-o\"><\/i> Ordre du jour<\/a><\/td><td><a href=\"https:\/\/montreal-west.ca\/wp-content\/uploads\/2022\/03\/2021-10-04-proces-verbal.pdf\" target=\"_blank\" rel=\"noopener\"><i class=\"fa fa-file-pdf-o\"><\/i> Proc\u00e8s-verbal<\/a><\/td><td><a href=\"https:\/\/youtu.be\/a2iPPq96r7c\" target=\"blank\"><i class=\"fa fa-youtube\"><\/i> Webdiffusion<\/a><\/td><\/tr><tr><td>Ordinaire<\/td><td>Le lundi 15 novembre<\/td><td>20 h<\/td><td><a href=\"https:\/\/montreal-west.ca\/wp-content\/uploads\/2021\/11\/OJ-2021-11-15-ordinaire-FR.pdf\" target=\"_blank\" rel=\"noopener\"><i class=\"fa fa-file-pdf-o\"><\/i> Ordre du jour<\/a><\/td><td><a href=\"https:\/\/montreal-west.ca\/wp-content\/uploads\/2022\/03\/2021-11-15-proces-verbal-speciale.pdf\" target=\"_blank\" rel=\"noopener\"><i class=\"fa fa-file-pdf-o\"><\/i> Proc\u00e8s-verbal<\/a><\/td><td><a href=\"https:\/\/youtu.be\/PKNDaMric7s\" target=\"blank\"><i class=\"fa fa-youtube\"><\/i> Webdiffusion<\/a><\/td><\/tr><tr><td>Sp\u00e9ciale<\/td><td>Le jeudi 25 novembre<\/td><td>18 h 30<\/td><td><a href=\"https:\/\/montreal-west.ca\/wp-content\/uploads\/2021\/11\/2021-11-25-ordre-du-jour-speciale.pdf\" target=\"_blank\" rel=\"noopener\"><i class=\"fa fa-file-pdf-o\"><\/i> Ordre du jour<\/a><\/td><td><a href=\"https:\/\/montreal-west.ca\/wp-content\/uploads\/2022\/03\/2021-11-25-proces-verbal.pdf\" target=\"_blank\" rel=\"noopener\"><i class=\"fa fa-file-pdf-o\"><\/i> Proc\u00e8s-verbal<\/a><\/td><td><a href=\"https:\/\/montreal-west.ca\/wp-content\/uploads\/2021\/11\/2021-11-26-special-council-meeting-audio.mp3\" target=\"blank\" rel=\"noopener\"><i class=\"fa fa-play-circle\"><\/i> Audio<\/a><\/td><\/tr><tr><td>Ordinaire<\/td><td>Le lundi 13 d\u00e9cembre<\/td><td>20 h<\/td><td><a href=\"https:\/\/montreal-west.ca\/wp-content\/uploads\/2021\/12\/2021-12-13-ordre-du-jour.pdf\" target=\"_blank\" rel=\"noopener\"><i class=\"fa fa-file-pdf-o\"><\/i> Ordre du jour<\/a><\/td><td><a href=\"https:\/\/montreal-west.ca\/wp-content\/uploads\/2022\/03\/2021-12-13-proces-verbal.pdf\" target=\"_blank\" rel=\"noopener\"><i class=\"fa fa-file-pdf-o\"><\/i> Proc\u00e8s-verbal<\/a><\/td><td><a href=\"https:\/\/youtu.be\/kGz5WaqzCp0\" target=\"blank\"><i class=\"fa fa-youtube\"><\/i> Webdiffusion<\/a><\/td><\/tr><tr><td>Sp\u00e9ciale<\/td><td>Le vendredi\u00a0 17 d\u00e9cembre<\/td><td>8 h<\/td><td><a href=\"https:\/\/montreal-west.ca\/wp-content\/uploads\/2021\/12\/2021-12-17-ordre-du-jour.pdf\" target=\"_blank\" rel=\"noopener\"><i class=\"fa fa-file-pdf-o\"><\/i> Ordre du jour<\/a><\/td><td><a href=\"https:\/\/montreal-west.ca\/wp-content\/uploads\/2022\/03\/2021-12-17-proces-verbal-speciale.pdf\" target=\"_blank\" rel=\"noopener\"><i class=\"fa fa-file-pdf-o\"><\/i> Proc\u00e8s-verbal<\/a><\/td><td><i class=\"fa fa-youtube\"><\/i> <a href=\"https:\/\/youtu.be\/Dp4bFwXPj7M\" target=\"_blank\" rel=\"noopener\">Webdiffusion<\/a><\/td><\/tr><\/tbody><\/table>\t\t\t\t\t\t<\/div>\n\t\t\t\t\t<\/div>\n\t\t\t\t<\/div>\n\t\t\t\t\t\t\t\t<div class=\"accordion-card\">\n\t\t\t\t\t<div class=\"accordion-header\" id=\"elementor-tab-title-5\">\n\t\t  \t\t        <button class=\"btn btn-link d-flex align-items-center justify-content-between collapsed\" data-toggle=\"collapse\" data-target=\"#elementor-tab-content-5\" aria-expanded=\"true\" aria-controls=\"elementor-tab-content-5\">\n\t\t\t\t\t\t\t2020\t\t\t\t\t\t\t<img decoding=\"async\" src=\"https:\/\/montreal-ouest.ca\/wp-content\/themes\/penega\/images\/right-arrow.png\" alt=\"Right arrow\">\n\t\t\t\t\t\t<\/button>\n\t\t\t\t\t<\/div>\n\t\t\t\t\t<div id=\"elementor-tab-content-5\" class=\"collapse\" aria-labbeledby=\"elementor-tab-title-5\" data-parent=\".penega-accordion\">\n\t\t\t\t\t\t<div class=\"card-body\">\n\t\t\t\t\t\t\t<table style=\"width: 100%;\" border=\"1\" width=\"100%\"><thead><tr><td style=\"width: 9%;\">S\u00e9ance<\/td><td style=\"width: 26%;\">Date<\/td><td style=\"width: 15%;\">Heure<\/td><td style=\"text-align: center; width: 50%;\" colspan=\"3\">Documents<\/td><\/tr><\/thead><tbody><tr><td style=\"width: 9%;\">Sp\u00e9ciale<\/td><td style=\"width: 26%;\">Le mardi 14 janvier<\/td><td style=\"width: 15%;\">17 h 30<\/td><td style=\"width: 16.6%;\"><a href=\"https:\/\/montreal-west.ca\/wp-content\/uploads\/2020\/04\/2020-01-14-ordre-du-jour-speciale.pdf\" target=\"_blank\" rel=\"noopener\"><i class=\"fa fa-file-pdf-o\"><\/i> Ordre du jour<\/a><\/td><td style=\"width: 16.6%;\"><a href=\"https:\/\/montreal-west.ca\/wp-content\/uploads\/2020\/07\/2020-01-14-speciale-proces-verbal.pdf\" target=\"_blank\" rel=\"noopener\"><i class=\"fa fa-file-pdf-o\"><\/i> Proc\u00e8s-verbal<\/a><\/td><td style=\"width: 16.6%;\">\u00a0<\/td><\/tr><tr><td style=\"width: 9%;\">Ordinaire<\/td><td style=\"width: 26%;\">Le lundi 27 janvier<\/td><td style=\"width: 15%;\">20 h<\/td><td style=\"width: 16.6%;\"><a href=\"https:\/\/montreal-west.ca\/wp-content\/uploads\/2020\/01\/2020-01-27-ordre-du-jour.pdf\" target=\"_blank\" rel=\"noopener\"><i class=\"fa fa-file-pdf-o\"><\/i> Ordre du jour<\/a><\/td><td style=\"width: 16.6%;\"><a href=\"https:\/\/montreal-west.ca\/wp-content\/uploads\/2020\/07\/2020-01-27-proces-verbal.pdf\" target=\"_blank\" rel=\"noopener\"><i class=\"fa fa-file-pdf-o\"><\/i> Proc\u00e8s-verbal<\/a><\/td><td style=\"width: 16.6%;\">\u00a0<\/td><\/tr><tr><td style=\"width: 9%;\">Ordinaire<\/td><td style=\"width: 26%;\">Le lundi 24 f\u00e9vrier<\/td><td style=\"width: 15%;\">20 h<\/td><td style=\"width: 16.6%;\"><a href=\"https:\/\/montreal-west.ca\/wp-content\/uploads\/2020\/02\/2020-02-24-ordre-du-jour.pdf\" target=\"_blank\" rel=\"noopener\"><i class=\"fa fa-file-pdf-o\"><\/i> Ordre du jour<\/a><\/td><td style=\"width: 16.6%;\"><a href=\"https:\/\/montreal-west.ca\/wp-content\/uploads\/2020\/07\/2020-02-24-proces-verbal.pdf\" target=\"_blank\" rel=\"noopener\"><i class=\"fa fa-file-pdf-o\"><\/i> Proc\u00e8s-verbal<\/a><\/td><td style=\"width: 16.6%;\">\u00a0<\/td><\/tr><tr><td style=\"width: 9%;\">Sp\u00e9ciale<\/td><td style=\"width: 26%;\">Le vendredi 13 mars<\/td><td style=\"width: 15%;\">8 h 15<\/td><td style=\"width: 16.6%;\"><a href=\"https:\/\/montreal-west.ca\/wp-content\/uploads\/2020\/04\/2020-03-13-ordre-du-jour-speciale.pdf\" target=\"_blank\" rel=\"noopener\"><i class=\"fa fa-file-pdf-o\"><\/i> Ordre du jour<\/a><\/td><td style=\"width: 16.6%;\"><a href=\"https:\/\/montreal-west.ca\/wp-content\/uploads\/2020\/07\/2020-03-13-speciale-proces-verbal.pdf\" target=\"_blank\" rel=\"noopener\"><i class=\"fa fa-file-pdf-o\"><\/i> Proc\u00e8s-verbal<\/a><\/td><td style=\"width: 16.6%;\">\u00a0<\/td><\/tr><tr><td style=\"width: 9%;\">Sp\u00e9ciale<\/td><td style=\"width: 26%;\">Le mardi 24 mars<\/td><td style=\"width: 15%;\">11 h 45<\/td><td style=\"width: 16.6%;\"><a href=\"https:\/\/montreal-west.ca\/wp-content\/uploads\/2020\/04\/2020-03-24-ordre-du-jour-speciale.pdf\" target=\"_blank\" rel=\"noopener\"><i class=\"fa fa-file-pdf-o\"><\/i> Ordre du jour<\/a><\/td><td style=\"width: 16.6%;\"><a href=\"https:\/\/montreal-west.ca\/wp-content\/uploads\/2020\/07\/2020-03-24-speciale-proces-verbal.pdf\" target=\"_blank\" rel=\"noopener\"><i class=\"fa fa-file-pdf-o\"><\/i> Proc\u00e8s-verbal<\/a><\/td><td style=\"width: 16.6%;\">\u00a0<\/td><\/tr><tr><td style=\"width: 9%;\">Ordinaire<\/td><td style=\"width: 26%;\">Le lundi 30 mars<\/td><td style=\"width: 15%;\">20 h<\/td><td style=\"width: 16.6%;\"><a href=\"https:\/\/montreal-west.ca\/wp-content\/uploads\/2020\/04\/2020-03-30-ordre-du-jour.pdf\" target=\"_blank\" rel=\"noopener\"><i class=\"fa fa-file-pdf-o\"><\/i> Ordre du jour<\/a><\/td><td style=\"width: 16.6%;\"><a href=\"https:\/\/montreal-west.ca\/wp-content\/uploads\/2020\/07\/2020-03-30-proces-verbal.pdf\" target=\"_blank\" rel=\"noopener\"><i class=\"fa fa-file-pdf-o\"><\/i> Proc\u00e8s-verbal<\/a><\/td><td style=\"width: 16.6%;\"><a href=\"https:\/\/montreal-west.ca\/wp-content\/uploads\/2020\/03\/2020-03-30-council-1.mp3\" target=\"blank\" rel=\"noopener\"><i class=\"fa fa-play-circle\"><\/i> Audio<\/a><\/td><\/tr><tr><td style=\"width: 9%;\">Sp\u00e9ciale<\/td><td style=\"width: 26%;\">Le jeudi 16 avril<\/td><td style=\"width: 15%;\">18 h<\/td><td style=\"width: 16.6%;\"><a href=\"https:\/\/montreal-west.ca\/wp-content\/uploads\/2020\/04\/2020-04-16-speciale-ordre-du-jour.pdf\" target=\"_blank\" rel=\"noopener\"><i class=\"fa fa-file-pdf-o\"><\/i> Ordre du jour<\/a><\/td><td style=\"width: 16.6%;\"><a href=\"https:\/\/montreal-west.ca\/wp-content\/uploads\/2020\/07\/2020-04-16-speciale-proces-verbal.pdf\" target=\"_blank\" rel=\"noopener\"><i class=\"fa fa-file-pdf-o\"><\/i> Proc\u00e8s-verbal<\/a><\/td><td style=\"width: 16.6%;\"><a href=\"https:\/\/montreal-west.ca\/wp-content\/uploads\/2020\/04\/2020-04-16-special-council-meeting-audio.mp3\" target=\"blank\" rel=\"noopener\"><i class=\"fa fa-play-circle\"><\/i> Audio<\/a><\/td><\/tr><tr><td style=\"width: 9%;\">Ordinaire<\/td><td style=\"width: 26%;\">Le lundi 27 avril<\/td><td style=\"width: 15%;\">20 h<\/td><td style=\"width: 16.6%;\"><a href=\"https:\/\/montreal-west.ca\/wp-content\/uploads\/2020\/04\/2020-04-27-ordre-du-jour.pdf\" target=\"_blank\" rel=\"noopener\"><i class=\"fa fa-file-pdf-o\"><\/i> Ordre du jour<\/a><\/td><td style=\"width: 16.6%;\"><a href=\"https:\/\/montreal-west.ca\/wp-content\/uploads\/2020\/07\/2020-04-27-proces-verbal.pdf\" target=\"_blank\" rel=\"noopener\"><i class=\"fa fa-file-pdf-o\"><\/i> Proc\u00e8s-verbal<\/a><\/td><td style=\"width: 16.6%;\"><a href=\"https:\/\/montreal-west.ca\/wp-content\/uploads\/2020\/04\/2020-04-27-council-meeting-audio.mp3\" target=\"blank\" rel=\"noopener\"><i class=\"fa fa-play-circle\"><\/i> Audio<\/a><\/td><\/tr><tr><td style=\"width: 9%;\">Sp\u00e9ciale<\/td><td style=\"width: 26%;\">Le jeudi 7 mai<\/td><td style=\"width: 15%;\">18 h 30<\/td><td style=\"width: 16.6%;\"><a href=\"https:\/\/montreal-west.ca\/wp-content\/uploads\/2020\/05\/2020-05-07-ordre-du-jour-speciale.pdf\" target=\"_blank\" rel=\"noopener\"><i class=\"fa fa-file-pdf-o\"><\/i> Ordre du jour<\/a><\/td><td style=\"width: 16.6%;\"><a href=\"https:\/\/montreal-west.ca\/wp-content\/uploads\/2020\/11\/P.V.-spe\u0301ciale-2020-05-07-FR.pdf\" target=\"_blank\" rel=\"noopener\"><i class=\"fa fa-file-pdf-o\"><\/i> Proc\u00e8s-verbal<\/a><\/td><td style=\"width: 16.6%;\"><a href=\"https:\/\/montreal-west.ca\/wp-content\/uploads\/2020\/05\/2020-05-07-council-meeting-audio.mp3\" target=\"blank\" rel=\"noopener\"><i class=\"fa fa-play-circle\"><\/i> Audio<\/a><\/td><\/tr><tr><td style=\"width: 9%;\">Ordinaire<\/td><td style=\"width: 26%;\">Le lundi 25 mai<\/td><td style=\"width: 15%;\">20 h<\/td><td style=\"width: 16.6%;\"><a href=\"https:\/\/montreal-west.ca\/wp-content\/uploads\/2020\/05\/2020-05-25-ordre-du-jour.pdf\" target=\"_blank\" rel=\"noopener\"><i class=\"fa fa-file-pdf-o\"><\/i> Ordre du jour<\/a><\/td><td style=\"width: 16.6%;\"><a href=\"https:\/\/montreal-west.ca\/wp-content\/uploads\/2020\/11\/P.V.-ordinaire-2020-05-25-FR.pdf\" target=\"_blank\" rel=\"noopener\"><i class=\"fa fa-file-pdf-o\"><\/i> Proc\u00e8s-verbal<\/a><\/td><td style=\"width: 16.6%;\"><i class=\"fa fa-youtube\"><\/i> <a href=\"https:\/\/youtu.be\/1DYH5UH4Wbo\" target=\"blank\"> Webdiffusion<\/a><\/td><\/tr><tr><td style=\"width: 9%;\">Sp\u00e9ciale<\/td><td style=\"width: 26%;\">Le jeudi 4 juin<\/td><td style=\"width: 15%;\">18 h 30<\/td><td style=\"width: 16.6%;\"><a href=\"https:\/\/montreal-west.ca\/wp-content\/uploads\/2020\/06\/2020-06-04-ordre-du-jour-speciale.pdf\" target=\"_blank\" rel=\"noopener\"><i class=\"fa fa-file-pdf-o\"><\/i> Ordre du jour<\/a><\/td><td style=\"width: 16.6%;\"><a href=\"https:\/\/montreal-west.ca\/wp-content\/uploads\/2020\/11\/P.V.-spe\u0301ciale-2020-06-04-FR.pdf\" target=\"_blank\" rel=\"noopener\"><i class=\"fa fa-file-pdf-o\"><\/i> Proc\u00e8s-verbal<\/a><\/td><td style=\"width: 16.6%;\"><a href=\"https:\/\/montreal-west.ca\/wp-content\/uploads\/2020\/06\/2020-06-04-council-meeting-audio.mp3\" target=\"blank\" rel=\"noopener\"><i class=\"fa fa-play-circle\"><\/i> Audio<\/a><\/td><\/tr><tr><td style=\"width: 9%;\">Sp\u00e9ciale<\/td><td style=\"width: 26%;\">Le jeudi 11 juin<\/td><td style=\"width: 15%;\">20 h<\/td><td style=\"width: 16.6%;\"><a href=\"https:\/\/montreal-west.ca\/wp-content\/uploads\/2020\/07\/2020-06-11-speciale-ordre-du-jour.pdf\" target=\"_blank\" rel=\"noopener\"><i class=\"fa fa-file-pdf-o\"><\/i> Ordre du jour<\/a><\/td><td style=\"width: 16.6%;\"><a href=\"https:\/\/montreal-west.ca\/wp-content\/uploads\/2020\/11\/P.V.-spe\u0301ciale-2020-06-11-FR.pdf\" target=\"_blank\" rel=\"noopener\"><i class=\"fa fa-file-pdf-o\"><\/i> Proc\u00e8s-verbal<\/a><\/td><td style=\"width: 16.6%;\"><a href=\"https:\/\/montreal-west.ca\/wp-content\/uploads\/2020\/06\/2020-06-12-council-meeting-audio.mp3\" target=\"blank\" rel=\"noopener\"><i class=\"fa fa-play-circle\"><\/i> Audio<\/a><\/td><\/tr><tr><td style=\"width: 9%;\">Sp\u00e9ciale<\/td><td style=\"width: 26%;\">Le jeudi 18 juin<\/td><td style=\"width: 15%;\">18 h 30<\/td><td style=\"width: 16.6%;\"><a href=\"https:\/\/montreal-west.ca\/wp-content\/uploads\/2020\/07\/2020-06-18-special-ordre-du-jour.pdf\" target=\"_blank\" rel=\"noopener\"><i class=\"fa fa-file-pdf-o\"><\/i> Ordre du jour<\/a><\/td><td style=\"width: 16.6%;\"><a href=\"https:\/\/montreal-west.ca\/wp-content\/uploads\/2020\/11\/P.V.-spe\u0301ciale-2020-06-18-FR.pdf\" target=\"_blank\" rel=\"noopener\"><i class=\"fa fa-file-pdf-o\"><\/i> Proc\u00e8s-verbal<\/a><\/td><td style=\"width: 16.6%;\"><a href=\"https:\/\/montreal-west.ca\/wp-content\/uploads\/2020\/06\/2020-06-18-special-audio.mp3\" target=\"blank\" rel=\"noopener\"><i class=\"fa fa-play-circle\"><\/i> Audio<\/a><\/td><\/tr><tr><td style=\"width: 9%;\">Ordinaire<\/td><td style=\"width: 26%;\">Le lundi 29 juin<\/td><td style=\"width: 15%;\">20 h<\/td><td style=\"width: 16.6%;\"><a href=\"https:\/\/montreal-west.ca\/wp-content\/uploads\/2020\/06\/2020-06-29-ordre-du-jour.pdf\" target=\"_blank\" rel=\"noopener\"><i class=\"fa fa-file-pdf-o\"><\/i> Ordre du jour<\/a><\/td><td style=\"width: 16.6%;\"><a href=\"https:\/\/montreal-west.ca\/wp-content\/uploads\/2020\/11\/P.V.-ordinaire-2020-06-29-FR.pdf\" target=\"_blank\" rel=\"noopener\"><i class=\"fa fa-file-pdf-o\"><\/i> Proc\u00e8s-verbal<\/a><\/td><td style=\"width: 16.6%;\"><i class=\"fa fa-youtube\"><\/i> <a href=\"https:\/\/youtu.be\/yg87IlLBx3E\" target=\"blank\"> Webdiffusion<\/a><\/td><\/tr><tr><td style=\"width: 9%;\">Sp\u00e9ciale<\/td><td style=\"width: 26%;\">Le jeudi 9 juillet<\/td><td style=\"width: 15%;\">18 h 30<\/td><td style=\"width: 16.6%;\"><a href=\"https:\/\/montreal-west.ca\/wp-content\/uploads\/2020\/07\/2020-07-09-speciale-ordre-du-jour.pdf\" target=\"_blank\" rel=\"noopener\"><i class=\"fa fa-file-pdf-o\"><\/i> Ordre du jour<\/a><\/td><td style=\"width: 16.6%;\"><a href=\"https:\/\/montreal-west.ca\/wp-content\/uploads\/2020\/11\/P.V.-spe\u0301ciale-2020-07-09-FR.pdf\" target=\"_blank\" rel=\"noopener\"><i class=\"fa fa-file-pdf-o\"><\/i> Proc\u00e8s-verbal<\/a><\/td><td style=\"width: 16.6%;\"><a href=\"https:\/\/montreal-west.ca\/wp-content\/uploads\/2020\/07\/2020-07-09-council-meeting-audio.mp3\" target=\"blank\" rel=\"noopener\"><i class=\"fa fa-play-circle\"><\/i> Audio<\/a><\/td><\/tr><tr><td style=\"width: 9%;\">Sp\u00e9ciale<\/td><td style=\"width: 26%;\">Le jeudi 6 ao\u00fbt<\/td><td style=\"width: 15%;\">18 h 30<\/td><td style=\"width: 16.6%;\"><a href=\"https:\/\/montreal-west.ca\/wp-content\/uploads\/2020\/11\/O.J.-2020-08-06-FR.pdf\" target=\"_blank\" rel=\"noopener\"><i class=\"fa fa-file-pdf-o\"><\/i> Ordre du jour<\/a><\/td><td style=\"width: 16.6%;\"><a href=\"https:\/\/montreal-west.ca\/wp-content\/uploads\/2021\/03\/PV-speciale-2020-08-06-FR.pdf\" target=\"_blank\" rel=\"noopener\"><i class=\"fa fa-file-pdf-o\"><\/i> Proc\u00e8s-verbal<\/a><\/td><td style=\"width: 16.6%;\"><a href=\"https:\/\/montreal-west.ca\/wp-content\/uploads\/2020\/08\/2020-08-06-special-council-meeting.mp3\" target=\"blank\" rel=\"noopener\"><i class=\"fa fa-play-circle\"><\/i> Audio<\/a><\/td><\/tr><tr><td style=\"width: 9%;\">Ordinaire<\/td><td style=\"width: 26%;\">Le lundi 31 ao\u00fbt<\/td><td style=\"width: 15%;\">20 h<\/td><td style=\"width: 16.6%;\"><a href=\"https:\/\/montreal-west.ca\/wp-content\/uploads\/2020\/08\/2020-08-31-ordre-du-jour.pdf\" target=\"_blank\" rel=\"noopener\"><i class=\"fa fa-file-pdf-o\"><\/i> Ordre du jour<\/a><\/td><td style=\"width: 16.6%;\"><a href=\"https:\/\/montreal-west.ca\/wp-content\/uploads\/2021\/03\/P.V.-ordinaire-2020-08-31-FR.pdf\" target=\"_blank\" rel=\"noopener\"><i class=\"fa fa-file-pdf-o\"><\/i> Proc\u00e8s-verbal<\/a><\/td><td style=\"width: 16.6%;\"><i class=\"fa fa-youtube\"><\/i> <a href=\"https:\/\/youtu.be\/PlN4J6KWk20?t=26\" target=\"blank\"> Webdiffusion<\/a><\/td><\/tr><tr><td style=\"width: 9%;\">Sp\u00e9ciale<\/td><td style=\"width: 26%;\">Le jeudi 10 septembre<\/td><td style=\"width: 15%;\">18 h 30<\/td><td style=\"width: 16.6%;\"><a href=\"https:\/\/montreal-west.ca\/wp-content\/uploads\/2020\/11\/O.J.-2020-09-10-FR.pdf\" target=\"_blank\" rel=\"noopener\"><i class=\"fa fa-file-pdf-o\"><\/i> Ordre du jour<\/a><\/td><td style=\"width: 16.6%;\"><a href=\"https:\/\/montreal-west.ca\/wp-content\/uploads\/2021\/03\/PV-speciale-2020-09-10-FR.pdf\" target=\"_blank\" rel=\"noopener\"><i class=\"fa fa-file-pdf-o\"><\/i> Proc\u00e8s-verbal<\/a><\/td><td style=\"width: 16.6%;\"><a href=\"https:\/\/montreal-west.ca\/wp-content\/uploads\/2020\/09\/2020-09-10-council-meeting-audio.mp3\" target=\"blank\" rel=\"noopener\"><i class=\"fa fa-play-circle\"><\/i> Audio<\/a><\/td><\/tr><tr><td style=\"width: 9%;\">Sp\u00e9ciale<\/td><td style=\"width: 26%;\">Le lundi 21 septembre<\/td><td style=\"width: 15%;\">8 h 00<\/td><td style=\"width: 16.6%;\"><a href=\"https:\/\/montreal-west.ca\/wp-content\/uploads\/2020\/11\/O.J.-2020-09-21-FR.pdf\" target=\"_blank\" rel=\"noopener\"><i class=\"fa fa-file-pdf-o\"><\/i> Ordre du jour<\/a><\/td><td style=\"width: 16.6%;\"><a href=\"https:\/\/montreal-west.ca\/wp-content\/uploads\/2021\/03\/PV-speciale-2020-09-21-FR.pdf\" target=\"_blank\" rel=\"noopener\"><i class=\"fa fa-file-pdf-o\"><\/i> Proc\u00e8s-verbal<\/a><\/td><td style=\"width: 16.6%;\"><a href=\"https:\/\/montreal-west.ca\/wp-content\/uploads\/2020\/09\/2020-09-21-special.mp3\" target=\"blank\" rel=\"noopener\"><i class=\"fa fa-play-circle\"><\/i> Audio<\/a><\/td><\/tr><tr><td style=\"width: 9%;\">Sp\u00e9ciale<\/td><td style=\"width: 26%;\">Le jeudi 24 septembre<\/td><td style=\"width: 15%;\">18 h 45<\/td><td style=\"width: 16.6%;\"><a href=\"https:\/\/montreal-west.ca\/wp-content\/uploads\/2020\/11\/O.J.-2020-09-24-FR.pdf\" target=\"_blank\" rel=\"noopener\"><i class=\"fa fa-file-pdf-o\"><\/i> Ordre du jour<\/a><\/td><td style=\"width: 16.6%;\"><a href=\"https:\/\/montreal-west.ca\/wp-content\/uploads\/2021\/03\/PV-speciale-2020-09-24-FR.pdf\" target=\"_blank\" rel=\"noopener\"><i class=\"fa fa-file-pdf-o\"><\/i> Proc\u00e8s-verbal<\/a><\/td><td style=\"width: 16.6%;\"><a href=\"https:\/\/montreal-west.ca\/wp-content\/uploads\/2020\/09\/2020-09-24-special.mp3\" target=\"blank\" rel=\"noopener\"><i class=\"fa fa-play-circle\"><\/i> Audio<\/a><\/td><\/tr><tr><td style=\"width: 9%;\">Ordinaire<\/td><td style=\"width: 26%;\">Le mardi 29 septembre<\/td><td style=\"width: 15%;\">20 h<\/td><td style=\"width: 16.6%;\"><a href=\"https:\/\/montreal-west.ca\/wp-content\/uploads\/2020\/09\/OJ-2020-09-29-ordinaire-FR.pdf\" target=\"_blank\" rel=\"noopener\"><i class=\"fa fa-file-pdf-o\"><\/i> Ordre du jour<\/a><\/td><td style=\"width: 16.6%;\"><a href=\"https:\/\/montreal-west.ca\/wp-content\/uploads\/2021\/03\/P.V.-ordinaire-2020-09-29-FR.pdf\" target=\"_blank\" rel=\"noopener\"><i class=\"fa fa-file-pdf-o\"><\/i> Proc\u00e8s-verbal<\/a><\/td><td style=\"width: 16.6%;\"><i class=\"fa fa-youtube\"><\/i> <a href=\"https:\/\/youtu.be\/8Jrx-_YrwsM\" target=\"blank\"> Webdiffusion<\/a><\/td><\/tr><tr><td style=\"width: 9%;\">Sp\u00e9ciale<\/td><td style=\"width: 26%;\">Le jeudi 8 octobre<\/td><td style=\"width: 15%;\">18 h 30<\/td><td style=\"width: 16.6%;\"><a href=\"https:\/\/montreal-west.ca\/wp-content\/uploads\/2020\/11\/O.J.-2020-10-08-FR.pdf\" target=\"_blank\" rel=\"noopener\"><i class=\"fa fa-file-pdf-o\"><\/i> Ordre du jour<\/a><\/td><td style=\"width: 16.6%;\"><a href=\"https:\/\/montreal-west.ca\/wp-content\/uploads\/2021\/03\/PV-speciale-2020-10-08-FR.pdf\" target=\"_blank\" rel=\"noopener\"><i class=\"fa fa-file-pdf-o\"><\/i> Proc\u00e8s-verbal<\/a><\/td><td style=\"width: 16.6%;\"><a href=\"https:\/\/montreal-west.ca\/wp-content\/uploads\/2020\/10\/2020-10-08-speciale.mp3\" target=\"blank\" rel=\"noopener\"><i class=\"fa fa-play-circle\"><\/i> Audio<\/a><\/td><\/tr><tr><td style=\"width: 9%;\">Sp\u00e9ciale<\/td><td style=\"width: 26%;\">Le jeudi 22 octobre<\/td><td style=\"width: 15%;\">18 h 30<\/td><td style=\"width: 16.6%;\"><a href=\"https:\/\/montreal-west.ca\/wp-content\/uploads\/2020\/11\/O.J.-2020-10-22-FR.pdf\" target=\"_blank\" rel=\"noopener\"><i class=\"fa fa-file-pdf-o\"><\/i> Ordre du jour<\/a><\/td><td style=\"width: 16.6%;\"><a href=\"https:\/\/montreal-west.ca\/wp-content\/uploads\/2021\/03\/PV-speciale-2020-10-22-FR.pdf\" target=\"_blank\" rel=\"noopener\"><i class=\"fa fa-file-pdf-o\"><\/i> Proc\u00e8s-verbal<\/a><\/td><td style=\"width: 16.6%;\"><a href=\"https:\/\/montreal-west.ca\/wp-content\/uploads\/2020\/10\/2020-10-22-spe\u0301ciale.mp3\" target=\"blank\" rel=\"noopener\"><i class=\"fa fa-play-circle\"><\/i> Audio<\/a><\/td><\/tr><tr><td style=\"width: 9%;\">Ordinaire<\/td><td style=\"width: 26%;\">Le lundi 26 octobre<\/td><td style=\"width: 15%;\">20 h<\/td><td style=\"width: 16.6%;\"><a href=\"https:\/\/montreal-west.ca\/wp-content\/uploads\/2020\/10\/OJ-2020-10-26-ordinaire-FR.pdf\" target=\"_blank\" rel=\"noopener\"><i class=\"fa fa-file-pdf-o\"><\/i> Ordre du jour<\/a><\/td><td style=\"width: 16.6%;\"><a href=\"https:\/\/montreal-west.ca\/wp-content\/uploads\/2021\/03\/P.V.-ordinaire-2020-10-26-FR.pdf\" target=\"_blank\" rel=\"noopener\"><i class=\"fa fa-file-pdf-o\"><\/i> Proc\u00e8s-verbal<\/a><\/td><td style=\"width: 16.6%;\"><i class=\"fa fa-youtube\"><\/i> <a href=\"https:\/\/youtu.be\/sznFiLX7dyA \" target=\"blank\"> Webdiffusion<\/a><\/td><\/tr><tr><td style=\"width: 9%;\">Sp\u00e9ciale<\/td><td style=\"width: 26%;\">Le jeudi 12 novembre<\/td><td style=\"width: 15%;\">18 h 30<\/td><td style=\"width: 16.6%;\"><a href=\"https:\/\/montreal-west.ca\/wp-content\/uploads\/2020\/11\/O.J.-2020-11-12-FR.pdf\" target=\"_blank\" rel=\"noopener\"><i class=\"fa fa-file-pdf-o\"><\/i> Ordre du jour<\/a><\/td><td style=\"width: 16.6%;\"><a href=\"https:\/\/montreal-west.ca\/wp-content\/uploads\/2021\/03\/PV-speciale-2020-11-12-FR.pdf\" target=\"_blank\" rel=\"noopener\"><i class=\"fa fa-file-pdf-o\"><\/i> Proc\u00e8s-verbal<\/a><\/td><td style=\"width: 16.6%;\"><a href=\"https:\/\/montreal-west.ca\/wp-content\/uploads\/2020\/11\/2020-11-12-Audio-.mp3\" target=\"blank\" rel=\"noopener\"><i class=\"fa fa-play-circle\"><\/i> Audio<\/a><\/td><\/tr><tr><td style=\"width: 9%;\">Ordinaire<\/td><td style=\"width: 26%;\">Le lundi 30 novembre<\/td><td style=\"width: 15%;\">20 h<\/td><td style=\"width: 16.6%;\"><a href=\"https:\/\/montreal-west.ca\/wp-content\/uploads\/2020\/11\/OJ-2020-11-30-ordinaire-FR.pdf\" target=\"_blank\" rel=\"noopener\"><i class=\"fa fa-file-pdf-o\"><\/i> Ordre du jour<\/a><\/td><td style=\"width: 16.6%;\"><a href=\"https:\/\/montreal-west.ca\/wp-content\/uploads\/2021\/03\/P.V.-ordinaire-2020-11-30-FR.pdf\" target=\"_blank\" rel=\"noopener\"><i class=\"fa fa-file-pdf-o\"><\/i> Proc\u00e8s-verbal<\/a><\/td><td style=\"width: 16.6%;\"><i class=\"fa fa-youtube\"><\/i> <a href=\"https:\/\/youtu.be\/mBhd3QG5dTc \" target=\"blank\"> Webdiffusion<\/a><\/td><\/tr><tr><td style=\"width: 9%;\">Sp\u00e9ciale<\/td><td style=\"width: 26%;\">Le jeudi 10 d\u00e9cembre<\/td><td style=\"width: 15%;\">18 h 30<\/td><td style=\"width: 16.6%;\"><a href=\"https:\/\/montreal-west.ca\/wp-content\/uploads\/2020\/12\/O.J.-2020-12-10-FR.pdf\" target=\"_blank\" rel=\"noopener\"><i class=\"fa fa-file-pdf-o\"><\/i> Ordre du jour<\/a><\/td><td style=\"width: 16.6%;\"><a href=\"https:\/\/montreal-west.ca\/wp-content\/uploads\/2021\/03\/PV-speciale-2020-12-10-FR.pdf\" target=\"_blank\" rel=\"noopener\"><i class=\"fa fa-file-pdf-o\"><\/i> Proc\u00e8s-verbal<\/a><\/td><td style=\"width: 16.6%;\"><a href=\"https:\/\/montreal-west.ca\/wp-content\/uploads\/2020\/12\/audio-speciale-2020-12-10.mp3\" target=\"blank\" rel=\"noopener\"><i class=\"fa fa-play-circle\"><\/i> Audio<\/a><\/td><\/tr><tr><td style=\"width: 9%;\">Sp\u00e9ciale<\/td><td style=\"width: 26%;\">Le lundi 14 d\u00e9cembre<\/td><td style=\"width: 15%;\">19 h 30<\/td><td style=\"width: 16.6%;\"><a href=\"https:\/\/montreal-west.ca\/wp-content\/uploads\/2020\/12\/OJ-2020-12-14-1-budget-FR.pdf\" target=\"_blank\" rel=\"noopener\"><i class=\"fa fa-file-pdf-o\"><\/i> Ordre du jour<\/a><\/td><td style=\"width: 16.6%;\"><a href=\"https:\/\/montreal-west.ca\/wp-content\/uploads\/2021\/03\/PV-speciale-2020-12-14-1-FR.pdf\" target=\"_blank\" rel=\"noopener\"><i class=\"fa fa-file-pdf-o\"><\/i> Proc\u00e8s-verbal<\/a><\/td><td style=\"width: 16.6%;\"><i class=\"fa fa-youtube\"><\/i> <a href=\"https:\/\/youtu.be\/42QB9n9_KNA\" target=\"blank\"> Webdiffusion<\/a><\/td><\/tr><tr><td style=\"width: 9%;\">Ordinaire<\/td><td style=\"width: 26%;\">Le lundi 14 d\u00e9cembre<\/td><td style=\"width: 15%;\">20 h<\/td><td style=\"width: 16.6%;\"><a href=\"https:\/\/montreal-west.ca\/wp-content\/uploads\/2020\/12\/OJ-2020-12-14-2-ordinaire-FR.pdf\" target=\"_blank\" rel=\"noopener\"><i class=\"fa fa-file-pdf-o\"><\/i> Ordre du jour<\/a><\/td><td style=\"width: 16.6%;\"><a href=\"https:\/\/montreal-west.ca\/wp-content\/uploads\/2021\/03\/P.V.-ordinaire-2020-12-14-2-FR.pdf\" target=\"_blank\" rel=\"noopener\"><i class=\"fa fa-file-pdf-o\"><\/i> Proc\u00e8s-verbal<\/a><\/td><td style=\"width: 16.6%;\"><i class=\"fa fa-youtube\"><\/i> <a href=\"https:\/\/youtu.be\/pgPUih9iubQ\" target=\"blank\"> Webdiffusion<\/a><\/td><\/tr><\/tbody><\/table>\t\t\t\t\t\t<\/div>\n\t\t\t\t\t<\/div>\n\t\t\t\t<\/div>\n\t\t\t\t\t\t\t\t<div class=\"accordion-card\">\n\t\t\t\t\t<div class=\"accordion-header\" id=\"elementor-tab-title-6\">\n\t\t  \t\t        <button class=\"btn btn-link d-flex align-items-center justify-content-between collapsed\" data-toggle=\"collapse\" data-target=\"#elementor-tab-content-6\" aria-expanded=\"true\" aria-controls=\"elementor-tab-content-6\">\n\t\t\t\t\t\t\t2019\t\t\t\t\t\t\t<img decoding=\"async\" src=\"https:\/\/montreal-ouest.ca\/wp-content\/themes\/penega\/images\/right-arrow.png\" alt=\"Right arrow\">\n\t\t\t\t\t\t<\/button>\n\t\t\t\t\t<\/div>\n\t\t\t\t\t<div id=\"elementor-tab-content-6\" class=\"collapse\" aria-labbeledby=\"elementor-tab-title-6\" data-parent=\".penega-accordion\">\n\t\t\t\t\t\t<div class=\"card-body\">\n\t\t\t\t\t\t\t<table style=\"width: 78%; height: 1320px;\" border=\"1\"><thead><tr style=\"height: 24px;\"><td style=\"width: 15%; height: 24px;\">S\u00e9ance<\/td><td style=\"width: 25%; height: 24px;\">Date<\/td><td style=\"width: 20%; height: 24px;\">Heure<\/td><td style=\"width: 40%; text-align: center; height: 24px;\" colspan=\"2\">Documents<\/td><\/tr><\/thead><tbody><tr style=\"height: 48px;\"><td style=\"width: 15%; height: 48px;\">Sp\u00e9ciale<\/td><td style=\"width: 25%; height: 48px;\">Le lundi 7 janvier<\/td><td style=\"width: 20%; height: 48px;\">17 h 30<\/td><td style=\"width: 20%; height: 48px;\"><a href=\"https:\/\/montreal-west.ca\/wp-content\/uploads\/2019\/01\/2019-01-07-speciale-ordre-du-jour.pdf\" target=\"_blank\" rel=\"noopener\"><i class=\"fa fa-file-pdf-o\"><\/i> Ordre du jour<\/a><\/td><td style=\"width: 20%; height: 48px;\"><a href=\"https:\/\/montreal-west.ca\/wp-content\/uploads\/2020\/02\/2019-01-07-speciale-proces-verbal.pdf\" target=\"_blank\" rel=\"noopener\"><i class=\"fa fa-file-pdf-o\"><\/i> Proc\u00e8s-verbal<\/a><\/td><\/tr><tr style=\"height: 48px;\"><td style=\"width: 15%; height: 48px;\">Ordinaire<\/td><td style=\"width: 25%; height: 48px;\">Le lundi 28 janvier<\/td><td style=\"width: 20%; height: 48px;\">20 h<\/td><td style=\"width: 20%; height: 48px;\"><a href=\"https:\/\/montreal-west.ca\/wp-content\/uploads\/2019\/01\/2019-01-28-ordre-du-jour.pdf\" target=\"_blank\" rel=\"noopener\"><i class=\"fa fa-file-pdf-o\"><\/i> Ordre du jour<\/a><\/td><td style=\"width: 20%; height: 48px;\"><a href=\"https:\/\/montreal-west.ca\/wp-content\/uploads\/2020\/02\/2019-01-28-proces-verbal.pdf\" target=\"_blank\" rel=\"noopener\"><i class=\"fa fa-file-pdf-o\"><\/i> Proc\u00e8s-verbal<\/a><\/td><\/tr><tr style=\"height: 48px;\"><td style=\"width: 15%; height: 48px;\">Sp\u00e9ciale<\/td><td style=\"width: 25%; height: 48px;\">Le vendredi 8 f\u00e9vrier<\/td><td style=\"width: 20%; height: 48px;\">8 h<\/td><td style=\"width: 20%; height: 48px;\"><a href=\"https:\/\/montreal-west.ca\/wp-content\/uploads\/2019\/02\/2019-02-08-speciale-ordre-du-jour.pdf\" target=\"_blank\" rel=\"noopener\"><i class=\"fa fa-file-pdf-o\"><\/i> Ordre du jour<\/a><\/td><td style=\"width: 20%; height: 48px;\"><a href=\"https:\/\/montreal-west.ca\/wp-content\/uploads\/2020\/02\/2019-02-08-speciale-proces-verbal.pdf\" target=\"_blank\" rel=\"noopener\"><i class=\"fa fa-file-pdf-o\"><\/i> Proc\u00e8s-verbal<\/a><\/td><\/tr><tr style=\"height: 48px;\"><td style=\"width: 15%; height: 48px;\">Ordinaire<\/td><td style=\"width: 25%; height: 48px;\">Le lundi 25 f\u00e9vrier<\/td><td style=\"width: 20%; height: 48px;\">20 h<\/td><td style=\"width: 20%; height: 48px;\"><a href=\"https:\/\/montreal-west.ca\/wp-content\/uploads\/2019\/02\/2019-02-25-ordre-du-jour.pdf\" target=\"_blank\" rel=\"noopener\"><i class=\"fa fa-file-pdf-o\"><\/i> Ordre du jour<\/a><\/td><td style=\"width: 20%; height: 48px;\"><a href=\"https:\/\/montreal-west.ca\/wp-content\/uploads\/2020\/03\/2019-02-25-proces-verbal.pdf\" target=\"_blank\" rel=\"noopener\"><i class=\"fa fa-file-pdf-o\"><\/i> Proc\u00e8s-verbal<\/a><\/td><\/tr><tr style=\"height: 48px;\"><td style=\"width: 15%; height: 48px;\">Sp\u00e9ciale<\/td><td style=\"width: 25%; height: 48px;\">Le vendredi 8 mars<\/td><td style=\"width: 20%; height: 48px;\">8 h<\/td><td style=\"width: 20%; height: 48px;\"><a href=\"https:\/\/montreal-west.ca\/wp-content\/uploads\/2019\/05\/2019-03-08-speciale-ordre-du-jour.pdf\" target=\"_blank\" rel=\"noopener\"><i class=\"fa fa-file-pdf-o\"><\/i> Ordre du jour<\/a><\/td><td style=\"width: 20%; height: 48px;\"><a href=\"https:\/\/montreal-west.ca\/wp-content\/uploads\/2020\/03\/2019-03-08-speciale-proces-verbal.pdf\" target=\"_blank\" rel=\"noopener\"><i class=\"fa fa-file-pdf-o\"><\/i> Proc\u00e8s-verbal<\/a><\/td><\/tr><tr style=\"height: 48px;\"><td style=\"width: 15%; height: 48px;\">Ordinaire<\/td><td style=\"width: 25%; height: 48px;\">Le lundi 25 mars<\/td><td style=\"width: 20%; height: 48px;\">20 h<\/td><td style=\"width: 20%; height: 48px;\"><a href=\"https:\/\/montreal-west.ca\/wp-content\/uploads\/2019\/05\/2019-03-25-ordre-du-jour.pdf\" target=\"_blank\" rel=\"noopener\"><i class=\"fa fa-file-pdf-o\"><\/i> Ordre du jour<\/a><\/td><td style=\"width: 20%; height: 48px;\"><a href=\"https:\/\/montreal-west.ca\/wp-content\/uploads\/2020\/02\/2019-03-25-proces-verbal.pdf\" target=\"_blank\" rel=\"noopener\"><i class=\"fa fa-file-pdf-o\"><\/i> Proc\u00e8s-verbal<\/a><\/td><\/tr><tr style=\"height: 48px;\"><td style=\"width: 15%; height: 48px;\">Sp\u00e9ciale<\/td><td style=\"width: 25%; height: 48px;\">Le vendredi 12 avril<\/td><td style=\"width: 20%; height: 48px;\">8 h<\/td><td style=\"width: 20%; height: 48px;\"><a href=\"https:\/\/montreal-west.ca\/wp-content\/uploads\/2019\/05\/2019-04-12-speciale-ordre-du-jour.pdf\" target=\"_blank\" rel=\"noopener\"><i class=\"fa fa-file-pdf-o\"><\/i> Ordre du jour<\/a><\/td><td style=\"width: 20%; height: 48px;\"><a href=\"https:\/\/montreal-west.ca\/wp-content\/uploads\/2020\/03\/2019-04-12-speciale-proces-verbal.pdf\" target=\"_blank\" rel=\"noopener\"><i class=\"fa fa-file-pdf-o\"><\/i> Proc\u00e8s-verbal<\/a><\/td><\/tr><tr style=\"height: 48px;\"><td style=\"width: 15%; height: 48px;\">Ordinaire<\/td><td style=\"width: 25%; height: 48px;\">Le lundi 29 avril<\/td><td style=\"width: 20%; height: 48px;\">20 h<\/td><td style=\"width: 20%; height: 48px;\"><a href=\"https:\/\/montreal-west.ca\/wp-content\/uploads\/2019\/05\/2019-04-29-ordre-du-jour.pdf\" target=\"_blank\" rel=\"noopener\"><i class=\"fa fa-file-pdf-o\"><\/i> Ordre du jour<\/a><\/td><td style=\"width: 20%; height: 48px;\"><a href=\"https:\/\/montreal-west.ca\/wp-content\/uploads\/2020\/03\/2019-04-29-proces-verbal.pdf\" target=\"_blank\" rel=\"noopener\"><i class=\"fa fa-file-pdf-o\"><\/i> Proc\u00e8s-verbal<\/a><\/td><\/tr><tr style=\"height: 48px;\"><td style=\"width: 15%; height: 48px;\">Sp\u00e9ciale<\/td><td style=\"width: 25%; height: 48px;\">Le vendredi 3 mai<\/td><td style=\"width: 20%; height: 48px;\">8 h<\/td><td style=\"width: 20%; height: 48px;\"><a href=\"https:\/\/montreal-west.ca\/wp-content\/uploads\/2019\/05\/2019-05-03-speciale-ordre-du-jour.pdf\" target=\"_blank\" rel=\"noopener\"><i class=\"fa fa-file-pdf-o\"><\/i> Ordre du jour<\/a><\/td><td style=\"width: 20%; height: 48px;\"><a href=\"https:\/\/montreal-west.ca\/wp-content\/uploads\/2020\/02\/2019-05-03-speciale-proces-verbal.pdf\" target=\"_blank\" rel=\"noopener\"><i class=\"fa fa-file-pdf-o\"><\/i> Proc\u00e8s-verbal<\/a><\/td><\/tr><tr style=\"height: 48px;\"><td style=\"width: 15%; height: 48px;\">Sp\u00e9ciale<\/td><td style=\"width: 25%; height: 48px;\">Le vendredi 10 mai<\/td><td style=\"width: 20%; height: 48px;\">8 h<\/td><td style=\"width: 20%; height: 48px;\"><a href=\"https:\/\/montreal-west.ca\/wp-content\/uploads\/2019\/05\/2019-05-10-speciale-ordre-du-jour.pdf\" target=\"_blank\" rel=\"noopener\"><i class=\"fa fa-file-pdf-o\"><\/i> Ordre du jour<\/a><\/td><td style=\"width: 20%; height: 48px;\"><a href=\"https:\/\/montreal-west.ca\/wp-content\/uploads\/2020\/03\/2019-05-10-speciale-proces-verbal.pdf\" target=\"_blank\" rel=\"noopener\"><i class=\"fa fa-file-pdf-o\"><\/i> Proc\u00e8s-verbal<\/a><\/td><\/tr><tr style=\"height: 48px;\"><td style=\"width: 15%; height: 48px;\">Ordinaire<\/td><td style=\"width: 25%; height: 48px;\">Le lundi 27 mai<\/td><td style=\"width: 20%; height: 48px;\">20 h<\/td><td style=\"width: 20%; height: 48px;\"><a href=\"https:\/\/montreal-west.ca\/wp-content\/uploads\/2019\/05\/2019-05-27-ordre-du-jour.pdf\" target=\"_blank\" rel=\"noopener\"><i class=\"fa fa-file-pdf-o\"><\/i> Ordre du jour<\/a><\/td><td style=\"width: 20%; height: 48px;\"><a href=\"https:\/\/montreal-west.ca\/wp-content\/uploads\/2020\/03\/2019-05-27-proces-verbal.pdf\" target=\"_blank\" rel=\"noopener\"><i class=\"fa fa-file-pdf-o\"><\/i> Proc\u00e8s-verbal<\/a><\/td><\/tr><tr style=\"height: 48px;\"><td style=\"width: 15%; height: 48px;\">Sp\u00e9ciale<\/td><td style=\"width: 25%; height: 48px;\">Le vendredi 7 juin<\/td><td style=\"width: 20%; height: 48px;\">8 h<\/td><td style=\"width: 20%; height: 48px;\"><a href=\"https:\/\/montreal-west.ca\/wp-content\/uploads\/2019\/09\/2019-06-07-speciale-ordre-du-jour.pdf\" target=\"_blank\" rel=\"noopener\"><i class=\"fa fa-file-pdf-o\"><\/i> Ordre du jour<\/a><\/td><td style=\"width: 20%; height: 48px;\"><a href=\"https:\/\/montreal-west.ca\/wp-content\/uploads\/2020\/03\/2019-06-07-speciale-proces-verbal.pdf\" target=\"_blank\" rel=\"noopener\"><i class=\"fa fa-file-pdf-o\"><\/i> Proc\u00e8s-verbal<\/a><\/td><\/tr><tr style=\"height: 48px;\"><td style=\"width: 15%; height: 48px;\">Sp\u00e9ciale<\/td><td style=\"width: 25%; height: 48px;\">Le lundi 17 juin<\/td><td style=\"width: 20%; height: 48px;\">17 h 30<\/td><td style=\"width: 20%; height: 48px;\"><a href=\"https:\/\/montreal-west.ca\/wp-content\/uploads\/2019\/09\/2019-06-17-speciale-ordre-du-jour.pdf\" target=\"_blank\" rel=\"noopener\"><i class=\"fa fa-file-pdf-o\"><\/i> Ordre du jour<\/a><\/td><td style=\"width: 20%; height: 48px;\"><a href=\"https:\/\/montreal-west.ca\/wp-content\/uploads\/2020\/02\/2019-06-17-speciale-proces-verbal.pdf\" target=\"_blank\" rel=\"noopener\"><i class=\"fa fa-file-pdf-o\"><\/i> Proc\u00e8s-verbal<\/a><\/td><\/tr><tr style=\"height: 48px;\"><td style=\"width: 15%; height: 48px;\">Ordinaire<\/td><td style=\"width: 25%; height: 48px;\">Le mercredi 26 juin<\/td><td style=\"width: 20%; height: 48px;\">20 h<\/td><td style=\"width: 20%; height: 48px;\"><a href=\"https:\/\/montreal-west.ca\/wp-content\/uploads\/2019\/06\/2019-06-26-ordre-du-jour.pdf\" target=\"_blank\" rel=\"noopener\"><i class=\"fa fa-file-pdf-o\"><\/i> Ordre du jour<\/a><\/td><td style=\"width: 20%; height: 48px;\"><a href=\"https:\/\/montreal-west.ca\/wp-content\/uploads\/2020\/03\/2019-06-26-proces-verbal.pdf\" target=\"_blank\" rel=\"noopener\"><i class=\"fa fa-file-pdf-o\"><\/i> Proc\u00e8s-verbal<\/a><\/td><\/tr><tr style=\"height: 48px;\"><td style=\"width: 15%; height: 48px;\">Sp\u00e9ciale<\/td><td style=\"width: 25%; height: 48px;\">Le vendredi 12 juillet<\/td><td style=\"width: 20%; height: 48px;\">8 h<\/td><td style=\"width: 20%; height: 48px;\"><a href=\"https:\/\/montreal-west.ca\/wp-content\/uploads\/2019\/09\/2019-07-12-speciale-ordre-du-jour.pdf\" target=\"_blank\" rel=\"noopener\"><i class=\"fa fa-file-pdf-o\"><\/i> Ordre du jour<\/a><\/td><td style=\"width: 20%; height: 48px;\"><a href=\"https:\/\/montreal-west.ca\/wp-content\/uploads\/2020\/03\/2019-07-12-speciale-proces-verbal.pdf\" target=\"_blank\" rel=\"noopener\"><i class=\"fa fa-file-pdf-o\"><\/i> Proc\u00e8s-verbal<\/a><\/td><\/tr><tr style=\"height: 48px;\"><td style=\"width: 15%; height: 48px;\">Sp\u00e9ciale<\/td><td style=\"width: 25%; height: 48px;\">Le jeudi 8 ao\u00fbt<\/td><td style=\"width: 20%; height: 48px;\">17 h 45<\/td><td style=\"width: 20%; height: 48px;\"><a href=\"https:\/\/montreal-west.ca\/wp-content\/uploads\/2019\/09\/2019-08-08-speciale-ordre-du-jour.pdf\" target=\"_blank\" rel=\"noopener\"><i class=\"fa fa-file-pdf-o\"><\/i> Ordre du jour\u00a0<\/a>(ajourn\u00e9 au 9 ao\u00fbt)<\/td><td style=\"width: 20%; height: 48px;\"><a href=\"https:\/\/montreal-west.ca\/wp-content\/uploads\/2020\/03\/2019-08-08-speciale-proces-verbal.pdf\" target=\"_blank\" rel=\"noopener\"><i class=\"fa fa-file-pdf-o\"><\/i> Proc\u00e8s-verbal<\/a><\/td><\/tr><tr style=\"height: 48px;\"><td style=\"width: 15%; height: 48px;\">Sp\u00e9ciale<\/td><td style=\"width: 25%; height: 48px;\">Le vendredi 9 ao\u00fbt<\/td><td style=\"width: 20%; height: 48px;\">8 h<\/td><td style=\"width: 20%; height: 48px;\"><a href=\"https:\/\/montreal-west.ca\/wp-content\/uploads\/2019\/09\/2019-08-08-speciale-ordre-du-jour.pdf\" target=\"_blank\" rel=\"noopener\"><i class=\"fa fa-file-pdf-o\"><\/i> Ordre du jour <\/a><\/td><td style=\"width: 20%; height: 48px;\"><a href=\"https:\/\/montreal-west.ca\/wp-content\/uploads\/2020\/02\/2019-08-09-speciale-proces-verbal.pdf\" target=\"_blank\" rel=\"noopener\"><i class=\"fa fa-file-pdf-o\"><\/i> Proc\u00e8s-verbal<\/a><\/td><\/tr><tr style=\"height: 48px;\"><td style=\"width: 15%; height: 48px;\">Ordinaire<\/td><td style=\"width: 25%; height: 48px;\">Le lundi 26 ao\u00fbt<\/td><td style=\"width: 20%; height: 48px;\">20 h<\/td><td style=\"width: 20%; height: 48px;\"><a href=\"https:\/\/montreal-west.ca\/wp-content\/uploads\/2019\/08\/2019-08-26-ordre-du-jour.pdf\" target=\"_blank\" rel=\"noopener\"><i class=\"fa fa-file-pdf-o\"><\/i> Ordre du jour<\/a><\/td><td style=\"width: 20%; height: 48px;\"><a href=\"https:\/\/montreal-west.ca\/wp-content\/uploads\/2020\/03\/2019-08-26-proces-verbal.pdf\" target=\"_blank\" rel=\"noopener\"><i class=\"fa fa-file-pdf-o\"><\/i> Proc\u00e8s-verbal<\/a><\/td><\/tr><tr style=\"height: 48px;\"><td style=\"width: 15%; height: 48px;\">Sp\u00e9ciale<\/td><td style=\"width: 25%; height: 48px;\">Le vendredi 6 septembre<\/td><td style=\"width: 20%; height: 48px;\">8 h<\/td><td style=\"width: 20%; height: 48px;\"><a href=\"https:\/\/montreal-west.ca\/wp-content\/uploads\/2019\/09\/2019-09-06-speciale-ordre-du-jour.pdf\" target=\"_blank\" rel=\"noopener\"><i class=\"fa fa-file-pdf-o\"><\/i> Ordre du jour<\/a><\/td><td style=\"width: 20%; height: 48px;\"><a href=\"https:\/\/montreal-west.ca\/wp-content\/uploads\/2020\/03\/2019-09-06-speciale-proces-verbal.pdf\" target=\"_blank\" rel=\"noopener\"><i class=\"fa fa-file-pdf-o\"><\/i> Proc\u00e8s-verbal<\/a><\/td><\/tr><tr style=\"height: 48px;\"><td style=\"width: 15%; height: 48px;\">Ordinaire<\/td><td style=\"width: 25%; height: 48px;\">Le lundi 23 septembre<\/td><td style=\"width: 20%; height: 48px;\">20 h<\/td><td style=\"width: 20%; height: 48px;\"><a href=\"https:\/\/montreal-west.ca\/wp-content\/uploads\/2019\/09\/2019-09-23-ordre-du-jour.pdf\" target=\"_blank\" rel=\"noopener\"><i class=\"fa fa-file-pdf-o\"><\/i> Ordre du jour<\/a><\/td><td style=\"width: 20%; height: 48px;\"><a href=\"https:\/\/montreal-west.ca\/wp-content\/uploads\/2020\/03\/2019-09-23-proces-verbal.pdf\" target=\"_blank\" rel=\"noopener\"><i class=\"fa fa-file-pdf-o\"><\/i> Proc\u00e8s-verbal<\/a><\/td><\/tr><tr style=\"height: 48px;\"><td style=\"width: 15%; height: 48px;\">Sp\u00e9ciale<\/td><td style=\"width: 25%; height: 48px;\">Le vendredi 11 octobre<\/td><td style=\"width: 20%; height: 48px;\">8 h<\/td><td style=\"width: 20%; height: 48px;\"><a href=\"https:\/\/montreal-west.ca\/wp-content\/uploads\/2019\/11\/2019-10-11-speciale-ordre-du-jour.pdf\" target=\"_blank\" rel=\"noopener\"><i class=\"fa fa-file-pdf-o\"><\/i> Ordre du jour<\/a><\/td><td style=\"width: 20%; height: 48px;\"><a href=\"https:\/\/montreal-west.ca\/wp-content\/uploads\/2020\/03\/2019-10-11-speciale-proces-verbal.pdf\" target=\"_blank\" rel=\"noopener\"><i class=\"fa fa-file-pdf-o\"><\/i> Proc\u00e8s-verbal<\/a><\/td><\/tr><tr style=\"height: 48px;\"><td style=\"width: 15%; height: 48px;\">Ordinaire<\/td><td style=\"width: 25%; height: 48px;\">Le lundi 28 octobre<\/td><td style=\"width: 20%; height: 48px;\">20 h<\/td><td style=\"width: 20%; height: 48px;\"><a href=\"https:\/\/montreal-west.ca\/wp-content\/uploads\/2019\/10\/2019-10-28-ordre-du-jour.pdf\" target=\"_blank\" rel=\"noopener\"><i class=\"fa fa-file-pdf-o\"><\/i> Ordre du jour<\/a><\/td><td style=\"width: 20%; height: 48px;\"><a href=\"https:\/\/montreal-west.ca\/wp-content\/uploads\/2020\/03\/2019-10-28-proces-verbal.pdf\" target=\"_blank\" rel=\"noopener\"><i class=\"fa fa-file-pdf-o\"><\/i> Proc\u00e8s-verbal<\/a><\/td><\/tr><tr style=\"height: 48px;\"><td style=\"width: 15%; height: 48px;\">Sp\u00e9ciale<\/td><td style=\"width: 25%; height: 48px;\">Le vendredi 8 novembre<\/td><td style=\"width: 20%; height: 48px;\">8 h<\/td><td style=\"width: 20%; height: 48px;\"><a href=\"https:\/\/montreal-west.ca\/wp-content\/uploads\/2020\/02\/2019-11-08-speciale-ordre-du-jour.pdf\" target=\"_blank\" rel=\"noopener\"><i class=\"fa fa-file-pdf-o\"><\/i> Ordre du jour<\/a><\/td><td style=\"width: 20%; height: 48px;\"><a href=\"https:\/\/montreal-west.ca\/wp-content\/uploads\/2020\/03\/2019-11-08-speciale-proces-verbal.pdf\" target=\"_blank\" rel=\"noopener\"><i class=\"fa fa-file-pdf-o\"><\/i> Proc\u00e8s-verbal<\/a><\/td><\/tr><tr style=\"height: 48px;\"><td style=\"width: 15%; height: 48px;\">Ordinaire<\/td><td style=\"width: 25%; height: 48px;\">Le lundi 25 novembre<\/td><td style=\"width: 20%; height: 48px;\">20 h<\/td><td style=\"width: 20%; height: 48px;\"><a href=\"https:\/\/montreal-west.ca\/wp-content\/uploads\/2019\/11\/2019-11-25-ordre-du-jour.pdf\" target=\"_blank\" rel=\"noopener\"><i class=\"fa fa-file-pdf-o\"><\/i> Ordre du jour<\/a><\/td><td style=\"width: 20%; height: 48px;\"><a href=\"https:\/\/montreal-west.ca\/wp-content\/uploads\/2020\/03\/2019-11-25-proces-verbal.pdf\" target=\"_blank\" rel=\"noopener\"><i class=\"fa fa-file-pdf-o\"><\/i> Proc\u00e8s-verbal<\/a><\/td><\/tr><tr style=\"height: 48px;\"><td style=\"width: 15%; height: 48px;\">Sp\u00e9ciale<\/td><td style=\"width: 25%; height: 48px;\">Le vendredi 6 d\u00e9cembre<\/td><td style=\"width: 20%; height: 48px;\">8 h<\/td><td style=\"width: 20%; height: 48px;\"><a href=\"https:\/\/montreal-west.ca\/wp-content\/uploads\/2020\/02\/2019-12-06-speciale-ordre-du-jour.pdf\" target=\"_blank\" rel=\"noopener\"><i class=\"fa fa-file-pdf-o\"><\/i> Ordre du jour<\/a><\/td><td style=\"width: 20%; height: 48px;\"><a href=\"https:\/\/montreal-west.ca\/wp-content\/uploads\/2020\/03\/2019-12-06-speciale-proces-verbal.pdf\" target=\"_blank\" rel=\"noopener\"><i class=\"fa fa-file-pdf-o\"><\/i> Proc\u00e8s-verbal<\/a><\/td><\/tr><tr style=\"height: 48px;\"><td style=\"width: 15%; height: 48px;\">Sp\u00e9ciale<\/td><td style=\"width: 25%; height: 48px;\">Le lundi 16 d\u00e9cembre<\/td><td style=\"width: 20%; height: 48px;\">19 h 30<\/td><td style=\"width: 20%; height: 48px;\"><a href=\"https:\/\/montreal-west.ca\/wp-content\/uploads\/2019\/12\/2019-12-16-speciale-ordre-du-jour.pdf\" target=\"_blank\" rel=\"noopener\"><i class=\"fa fa-file-pdf-o\"><\/i> Ordre du jour<\/a><\/td><td style=\"width: 20%; height: 48px;\"><a href=\"https:\/\/montreal-west.ca\/wp-content\/uploads\/2020\/03\/2019-12-16-speciale-proces-verbal.pdf\" target=\"_blank\" rel=\"noopener\"><i class=\"fa fa-file-pdf-o\"><\/i> Proc\u00e8s-verbal<\/a><\/td><\/tr><tr style=\"height: 48px;\"><td style=\"width: 15%; height: 48px;\">Ordinaire<\/td><td style=\"width: 25%; height: 48px;\">Le lundi 16 d\u00e9cembre<\/td><td style=\"width: 20%; height: 48px;\">20 h<\/td><td style=\"width: 20%; height: 48px;\"><a href=\"https:\/\/montreal-west.ca\/wp-content\/uploads\/2019\/12\/2019-12-16-ordre-du-jour.pdf\" target=\"_blank\" rel=\"noopener\"><i class=\"fa fa-file-pdf-o\"><\/i> Ordre du jour<\/a><\/td><td style=\"width: 20%; height: 48px;\">\u00a0<\/td><\/tr><\/tbody><\/table>\t\t\t\t\t\t<\/div>\n\t\t\t\t\t<\/div>\n\t\t\t\t<\/div>\n\t\t\t\t\t\t\t\t<div class=\"accordion-card\">\n\t\t\t\t\t<div class=\"accordion-header\" id=\"elementor-tab-title-7\">\n\t\t  \t\t        <button class=\"btn btn-link d-flex align-items-center justify-content-between collapsed\" data-toggle=\"collapse\" data-target=\"#elementor-tab-content-7\" aria-expanded=\"true\" aria-controls=\"elementor-tab-content-7\">\n\t\t\t\t\t\t\t2018\t\t\t\t\t\t\t<img decoding=\"async\" src=\"https:\/\/montreal-ouest.ca\/wp-content\/themes\/penega\/images\/right-arrow.png\" alt=\"Right arrow\">\n\t\t\t\t\t\t<\/button>\n\t\t\t\t\t<\/div>\n\t\t\t\t\t<div id=\"elementor-tab-content-7\" class=\"collapse\" aria-labbeledby=\"elementor-tab-title-7\" data-parent=\".penega-accordion\">\n\t\t\t\t\t\t<div class=\"card-body\">\n\t\t\t\t\t\t\t<table style=\"width: 78%;\" border=\"1\"><thead><tr><td style=\"width: 28%;\">Date<\/td><td style=\"width: 14%;\">Heure<\/td><td style=\"width: 36%; text-align: center;\" colspan=\"2\">Documents<\/td><\/tr><\/thead><tbody><tr><td style=\"width: 28%;\">Le samedi 13 janvier (sp\u00e9ciale)<\/td><td style=\"width: 14%;\">14 h 42<\/td><td style=\"width: 18%;\"><a href=\"https:\/\/montreal-west.ca\/wp-content\/uploads\/2018\/10\/2018-01-13-speciale-ordre-du-jour.pdf\" target=\"blank\"><i class=\"fa fa-file-pdf-o\"><\/i> Ordre du jour<\/a><\/td><td style=\"width: 18%;\"><a href=\"https:\/\/montreal-west.ca\/wp-content\/uploads\/2019\/05\/2018-01-13-speciale-proces-verbaux.pdf\" target=\"blank\"><i class=\"fa fa-file-pdf-o\"><\/i> Proc\u00e8s-verbal<\/a><\/td><\/tr><tr><td style=\"width: 28%;\">Le lundi 22 janvier (sp\u00e9ciale)<\/td><td style=\"width: 14%;\">14 h 30<\/td><td style=\"width: 18%;\"><a href=\"https:\/\/montreal-west.ca\/wp-content\/uploads\/2018\/10\/2018-01-22-speciale-ordre-du-jour.pdf\" target=\"blank\"><i class=\"fa fa-file-pdf-o\"><\/i> Ordre du jour<\/a><\/td><td style=\"width: 18%;\"><a href=\"https:\/\/montreal-west.ca\/wp-content\/uploads\/2019\/05\/2018-01-22-speciale-proces-verbaux.pdf\" target=\"blank\"><i class=\"fa fa-file-pdf-o\"><\/i> Proc\u00e8s-verbal<\/a><\/td><\/tr><tr><td style=\"width: 28%;\">Le lundi 29 janvier (sp\u00e9ciale)<\/td><td style=\"width: 14%;\">19 h 30<\/td><td style=\"width: 18%;\"><a href=\"https:\/\/montreal-west.ca\/wp-content\/uploads\/2018\/10\/2018-01-29-speciale-ordre-du-jour.pdf\" target=\"blank\"><i class=\"fa fa-file-pdf-o\"><\/i> Ordre du jour<\/a><\/td><td style=\"width: 18%;\"><a href=\"https:\/\/montreal-west.ca\/wp-content\/uploads\/2019\/05\/2018-01-29-speciale-proces-verbaux.pdf\" target=\"blank\"><i class=\"fa fa-file-pdf-o\"><\/i> Proc\u00e8s-verbal<\/a><\/td><\/tr><tr><td style=\"width: 28%;\">Le lundi 29 janvier (ordinaire)<\/td><td style=\"width: 14%;\">20 h<\/td><td style=\"width: 18%;\"><a href=\"https:\/\/montreal-west.ca\/wp-content\/uploads\/2018\/10\/2018-01-29-ordre-du-jour.pdf\" target=\"blank\"><i class=\"fa fa-file-pdf-o\"><\/i> Ordre du jour<\/a><\/td><td style=\"width: 18%;\"><a href=\"https:\/\/montreal-west.ca\/wp-content\/uploads\/2019\/05\/2018-01-29-proces-verbaux.pdf\" target=\"blank\"><i class=\"fa fa-file-pdf-o\"><\/i> Proc\u00e8s-verbal<\/a><\/td><\/tr><tr><td style=\"width: 28%;\">Le lundi 5 f\u00e9vrier (sp\u00e9ciale)<\/td><td style=\"width: 14%;\">8 h 15<\/td><td style=\"width: 18%;\"><a href=\"https:\/\/montreal-west.ca\/wp-content\/uploads\/2018\/10\/2018-02-05-speciale-ordre-du-jour.pdf\" target=\"blank\"><i class=\"fa fa-file-pdf-o\"><\/i> Ordre du jour<\/a><\/td><td style=\"width: 18%;\"><a href=\"https:\/\/montreal-west.ca\/wp-content\/uploads\/2019\/05\/2018-02-05-speciale-proces-verbaux.pdf\" target=\"blank\"><i class=\"fa fa-file-pdf-o\"><\/i> Proc\u00e8s-verbal<\/a><\/td><\/tr><tr><td style=\"width: 28%;\">Le jeudi 8 f\u00e9vrier (sp\u00e9ciale)<\/td><td style=\"width: 14%;\">17 h<\/td><td style=\"width: 18%;\"><a href=\"https:\/\/montreal-west.ca\/wp-content\/uploads\/2018\/10\/2018-02-08-speciale-ordre-du-jour.pdf\" target=\"blank\"><i class=\"fa fa-file-pdf-o\"><\/i> Ordre du jour<\/a><\/td><td style=\"width: 18%;\"><a href=\"https:\/\/montreal-west.ca\/wp-content\/uploads\/2019\/05\/2018-02-08-speciale-proces-verbaux.pdf\" target=\"blank\"><i class=\"fa fa-file-pdf-o\"><\/i> Proc\u00e8s-verbal<\/a><\/td><\/tr><tr><td style=\"width: 28%;\">Le lundi 26 f\u00e9vrier (ordinaire)<\/td><td style=\"width: 14%;\">20 h<\/td><td style=\"width: 18%;\"><a href=\"https:\/\/montreal-west.ca\/wp-content\/uploads\/2018\/10\/2018-02-26-ordre-du-jour.pdf\" target=\"blank\"><i class=\"fa fa-file-pdf-o\"><\/i> Ordre du jour<\/a><\/td><td style=\"width: 18%;\"><a href=\"https:\/\/montreal-west.ca\/wp-content\/uploads\/2019\/05\/2018-02-26-proces-verbaux.pdf\" target=\"blank\"><i class=\"fa fa-file-pdf-o\"><\/i> Proc\u00e8s-verbal<\/a><\/td><\/tr><tr><td style=\"width: 28%;\">Le vendredi 9 mars (sp\u00e9ciale)<\/td><td style=\"width: 14%;\">8 h 15<\/td><td style=\"width: 18%;\"><a href=\"https:\/\/montreal-west.ca\/wp-content\/uploads\/2018\/10\/2018-03-09-speciale-ordre-du-jour.pdf\" target=\"blank\"><i class=\"fa fa-file-pdf-o\"><\/i> Ordre du jour<\/a><\/td><td style=\"width: 18%;\"><a href=\"https:\/\/montreal-west.ca\/wp-content\/uploads\/2019\/05\/2018-03-09-speciale-proces-verbaux.pdf\" target=\"blank\"><i class=\"fa fa-file-pdf-o\"><\/i> Proc\u00e8s-verbal<\/a><\/td><\/tr><tr><td style=\"width: 28%;\">Le lundi 26 mars (ordinaire)<\/td><td style=\"width: 14%;\">20 h<\/td><td style=\"width: 18%;\"><a href=\"https:\/\/montreal-west.ca\/wp-content\/uploads\/2018\/10\/2018-03-26-ordre-du-jour.pdf\" target=\"blank\"><i class=\"fa fa-file-pdf-o\"><\/i> Ordre du jour<\/a><\/td><td style=\"width: 18%;\"><a href=\"https:\/\/montreal-west.ca\/wp-content\/uploads\/2019\/05\/2018-03-26-proces-verbaux.pdf\" target=\"blank\"><i class=\"fa fa-file-pdf-o\"><\/i> Proc\u00e8s-verbal<\/a><\/td><\/tr><tr><td style=\"width: 28%;\">Le vendredi 6 avril (sp\u00e9ciale)<\/td><td style=\"width: 14%;\">8 h 15<\/td><td style=\"width: 18%;\"><a href=\"https:\/\/montreal-west.ca\/wp-content\/uploads\/2019\/01\/2018-04-06-speciale-ordre-du-jour.pdf\" target=\"blank\"><i class=\"fa fa-file-pdf-o\"><\/i> Ordre du jour<\/a><\/td><td style=\"width: 18%;\"><a href=\"https:\/\/montreal-west.ca\/wp-content\/uploads\/2019\/05\/2018-04-06-speciale-proces-verbaux.pdf\" target=\"blank\"><i class=\"fa fa-file-pdf-o\"><\/i> Proc\u00e8s-verbal<\/a><\/td><\/tr><tr><td style=\"width: 28%;\">Le lundi 23 avril (sp\u00e9ciale)<\/td><td style=\"width: 14%;\">16 h 30<\/td><td style=\"width: 18%;\"><a href=\"https:\/\/montreal-west.ca\/wp-content\/uploads\/2019\/01\/2018-04-23-speciale-ordre-du-jour.pdf\" target=\"blank\"><i class=\"fa fa-file-pdf-o\"><\/i> Ordre du jour<\/a><\/td><td style=\"width: 18%;\"><a href=\"https:\/\/montreal-west.ca\/wp-content\/uploads\/2019\/05\/2018-04-23-speciale-proces-verbaux.pdf\" target=\"blank\"><i class=\"fa fa-file-pdf-o\"><\/i> Proc\u00e8s-verbal<\/a><\/td><\/tr><tr><td style=\"width: 28%;\">Le lundi 30 avril (ordinaire)<\/td><td style=\"width: 14%;\">20 h<\/td><td style=\"width: 18%;\"><a href=\"https:\/\/montreal-west.ca\/wp-content\/uploads\/2019\/01\/2018-04-30-ordre-du-jour.pdf\" target=\"blank\"><i class=\"fa fa-file-pdf-o\"><\/i> Ordre du jour<\/a><\/td><td style=\"width: 18%;\"><a href=\"https:\/\/montreal-west.ca\/wp-content\/uploads\/2019\/05\/2018-04-30-proces-verbaux.pdf\" target=\"blank\"><i class=\"fa fa-file-pdf-o\"><\/i> Proc\u00e8s-verbal<\/a><\/td><\/tr><tr><td style=\"width: 28%;\">Le vendredi 4 mai (sp\u00e9ciale)<\/td><td style=\"width: 14%;\">8 h 15<\/td><td style=\"width: 18%;\"><a href=\"https:\/\/montreal-west.ca\/wp-content\/uploads\/2019\/01\/2018-05-04-speciale-ordre-du-jour.pdf\" target=\"blank\"><i class=\"fa fa-file-pdf-o\"><\/i> Ordre du jour<\/a><\/td><td style=\"width: 18%;\"><a href=\"https:\/\/montreal-west.ca\/wp-content\/uploads\/2019\/05\/2018-05-04-speciale-proces-verbaux.pdf\" target=\"blank\"><i class=\"fa fa-file-pdf-o\"><\/i> Proc\u00e8s-verbal<\/a><\/td><\/tr><tr><td style=\"width: 28%;\">Le lundi 28 mai (ordinaire)<\/td><td style=\"width: 14%;\">20 h<\/td><td style=\"width: 18%;\"><a href=\"https:\/\/montreal-west.ca\/wp-content\/uploads\/2018\/10\/2018-05-28-ordre-du-jour.pdf\" target=\"blank\"><i class=\"fa fa-file-pdf-o\"><\/i> Ordre du jour<\/a><\/td><td style=\"width: 18%;\"><a href=\"https:\/\/montreal-west.ca\/wp-content\/uploads\/2019\/05\/2018-05-28-proces-verbaux.pdf\" target=\"blank\"><i class=\"fa fa-file-pdf-o\"><\/i> Proc\u00e8s-verbal<\/a><\/td><\/tr><tr><td style=\"width: 28%;\">Le vendredi 8 juin (sp\u00e9ciale)<\/td><td style=\"width: 14%;\">8 h 15<\/td><td style=\"width: 18%;\"><a href=\"https:\/\/montreal-west.ca\/wp-content\/uploads\/2019\/01\/2018-06-08-speciale-ordre-du-jour.pdf\" target=\"blank\"><i class=\"fa fa-file-pdf-o\"><\/i> Ordre du jour<\/a><\/td><td style=\"width: 18%;\"><a href=\"https:\/\/montreal-west.ca\/wp-content\/uploads\/2019\/05\/2018-06-08-speciale-proces-verbaux.pdf\" target=\"blank\"><i class=\"fa fa-file-pdf-o\"><\/i> Proc\u00e8s-verbal<\/a><\/td><\/tr><tr><td style=\"width: 28%;\">Le mardi 26 juin (ordinaire)<\/td><td style=\"width: 14%;\">20 h<\/td><td style=\"width: 18%;\"><a href=\"https:\/\/montreal-west.ca\/wp-content\/uploads\/2019\/01\/2018-06-26-ordre-du-jour.pdf\" target=\"blank\"><i class=\"fa fa-file-pdf-o\"><\/i> Ordre du jour<\/a><\/td><td style=\"width: 18%;\"><a href=\"https:\/\/montreal-west.ca\/wp-content\/uploads\/2019\/05\/2018-06-26-proces-verbaux.pdf\" target=\"blank\"><i class=\"fa fa-file-pdf-o\"><\/i> Proc\u00e8s-verbal<\/a><\/td><\/tr><tr><td style=\"width: 28%;\">Le vendredi 6 juillet (sp\u00e9ciale)<\/td><td style=\"width: 14%;\">8 h 15<\/td><td style=\"width: 18%;\"><a href=\"https:\/\/montreal-west.ca\/wp-content\/uploads\/2019\/01\/2018-07-06-speciale-ordre-du-jour.pdf\" target=\"blank\"><i class=\"fa fa-file-pdf-o\"><\/i> Ordre du jour<\/a><\/td><td style=\"width: 18%;\"><a href=\"https:\/\/montreal-west.ca\/wp-content\/uploads\/2019\/05\/2018-07-06-speciale-proces-verbaux.pdf\" target=\"blank\"><i class=\"fa fa-file-pdf-o\"><\/i> Proc\u00e8s-verbal<\/a><\/td><\/tr><tr><td style=\"width: 28%;\">Le vendredi 3 ao\u00fbt (sp\u00e9ciale)<\/td><td style=\"width: 14%;\">8 h<\/td><td style=\"width: 18%;\"><a href=\"https:\/\/montreal-west.ca\/wp-content\/uploads\/2018\/10\/2018-08-03-speciale-ordre-du-jour.pdf\" target=\"blank\"><i class=\"fa fa-file-pdf-o\"><\/i> Ordre du jour<\/a><\/td><td style=\"width: 18%;\"><a href=\"https:\/\/montreal-west.ca\/wp-content\/uploads\/2019\/05\/2018-07-06-speciale-proces-verbaux.pdf\" target=\"blank\"><i class=\"fa fa-file-pdf-o\"><\/i> Proc\u00e8s-verbal<\/a><\/td><\/tr><tr><td style=\"width: 28%;\">Le mercredi 8 ao\u00fbt (sp\u00e9ciale)<\/td><td style=\"width: 14%;\">17 h<\/td><td style=\"width: 18%;\"><a href=\"https:\/\/montreal-west.ca\/wp-content\/uploads\/2019\/01\/2018-08-08-speciale-ordre-du-jour.pdf\" target=\"blank\"><i class=\"fa fa-file-pdf-o\"><\/i> Ordre du jour<\/a><\/td><td style=\"width: 18%;\"><a href=\"https:\/\/montreal-west.ca\/wp-content\/uploads\/2019\/05\/2018-08-08-speciale-proces-verbaux.pdf\" target=\"blank\"><i class=\"fa fa-file-pdf-o\"><\/i> Proc\u00e8s-verbal<\/a><\/td><\/tr><tr><td style=\"width: 28%;\">Le lundi 27 ao\u00fbt (ordinaire)<\/td><td style=\"width: 14%;\">20 h<\/td><td style=\"width: 18%;\"><a href=\"https:\/\/montreal-west.ca\/wp-content\/uploads\/2019\/05\/2018-08-27-ordre-du-jour.pdf\" target=\"_blank\" rel=\"noopener\"><i class=\"fa fa-file-pdf-o\"><\/i> Ordre du jour<\/a><\/td><td style=\"width: 18%;\"><a href=\"https:\/\/montreal-west.ca\/wp-content\/uploads\/2019\/05\/2018-08-27-proces-verbaux.pdf\" target=\"blank\"><i class=\"fa fa-file-pdf-o\"><\/i> Proc\u00e8s-verbal<\/a><\/td><\/tr><tr><td style=\"width: 28%;\">Le vendredi 7 septembre (sp\u00e9ciale)<\/td><td style=\"width: 14%;\">7 h 30<\/td><td style=\"width: 18%;\"><a href=\"https:\/\/montreal-west.ca\/wp-content\/uploads\/2019\/01\/2018-09-07-speciale-ordre-du-jour.pdf\" target=\"blank\"><i class=\"fa fa-file-pdf-o\"><\/i> Ordre du jour<\/a><\/td><td style=\"width: 18%;\"><a href=\"https:\/\/montreal-west.ca\/wp-content\/uploads\/2019\/05\/2018-09-07-speciale-proces-verbaux.pdf\" target=\"blank\"><i class=\"fa fa-file-pdf-o\"><\/i> Proc\u00e8s-verbal<\/a><\/td><\/tr><tr><td style=\"width: 28%;\">Le mercredi 26 septembre (ordinaire)<\/td><td style=\"width: 14%;\">20 h<\/td><td style=\"width: 18%;\"><a href=\"https:\/\/montreal-west.ca\/wp-content\/uploads\/2019\/01\/2018-09-26-ordre-du-jour.pdf\" target=\"blank\"><i class=\"fa fa-file-pdf-o\"><\/i> Ordre du jour<\/a><\/td><td style=\"width: 18%;\"><a href=\"https:\/\/montreal-west.ca\/wp-content\/uploads\/2019\/05\/2018-09-26-proces-verbaux.pdf\" target=\"blank\"><i class=\"fa fa-file-pdf-o\"><\/i> Proc\u00e8s-verbal<\/a><\/td><\/tr><tr><td style=\"width: 28%;\">Le vendredi 12 octobre (sp\u00e9ciale)<\/td><td style=\"width: 14%;\">8 h 15<\/td><td style=\"width: 18%;\"><a href=\"https:\/\/montreal-west.ca\/wp-content\/uploads\/2019\/01\/2018-10-12-speciale-ordre-du-jour.pdf\" target=\"blank\"><i class=\"fa fa-file-pdf-o\"><\/i> Ordre du jour<\/a><\/td><td style=\"width: 18%;\"><a href=\"https:\/\/montreal-west.ca\/wp-content\/uploads\/2019\/05\/2018-10-12-speciale-proces-verbaux.pdf\" target=\"blank\"><i class=\"fa fa-file-pdf-o\"><\/i> Proc\u00e8s-verbal<\/a><\/td><\/tr><tr><td style=\"width: 28%;\">Le lundi 22 octobre (sp\u00e9ciale)<\/td><td style=\"width: 14%;\">18 h<\/td><td style=\"width: 18%;\"><a href=\"https:\/\/montreal-west.ca\/wp-content\/uploads\/2019\/01\/2018-10-22-speciale-ordre-du-jour.pdf\" target=\"blank\"><i class=\"fa fa-file-pdf-o\"><\/i> Ordre du jour<\/a><\/td><td style=\"width: 18%;\"><a href=\"https:\/\/montreal-west.ca\/wp-content\/uploads\/2019\/05\/2018-10-22-speciale-proces-verbaux.pdf\" target=\"blank\"><i class=\"fa fa-file-pdf-o\"><\/i> Proc\u00e8s-verbal<\/a><\/td><\/tr><tr><td style=\"width: 28%;\">Le lundi 29 octobre (ordinaire)<\/td><td style=\"width: 14%;\">20 h<\/td><td style=\"width: 18%;\"><a href=\"https:\/\/montreal-west.ca\/wp-content\/uploads\/2018\/10\/2018-10-29-ordre-du-jour.pdf\" target=\"blank\"><i class=\"fa fa-file-pdf-o\"><\/i> Ordre du jour<\/a><\/td><td style=\"width: 18%;\"><a href=\"https:\/\/montreal-west.ca\/wp-content\/uploads\/2019\/05\/2018-10-29-proces-verbaux.pdf\" target=\"blank\"><i class=\"fa fa-file-pdf-o\"><\/i> Proc\u00e8s-verbal<\/a><\/td><\/tr><tr><td style=\"width: 28%;\">Le vendredi 9 novembre (sp\u00e9ciale)<\/td><td style=\"width: 14%;\">8 h 15<\/td><td style=\"width: 18%;\"><a href=\"https:\/\/montreal-west.ca\/wp-content\/uploads\/2019\/01\/2018-11-09-speciale-ordre-du-jour.pdf\" target=\"blank\"><i class=\"fa fa-file-pdf-o\"><\/i> Ordre du jour<\/a><\/td><td style=\"width: 18%;\"><a href=\"https:\/\/montreal-west.ca\/wp-content\/uploads\/2019\/05\/2018-11-09-speciale-proces-verbaux.pdf\" target=\"blank\"><i class=\"fa fa-file-pdf-o\"><\/i> Proc\u00e8s-verbal<\/a><\/td><\/tr><tr><td style=\"width: 28%;\">Le lundi 26 novembre (ordinaire)<\/td><td style=\"width: 14%;\">20 h<\/td><td style=\"width: 18%;\"><a href=\"https:\/\/montreal-west.ca\/wp-content\/uploads\/2018\/12\/2018-11-26-ordre-du-jour.pdf\" target=\"_blank\" rel=\"noopener\"><i class=\"fa fa-file-pdf-o\"><\/i> Ordre du jour<\/a><\/td><td style=\"width: 18%;\"><a href=\"https:\/\/montreal-west.ca\/wp-content\/uploads\/2019\/05\/2018-11-26-proces-verbaux.pdf\" target=\"blank\"><i class=\"fa fa-file-pdf-o\"><\/i> Proc\u00e8s-verbal<\/a><\/td><\/tr><tr><td style=\"width: 28%;\">Le vendredi 7 d\u00e9cembre (sp\u00e9ciale)<\/td><td style=\"width: 14%;\">8 h 15<\/td><td style=\"width: 18%;\"><a href=\"https:\/\/montreal-west.ca\/wp-content\/uploads\/2018\/12\/2018-12-07-speciale-ordre-du-jour.pdf\" target=\"_blank\" rel=\"noopener\"><i class=\"fa fa-file-pdf-o\"><\/i> Ordre du jour<\/a><\/td><td style=\"width: 18%;\"><a href=\"https:\/\/montreal-west.ca\/wp-content\/uploads\/2019\/05\/2018-12-07-speciale-proces-verbaux.pdf\" target=\"blank\"><i class=\"fa fa-file-pdf-o\"><\/i> Proc\u00e8s-verbal<\/a><\/td><\/tr><tr><td style=\"width: 28%;\">Le lundi 17 d\u00e9cembre (sp\u00e9ciale)<\/td><td style=\"width: 14%;\">19 h 30<\/td><td style=\"width: 18%;\"><a href=\"https:\/\/montreal-west.ca\/wp-content\/uploads\/2018\/12\/2018-12-17-speciale-ordre-du-jour.pdf\" target=\"_blank\" rel=\"noopener\"><i class=\"fa fa-file-pdf-o\"><\/i> Ordre du jour<\/a><\/td><td style=\"width: 18%;\"><a href=\"https:\/\/montreal-west.ca\/wp-content\/uploads\/2019\/05\/2018-12-17-speciale-proces-verbaux.pdf\" target=\"blank\"><i class=\"fa fa-file-pdf-o\"><\/i> Proc\u00e8s-verbal<\/a><\/td><\/tr><tr><td style=\"width: 28%;\">Le lundi 17 d\u00e9cembre (ordinaire)<\/td><td style=\"width: 14%;\">20 h<\/td><td style=\"width: 18%;\"><a href=\"https:\/\/montreal-west.ca\/wp-content\/uploads\/2019\/01\/2018-12-17-ordre-du-jour.pdf\" target=\"_blank\" rel=\"noopener\"><i class=\"fa fa-file-pdf-o\"><\/i> Ordre du jour<\/a><\/td><td style=\"width: 18%;\"><a href=\"https:\/\/montreal-west.ca\/wp-content\/uploads\/2019\/05\/2018-12-17-proces-verbaux.pdf\" target=\"blank\"><i class=\"fa fa-file-pdf-o\"><\/i> Proc\u00e8s-verbal<\/a><\/td><\/tr><\/tbody><\/table>\t\t\t\t\t\t<\/div>\n\t\t\t\t\t<\/div>\n\t\t\t\t<\/div>\n\t\t\t\t\t\t\t\t<div class=\"accordion-card\">\n\t\t\t\t\t<div class=\"accordion-header\" id=\"elementor-tab-title-8\">\n\t\t  \t\t        <button class=\"btn btn-link d-flex align-items-center justify-content-between collapsed\" data-toggle=\"collapse\" data-target=\"#elementor-tab-content-8\" aria-expanded=\"true\" aria-controls=\"elementor-tab-content-8\">\n\t\t\t\t\t\t\t2017\t\t\t\t\t\t\t<img decoding=\"async\" src=\"https:\/\/montreal-ouest.ca\/wp-content\/themes\/penega\/images\/right-arrow.png\" alt=\"Right arrow\">\n\t\t\t\t\t\t<\/button>\n\t\t\t\t\t<\/div>\n\t\t\t\t\t<div id=\"elementor-tab-content-8\" class=\"collapse\" aria-labbeledby=\"elementor-tab-title-8\" data-parent=\".penega-accordion\">\n\t\t\t\t\t\t<div class=\"card-body\">\n\t\t\t\t\t\t\t<table style=\"width: 78%;\" border=\"1\"><thead><tr><td style=\"width: 28%;\">Date<\/td><td style=\"width: 14%;\">Heure<\/td><td style=\"width: 36%; text-align: center;\" colspan=\"2\">Documents<\/td><\/tr><\/thead><tbody><tr><td style=\"width: 28%;\">Le 30 janvier (ordinaire)<\/td><td style=\"width: 14%;\">20 h<\/td><td style=\"width: 18%;\"><a href=\"https:\/\/montreal-west.ca\/wp-content\/uploads\/2018\/09\/2017-01-30-ordre-du-jour.pdf\" target=\"blank\"><i class=\"fa fa-file-pdf-o\"><\/i> Ordre du jour<\/a><\/td><td style=\"width: 18%;\"><a href=\"https:\/\/montreal-west.ca\/wp-content\/uploads\/2018\/09\/2017-01-30-proces-verbal.pdf\" target=\"blank\"><i class=\"fa fa-file-pdf-o\"><\/i> Proc\u00e8s-verbal<\/a><\/td><\/tr><tr><td style=\"width: 28%;\">Le 10 f\u00e9vrier (sp\u00e9ciale)<\/td><td style=\"width: 14%;\">16 h<\/td><td style=\"width: 18%;\"><a href=\"https:\/\/montreal-west.ca\/wp-content\/uploads\/2018\/09\/2017-02-10-speciale-ordre-du-jour.pdf\" target=\"blank\"><i class=\"fa fa-file-pdf-o\"><\/i> Ordre du jour<\/a><\/td><td style=\"width: 18%;\"><a href=\"https:\/\/montreal-west.ca\/wp-content\/uploads\/2018\/09\/2017-02-10-speciale-proces-verbal.pdf\" target=\"blank\"><i class=\"fa fa-file-pdf-o\"><\/i> Proc\u00e8s-verbal<\/a><\/td><\/tr><tr><td style=\"width: 28%;\">Le 27 f\u00e9vrier (ordinaire)<\/td><td style=\"width: 14%;\">20 h<\/td><td style=\"width: 18%;\"><a href=\"https:\/\/montreal-west.ca\/wp-content\/uploads\/2018\/09\/2017-02-27-ordre-du-jour.pdf\" target=\"blank\"><i class=\"fa fa-file-pdf-o\"><\/i> Ordre du jour<\/a><\/td><td style=\"width: 18%;\"><a href=\"https:\/\/montreal-west.ca\/wp-content\/uploads\/2018\/09\/2017-02-27-proces-verbal.pdf\" target=\"blank\"><i class=\"fa fa-file-pdf-o\"><\/i> Proc\u00e8s-verbal<\/a><\/td><\/tr><tr><td style=\"width: 28%;\">Le 9 mars (sp\u00e9ciale)<\/td><td style=\"width: 14%;\">8 h 15<\/td><td style=\"width: 18%;\"><a href=\"https:\/\/montreal-west.ca\/wp-content\/uploads\/2018\/09\/2017-03-09-speciale-ordre-du-jour.pdf\" target=\"blank\"><i class=\"fa fa-file-pdf-o\"><\/i> Ordre du jour<\/a><\/td><td style=\"width: 18%;\"><a href=\"https:\/\/montreal-west.ca\/wp-content\/uploads\/2018\/09\/2017-03-09-speciale-proces-verbal.pdf\" target=\"blank\"><i class=\"fa fa-file-pdf-o\"><\/i> Proc\u00e8s-verbal<\/a><\/td><\/tr><tr><td style=\"width: 28%;\">Le 27 mars (ordinaire)<\/td><td style=\"width: 14%;\">20 h<\/td><td style=\"width: 18%;\"><a href=\"https:\/\/montreal-west.ca\/wp-content\/uploads\/2018\/09\/2017-03-27-ordre-du-jour.pdf\" target=\"blank\"><i class=\"fa fa-file-pdf-o\"><\/i> Ordre du jour<\/a><\/td><td style=\"width: 18%;\"><a href=\"https:\/\/montreal-west.ca\/wp-content\/uploads\/2018\/09\/2017-03-27-proces-verbal.pdf\" target=\"blank\"><i class=\"fa fa-file-pdf-o\"><\/i> Proc\u00e8s-verbal<\/a><\/td><\/tr><tr><td style=\"width: 28%;\">Le 7 avril (sp\u00e9ciale)<\/td><td style=\"width: 14%;\">8 h 15<\/td><td style=\"width: 18%;\"><a href=\"https:\/\/montreal-west.ca\/wp-content\/uploads\/2018\/09\/2017-04-07-speciale-ordre-du-jour.pdf\" target=\"blank\"><i class=\"fa fa-file-pdf-o\"><\/i> Ordre du jour<\/a><\/td><td style=\"width: 18%;\"><a href=\"https:\/\/montreal-west.ca\/wp-content\/uploads\/2018\/09\/2017-04-07-speciale-proces-verbal.pdf\" target=\"blank\"><i class=\"fa fa-file-pdf-o\"><\/i> Proc\u00e8s-verbal<\/a><\/td><\/tr><tr><td style=\"width: 28%;\">Le 18 avril (sp\u00e9ciale)<\/td><td style=\"width: 14%;\">8 h 30<\/td><td style=\"width: 18%;\"><a href=\"https:\/\/montreal-west.ca\/wp-content\/uploads\/2018\/09\/2017-04-18-speciale-ordre-du-jour.pdf\" target=\"blank\"><i class=\"fa fa-file-pdf-o\"><\/i> Ordre du jour<\/a><\/td><td style=\"width: 18%;\">\u00a0<\/td><\/tr><tr><td style=\"width: 28%;\">Le 24 avril (ordinaire)<\/td><td style=\"width: 14%;\">20 h<\/td><td style=\"width: 18%;\"><a href=\"https:\/\/montreal-west.ca\/wp-content\/uploads\/2018\/09\/2017-04-24-ordre-du-jour.pdf\" target=\"blank\"><i class=\"fa fa-file-pdf-o\"><\/i> Ordre du jour<\/a><\/td><td style=\"width: 18%;\">\u00a0<\/td><\/tr><tr><td style=\"width: 28%;\">Le 8 mai (sp\u00e9ciale)<\/td><td style=\"width: 14%;\">8 h 15<\/td><td style=\"width: 18%;\"><a href=\"https:\/\/montreal-west.ca\/wp-content\/uploads\/2018\/09\/2017-05-08-speciale-ordre-du-jour.pdf\" target=\"blank\"><i class=\"fa fa-file-pdf-o\"><\/i> Ordre du jour<\/a><\/td><td style=\"width: 18%;\">\u00a0<\/td><\/tr><tr><td style=\"width: 28%;\">Le 12 mai (sp\u00e9ciale)<\/td><td style=\"width: 14%;\">8 h<\/td><td style=\"width: 18%;\"><a href=\"https:\/\/montreal-west.ca\/wp-content\/uploads\/2018\/09\/2017-05-12-speciale-ordre-du-jour.pdf\" target=\"blank\"><i class=\"fa fa-file-pdf-o\"><\/i> Ordre du jour<\/a><\/td><td style=\"width: 18%;\">\u00a0<\/td><\/tr><tr><td style=\"width: 28%;\">Le 25 mai (sp\u00e9ciale)<\/td><td style=\"width: 14%;\">8 h 30<\/td><td style=\"width: 18%;\"><a href=\"https:\/\/montreal-west.ca\/wp-content\/uploads\/2018\/09\/2017-05-25-speciale-ordre-du-jour.pdf\" target=\"blank\"><i class=\"fa fa-file-pdf-o\"><\/i> Ordre du jour<\/a><\/td><td style=\"width: 18%;\">\u00a0<\/td><\/tr><tr><td style=\"width: 28%;\">Le 29 mai (ordinaire)<\/td><td style=\"width: 14%;\">20 h<\/td><td style=\"width: 18%;\"><a href=\"https:\/\/montreal-west.ca\/wp-content\/uploads\/2018\/09\/2017-05-29-ordre-du-jour.pdf\" target=\"blank\"><i class=\"fa fa-file-pdf-o\"><\/i> Ordre du jour<\/a><\/td><td style=\"width: 18%;\">\u00a0<\/td><\/tr><tr><td style=\"width: 28%;\">Le 9 juin (sp\u00e9ciale)<\/td><td style=\"width: 14%;\">9 h 45<\/td><td style=\"width: 18%;\"><a href=\"https:\/\/montreal-west.ca\/wp-content\/uploads\/2018\/09\/2017-06-09-speciale-ordre-du-jour.pdf\" target=\"blank\"><i class=\"fa fa-file-pdf-o\"><\/i> Ordre du jour<\/a><\/td><td style=\"width: 18%;\"><a href=\"https:\/\/montreal-west.ca\/wp-content\/uploads\/2018\/09\/2017-06-09-speciale-proces-verbal.pdf\" target=\"blank\"><i class=\"fa fa-file-pdf-o\"><\/i> Proc\u00e8s-verbal<\/a><\/td><\/tr><tr><td style=\"width: 28%;\">Le 27 juin (ordinaire)<\/td><td style=\"width: 14%;\">20 h<\/td><td style=\"width: 18%;\"><a href=\"https:\/\/montreal-west.ca\/wp-content\/uploads\/2018\/09\/2017-06-27-ordre-du-jour.pdf\" target=\"blank\"><i class=\"fa fa-file-pdf-o\"><\/i> Ordre du jour<\/a><\/td><td style=\"width: 18%;\">\u00a0<\/td><\/tr><tr><td style=\"width: 28%;\">Le 14 juillet (sp\u00e9ciale)<\/td><td style=\"width: 14%;\">8 h 30<\/td><td style=\"width: 18%;\"><a href=\"https:\/\/montreal-west.ca\/wp-content\/uploads\/2018\/09\/2017-07-14-ordre-du-jour.pdf\" target=\"blank\"><i class=\"fa fa-file-pdf-o\"><\/i> Ordre du jour<\/a><\/td><td style=\"width: 18%;\">\u00a0<\/td><\/tr><tr><td style=\"width: 28%;\">Le 11 ao\u00fbt (sp\u00e9ciale)<\/td><td style=\"width: 14%;\">8 h 30<\/td><td style=\"width: 18%;\"><a href=\"https:\/\/montreal-west.ca\/wp-content\/uploads\/2018\/09\/2017-08-11-speciale-ordre-du-jour.pdf\" target=\"blank\"><i class=\"fa fa-file-pdf-o\"><\/i> Ordre du jour<\/a><\/td><td style=\"width: 18%;\">\u00a0<\/td><\/tr><tr><td style=\"width: 28%;\">Le 28 ao\u00fbt (ordinaire)<\/td><td style=\"width: 14%;\">20 h<\/td><td style=\"width: 18%;\"><a href=\"https:\/\/montreal-west.ca\/wp-content\/uploads\/2018\/09\/2017-08-28-ordre-du-jour.pdf\" target=\"blank\"><i class=\"fa fa-file-pdf-o\"><\/i> Ordre du jour<\/a><\/td><td style=\"width: 18%;\">\u00a0<\/td><\/tr><tr><td style=\"width: 28%;\">Le 1er septembre (sp\u00e9ciale)<\/td><td style=\"width: 14%;\">8 h 30<\/td><td style=\"width: 18%;\"><a href=\"https:\/\/montreal-west.ca\/wp-content\/uploads\/2018\/09\/2017-09-01-speciale-ordre-du-jour.pdf\" target=\"blank\"><i class=\"fa fa-file-pdf-o\"><\/i> Ordre du jour<\/a><\/td><td style=\"width: 18%;\">\u00a0<\/td><\/tr><tr><td style=\"width: 28%;\">Le 18 septembre (ordinaire)<\/td><td style=\"width: 14%;\">20 h<\/td><td style=\"width: 18%;\"><a href=\"https:\/\/montreal-west.ca\/wp-content\/uploads\/2018\/09\/2017-09-18-ordre-du-jour.pdf\" target=\"blank\"><i class=\"fa fa-file-pdf-o\"><\/i> Ordre du jour<\/a><\/td><td style=\"width: 18%;\">\u00a0<\/td><\/tr><tr><td style=\"width: 28%;\">Le 2 octobre (ordinaire)<\/td><td style=\"width: 14%;\">20 h<\/td><td style=\"width: 18%;\"><a href=\"https:\/\/montreal-west.ca\/wp-content\/uploads\/2018\/09\/2017-10-02-ordre-du-jour.pdf\" target=\"blank\"><i class=\"fa fa-file-pdf-o\"><\/i> Ordre du jour<\/a><\/td><td style=\"width: 18%;\">\u00a0<\/td><\/tr><tr><td style=\"width: 28%;\">Le 14 novembre (ordinaire)<\/td><td style=\"width: 14%;\">20 h<\/td><td style=\"width: 18%;\"><a href=\"https:\/\/montreal-west.ca\/wp-content\/uploads\/2018\/09\/2017-11-14-ordre-du-jour.pdf\" target=\"blank\"><i class=\"fa fa-file-pdf-o\"><\/i> Ordre du jour<\/a><\/td><td style=\"width: 18%;\">\u00a0<\/td><\/tr><tr><td style=\"width: 28%;\">Le 27 novembre (sp\u00e9ciale)<\/td><td style=\"width: 14%;\">16 h 30<\/td><td style=\"width: 18%;\">\u00a0<\/td><td style=\"width: 18%;\"><a href=\"https:\/\/montreal-west.ca\/wp-content\/uploads\/2018\/09\/2017-11-27-speciale-proces-verbal.pdf\" target=\"blank\"><i class=\"fa fa-file-pdf-o\"><\/i> Proc\u00e8s-verbal<\/a><\/td><\/tr><tr><td style=\"width: 28%;\">Le 13 d\u00e9cembre (sp\u00e9ciale)<\/td><td style=\"width: 14%;\">17 h<\/td><td style=\"width: 18%;\"><a href=\"https:\/\/montreal-west.ca\/wp-content\/uploads\/2018\/09\/2017-12-13-speciale-ordre-du-jour.pdf\" target=\"blank\"><i class=\"fa fa-file-pdf-o\"><\/i> Ordre du jour<\/a><\/td><td style=\"width: 18%;\">\u00a0<\/td><\/tr><tr><td style=\"width: 28%;\">Le 18 d\u00e9cembre (sp\u00e9ciale)<\/td><td style=\"width: 14%;\">19 h 30<\/td><td style=\"width: 18%;\"><a href=\"https:\/\/montreal-west.ca\/wp-content\/uploads\/2018\/09\/2017-12-18-speciale-ordre-du-jour.pdf\" target=\"blank\"><i class=\"fa fa-file-pdf-o\"><\/i> Ordre du jour<\/a><\/td><td style=\"width: 18%;\">\u00a0<\/td><\/tr><tr><td style=\"width: 28%;\">Le 18 d\u00e9cembre (ordinaire)<\/td><td style=\"width: 14%;\">20 h<\/td><td style=\"width: 18%;\">\u00a0<\/td><td style=\"width: 18%;\">\u00a0<\/td><\/tr><\/tbody><\/table>\t\t\t\t\t\t<\/div>\n\t\t\t\t\t<\/div>\n\t\t\t\t<\/div>\n\t\t\t\t\t\t\t\t<div class=\"accordion-card\">\n\t\t\t\t\t<div class=\"accordion-header\" id=\"elementor-tab-title-9\">\n\t\t  \t\t        <button class=\"btn btn-link d-flex align-items-center justify-content-between collapsed\" data-toggle=\"collapse\" data-target=\"#elementor-tab-content-9\" aria-expanded=\"true\" aria-controls=\"elementor-tab-content-9\">\n\t\t\t\t\t\t\t2016\t\t\t\t\t\t\t<img decoding=\"async\" src=\"https:\/\/montreal-ouest.ca\/wp-content\/themes\/penega\/images\/right-arrow.png\" alt=\"Right arrow\">\n\t\t\t\t\t\t<\/button>\n\t\t\t\t\t<\/div>\n\t\t\t\t\t<div id=\"elementor-tab-content-9\" class=\"collapse\" aria-labbeledby=\"elementor-tab-title-9\" data-parent=\".penega-accordion\">\n\t\t\t\t\t\t<div class=\"card-body\">\n\t\t\t\t\t\t\t<table class=\"aligncenter\" style=\"width: 78%;\" border=\"1\"><thead><tr><td style=\"width: 28%;\">Date<\/td><td style=\"width: 14%;\">Heure<\/td><td style=\"width: 36%; text-align: center;\" colspan=\"2\">Documents<\/td><\/tr><\/thead><tbody><tr><td style=\"width: 28%;\">Le 25 janvier (ordinaire)<\/td><td style=\"width: 14%;\">20 h<\/td><td style=\"width: 18%;\"><a href=\"https:\/\/montreal-west.ca\/wp-content\/uploads\/2018\/09\/2016-01-25-ordre-du-jour.pdf\" target=\"blank\"><i class=\"fa fa-file-pdf-o\"><\/i> Ordre du jour<\/a><\/td><td style=\"width: 18%;\"><a href=\"https:\/\/montreal-west.ca\/wp-content\/uploads\/2018\/09\/2016-01-25-proces-verbal.pdf\" target=\"blank\"><i class=\"fa fa-file-pdf-o\"><\/i> Proc\u00e8s-verbal<\/a><\/td><\/tr><tr style=\"background-color: #e6e8eb;\"><td style=\"width: 28%;\">Le 22 f\u00e9vrier (sp\u00e9ciale)<\/td><td style=\"width: 14%;\">17 h 30<\/td><td style=\"width: 18%;\"><a href=\"https:\/\/montreal-west.ca\/wp-content\/uploads\/2018\/09\/2016-02-22-speciale-ordre-du-jour.pdf\" target=\"blank\"><i class=\"fa fa-file-pdf-o\"><\/i> Ordre du jour<\/a><\/td><td style=\"width: 18%;\"><a href=\"https:\/\/montreal-west.ca\/wp-content\/uploads\/2018\/09\/2016-02-22-speciale-proces-verbal.pdf\" target=\"blank\"><i class=\"fa fa-file-pdf-o\"><\/i> Proc\u00e8s-verbal<\/a><\/td><\/tr><tr><td style=\"width: 28%;\">Le 29 f\u00e9vrier (ordinaire)<\/td><td style=\"width: 14%;\">20 h<\/td><td style=\"width: 18%;\"><a href=\"https:\/\/montreal-west.ca\/wp-content\/uploads\/2018\/09\/2016-02-29-ordre-du-jour.pdf\" target=\"blank\"><i class=\"fa fa-file-pdf-o\"><\/i> Ordre du jour<\/a><\/td><td style=\"width: 18%;\"><a href=\"https:\/\/montreal-west.ca\/wp-content\/uploads\/2018\/09\/2016-02-29-proces-verbal.pdf\" target=\"blank\"><i class=\"fa fa-file-pdf-o\"><\/i> Proc\u00e8s-verbal<\/a><\/td><\/tr><tr style=\"background-color: #e6e8eb;\"><td style=\"width: 28%;\">Le 29 mars (ordinaire)<\/td><td style=\"width: 14%;\">20 h<\/td><td style=\"width: 18%;\"><a href=\"https:\/\/montreal-west.ca\/wp-content\/uploads\/2018\/09\/2016-03-29-ordre-du-jour.pdf\" target=\"blank\"><i class=\"fa fa-file-pdf-o\"><\/i> Ordre du jour<\/a><\/td><td style=\"width: 18%;\"><a href=\"https:\/\/montreal-west.ca\/wp-content\/uploads\/2018\/09\/2016-03-29-proces-verbal.pdf\" target=\"blank\"><i class=\"fa fa-file-pdf-o\"><\/i> Proc\u00e8s-verbal<\/a><\/td><\/tr><tr><td style=\"width: 28%;\">Le 7 avril (sp\u00e9ciale)<\/td><td style=\"width: 14%;\">8 h 15<\/td><td style=\"width: 18%;\"><a href=\"https:\/\/montreal-west.ca\/wp-content\/uploads\/2018\/09\/2016-04-07-speciale-ordre-du-jour.pdf\" target=\"blank\"><i class=\"fa fa-file-pdf-o\"><\/i> Ordre du jour<\/a><\/td><td style=\"width: 18%;\"><a href=\"https:\/\/montreal-west.ca\/wp-content\/uploads\/2018\/09\/2016-04-07-speciale-proces-verbal.pdf\" target=\"blank\"><i class=\"fa fa-file-pdf-o\"><\/i> Proc\u00e8s-verbal<\/a><\/td><\/tr><tr style=\"background-color: #e6e8eb;\"><td style=\"width: 28%;\">Le 25 avril (ordinaire)<\/td><td style=\"width: 14%;\">20 h<\/td><td style=\"width: 18%;\"><a href=\"https:\/\/montreal-west.ca\/wp-content\/uploads\/2018\/09\/2016-04-25-ordre-du-jour.pdf\" target=\"blank\"><i class=\"fa fa-file-pdf-o\"><\/i> Ordre du jour<\/a><\/td><td style=\"width: 18%;\"><a href=\"https:\/\/montreal-west.ca\/wp-content\/uploads\/2018\/09\/2016-04-25-proces-verbal.pdf\" target=\"blank\"><i class=\"fa fa-file-pdf-o\"><\/i> Proc\u00e8s-verbal<\/a><\/td><\/tr><tr><td style=\"width: 28%;\">Le 13 mai (sp\u00e9ciale)<\/td><td style=\"width: 14%;\">8 h 30<\/td><td style=\"width: 18%;\"><a href=\"https:\/\/montreal-west.ca\/wp-content\/uploads\/2018\/09\/2016-05-13-speciale-ordre-du-jour.pdf\" target=\"blank\"><i class=\"fa fa-file-pdf-o\"><\/i> Ordre du jour<\/a><\/td><td style=\"width: 18%;\"><a href=\"https:\/\/montreal-west.ca\/wp-content\/uploads\/2018\/09\/2016-05-13-speciale-proces-verbal.pdf\" target=\"blank\"><i class=\"fa fa-file-pdf-o\"><\/i> Proc\u00e8s-verbal<\/a><\/td><\/tr><tr style=\"background-color: #e6e8eb;\"><td style=\"width: 28%;\">Le 30 mai (ordinaire)<\/td><td style=\"width: 14%;\">20 h<\/td><td style=\"width: 18%;\"><a href=\"https:\/\/montreal-west.ca\/wp-content\/uploads\/2018\/09\/2016-05-30-ordre-du-jour.pdf\" target=\"blank\"><i class=\"fa fa-file-pdf-o\"><\/i> Ordre du jour<\/a><\/td><td style=\"width: 18%;\"><a href=\"https:\/\/montreal-west.ca\/wp-content\/uploads\/2018\/09\/2016-05-30-proces-verbal.pdf\" target=\"blank\"><i class=\"fa fa-file-pdf-o\"><\/i> Proc\u00e8s-verbal<\/a><\/td><\/tr><tr><td style=\"width: 28%;\">Le 10 juin (sp\u00e9ciale)<\/td><td style=\"width: 14%;\">8 h 30<\/td><td style=\"width: 18%;\"><a href=\"https:\/\/montreal-west.ca\/wp-content\/uploads\/2018\/09\/2016-06-10-speciale-ordre-du-jour.pdf\" target=\"blank\"><i class=\"fa fa-file-pdf-o\"><\/i> Ordre du jour<\/a><\/td><td style=\"width: 18%;\"><a href=\"https:\/\/montreal-west.ca\/wp-content\/uploads\/2018\/09\/2016-06-10-speciale-proces-verbal.pdf\" target=\"blank\"><i class=\"fa fa-file-pdf-o\"><\/i> Proc\u00e8s-verbal<\/a><\/td><\/tr><tr style=\"background-color: #e6e8eb;\"><td style=\"width: 28%;\">Le 17 juin (sp\u00e9ciale)<\/td><td style=\"width: 14%;\">8 h 30<\/td><td style=\"width: 18%;\"><a href=\"https:\/\/montreal-west.ca\/wp-content\/uploads\/2018\/09\/2016-06-17-speciale-ordre-du-jour.pdf\" target=\"blank\"><i class=\"fa fa-file-pdf-o\"><\/i> Ordre du jour<\/a><\/td><td style=\"width: 18%;\"><a href=\"https:\/\/montreal-west.ca\/wp-content\/uploads\/2018\/09\/2016-06-17-speciale-proces-verbal.pdf\" target=\"blank\"><i class=\"fa fa-file-pdf-o\"><\/i> Proc\u00e8s-verbal<\/a><\/td><\/tr><tr><td style=\"width: 28%;\">Le 27 juin (ordinaire)<\/td><td style=\"width: 14%;\">20 h<\/td><td style=\"width: 18%;\"><a href=\"https:\/\/montreal-west.ca\/wp-content\/uploads\/2018\/09\/2016-06-27-ordre-du-jour.pdf\" target=\"blank\"><i class=\"fa fa-file-pdf-o\"><\/i> Ordre du jour<\/a><\/td><td style=\"width: 18%;\">\u00a0<\/td><\/tr><tr style=\"background-color: #e6e8eb;\"><td style=\"width: 28%;\">Le 15 juillet (sp\u00e9ciale)<\/td><td style=\"width: 14%;\">8 h 30<\/td><td style=\"width: 18%;\"><a href=\"https:\/\/montreal-west.ca\/wp-content\/uploads\/2018\/09\/2016-07-15-speciale-ordre-du-jour.pdf\" target=\"blank\"><i class=\"fa fa-file-pdf-o\"><\/i> Ordre du jour<\/a><\/td><td style=\"width: 18%;\">\u00a0<\/td><\/tr><tr><td style=\"width: 28%;\">Le 27 juillet (sp\u00e9ciale)<\/td><td style=\"width: 14%;\">8 h 30<\/td><td style=\"width: 18%;\"><a href=\"https:\/\/montreal-west.ca\/wp-content\/uploads\/2018\/09\/2016-07-27-speciale-ordre-du-jour.pdf\" target=\"blank\"><i class=\"fa fa-file-pdf-o\"><\/i> Ordre du jour<\/a><\/td><td style=\"width: 18%;\">\u00a0<\/td><\/tr><tr style=\"background-color: #e6e8eb;\"><td style=\"width: 28%;\">Le 12 ao\u00fbt (sp\u00e9ciale)<\/td><td style=\"width: 14%;\">8 h 30<\/td><td style=\"width: 18%;\"><a href=\"https:\/\/montreal-west.ca\/wp-content\/uploads\/2018\/09\/2016-08-12-speciale-ordre-du-jour.pdf\" target=\"blank\"><i class=\"fa fa-file-pdf-o\"><\/i> Ordre du jour<\/a><\/td><td style=\"width: 18%;\">\u00a0<\/td><\/tr><tr><td style=\"width: 28%;\">Le 29 ao\u00fbt (ordinaire)<\/td><td style=\"width: 14%;\">20 h<\/td><td style=\"width: 18%;\"><a href=\"https:\/\/montreal-west.ca\/wp-content\/uploads\/2018\/09\/2016-08-29-ordre-du-jour.pdf\" target=\"blank\"><i class=\"fa fa-file-pdf-o\"><\/i> Ordre du jour<\/a><\/td><td style=\"width: 18%;\">\u00a0<\/td><\/tr><tr style=\"background-color: #e6e8eb;\"><td style=\"width: 28%;\">Le 9 septembre (sp\u00e9ciale)<\/td><td style=\"width: 14%;\">8 h 30<\/td><td style=\"width: 18%;\"><a href=\"https:\/\/montreal-west.ca\/wp-content\/uploads\/2018\/09\/2016-09-09-speciale-ordre-du-jour.pdf\" target=\"blank\"><i class=\"fa fa-file-pdf-o\"><\/i> Ordre du jour<\/a><\/td><td style=\"width: 18%;\">\u00a0<\/td><\/tr><tr><td style=\"width: 28%;\">Le 16 septembre (sp\u00e9ciale)<\/td><td style=\"width: 14%;\">8 h 30<\/td><td style=\"width: 18%;\"><a href=\"https:\/\/montreal-west.ca\/wp-content\/uploads\/2018\/09\/2016-09-16-speciale-ordre-du-jour.pdf\" target=\"blank\"><i class=\"fa fa-file-pdf-o\"><\/i> Ordre du jour<\/a><\/td><td style=\"width: 18%;\">\u00a0<\/td><\/tr><tr style=\"background-color: #e6e8eb;\"><td style=\"width: 28%;\">Le 26 septembre (ordinaire)<\/td><td style=\"width: 14%;\">20 h<\/td><td style=\"width: 18%;\"><a href=\"https:\/\/montreal-west.ca\/wp-content\/uploads\/2018\/09\/2016-09-26-ordre-du-jour.pdf\" target=\"blank\"><i class=\"fa fa-file-pdf-o\"><\/i> Ordre du jour<\/a><\/td><td style=\"width: 18%;\">\u00a0<\/td><\/tr><tr><td style=\"width: 28%;\">Le 7 octobre (sp\u00e9ciale)<\/td><td style=\"width: 14%;\">10 h 30<\/td><td style=\"width: 18%;\"><a href=\"https:\/\/montreal-west.ca\/wp-content\/uploads\/2018\/09\/2016-10-07-speciale-ordre-du-jour.pdf\" target=\"blank\"><i class=\"fa fa-file-pdf-o\"><\/i> Ordre du jour<\/a><\/td><td style=\"width: 18%;\">\u00a0<\/td><\/tr><tr style=\"background-color: #e6e8eb;\"><td style=\"width: 28%;\">Le 18 octobre (sp\u00e9ciale)<\/td><td style=\"width: 14%;\">11 h<\/td><td style=\"width: 18%;\"><a href=\"https:\/\/montreal-west.ca\/wp-content\/uploads\/2018\/09\/2016-10-18-speciale-ordre-du-jour.pdf\" target=\"blank\"><i class=\"fa fa-file-pdf-o\"><\/i> Ordre du jour<\/a><\/td><td style=\"width: 18%;\">\u00a0<\/td><\/tr><tr><td style=\"width: 28%;\">Le 24 octobre (ordinaire)<\/td><td style=\"width: 14%;\">20 h<\/td><td style=\"width: 18%;\"><a href=\"https:\/\/montreal-west.ca\/wp-content\/uploads\/2018\/09\/2016-10-24-ordre-du-jour.pdf\" target=\"blank\"><i class=\"fa fa-file-pdf-o\"><\/i> Ordre du jour<\/a><\/td><td style=\"width: 18%;\">\u00a0<\/td><\/tr><tr style=\"background-color: #e6e8eb;\"><td style=\"width: 28%;\">Le 10 novembre (sp\u00e9ciale)<\/td><td style=\"width: 14%;\">8 h 30<\/td><td style=\"width: 18%;\"><a href=\"https:\/\/montreal-west.ca\/wp-content\/uploads\/2018\/09\/2016-11-10-speciale-ordre-du-jour.pdf\" target=\"blank\"><i class=\"fa fa-file-pdf-o\"><\/i> Ordre du jour<\/a><\/td><td style=\"width: 18%;\">\u00a0<\/td><\/tr><tr><td style=\"width: 28%;\">Le 28 novembre (ordinaire)<\/td><td style=\"width: 14%;\">20 h<\/td><td style=\"width: 18%;\"><a href=\"https:\/\/montreal-west.ca\/wp-content\/uploads\/2018\/09\/2016-11-28-ordre-du-jour.pdf\" target=\"blank\"><i class=\"fa fa-file-pdf-o\"><\/i> Ordre du jour<\/a><\/td><td style=\"width: 18%;\">\u00a0<\/td><\/tr><tr style=\"background-color: #e6e8eb;\"><td style=\"width: 28%;\">Le 19 d\u00e9cembre (sp\u00e9ciale)<\/td><td style=\"width: 14%;\">7 h 30<\/td><td style=\"width: 18%;\"><a href=\"https:\/\/montreal-west.ca\/wp-content\/uploads\/2018\/09\/2016-12-19-speciale-ordre-du-jour.pdf\" target=\"blank\"><i class=\"fa fa-file-pdf-o\"><\/i> Ordre du jour<\/a><\/td><td style=\"width: 18%;\">\u00a0<\/td><\/tr><tr><td style=\"width: 28%;\">Le 19 d\u00e9cembre (ordinaire)<\/td><td style=\"width: 14%;\">20 h<\/td><td style=\"width: 18%;\"><a href=\"https:\/\/montreal-west.ca\/wp-content\/uploads\/2018\/09\/2016-12-19-ordre-du-jour.pdf\" target=\"blank\"><i class=\"fa fa-file-pdf-o\"><\/i> Ordre du jour<\/a><\/td><td style=\"width: 18%;\">\u00a0<\/td><\/tr><\/tbody><\/table>\t\t\t\t\t\t<\/div>\n\t\t\t\t\t<\/div>\n\t\t\t\t<\/div>\n\t\t\t\t\t\t<\/div>\n\n\n\t\t\t\t\t\t<\/div>\n\t\t\t\t<\/div>\n\t\t\t\t\t<\/div>\n\t\t<\/div>\n\t\t\t\t\t<\/div>\n\t\t<\/section>\n\t\t\t\t<section class=\"elementor-section elementor-top-section elementor-element elementor-element-65b342a elementor-section-boxed elementor-section-height-default elementor-section-height-default\" data-id=\"65b342a\" data-element_type=\"section\" data-e-type=\"section\">\n\t\t\t\t\t\t<div class=\"elementor-container elementor-column-gap-default\">\n\t\t\t\t\t<div class=\"elementor-column elementor-col-100 elementor-top-column elementor-element elementor-element-76b5058\" data-id=\"76b5058\" data-element_type=\"column\" data-e-type=\"column\">\n\t\t\t<div class=\"elementor-widget-wrap elementor-element-populated\">\n\t\t\t\t\t\t<div class=\"elementor-element elementor-element-113ad29 elementor-widget elementor-widget-image\" data-id=\"113ad29\" data-element_type=\"widget\" data-e-type=\"widget\" data-widget_type=\"image.default\">\n\t\t\t\t<div class=\"elementor-widget-container\">\n\t\t\t\t\t\t\t\t\t\t\t\t\t\t\t<img decoding=\"async\" src=\"https:\/\/montreal-ouest.ca\/wp-content\/plugins\/elementor\/assets\/images\/placeholder.png\"  alt=\"\" loading=\"lazy\" \/>\t\t\t\t\t\t\t\t\t\t\t\t\t\t\t<\/div>\n\t\t\t\t<\/div>\n\t\t\t\t\t<\/div>\n\t\t<\/div>\n\t\t\t\t\t<\/div>\n\t\t<\/section>\n\t\t\t\t<\/div>\n\t\t","protected":false},"excerpt":{"rendered":"<p>Les s\u00e9ances ordinaires du conseil se tiennent dans la salle de musique de l\u2019h\u00f4tel de ville (50 avenue Westminster Sud) le dernier lundi de chaque mois, sauf exception. Des s\u00e9ances extraordinaires peuvent \u00eatre rajout\u00e9es au besoin. Il est [&hellip;]<\/p>\n","protected":false},"author":1,"featured_media":0,"parent":3766,"menu_order":3,"comment_status":"closed","ping_status":"closed","template":"","meta":{"_acf_changed":false,"footnotes":""},"tags":[],"class_list":["post-3783","page","type-page","status-publish","hentry"],"better_featured_image":null,"acf":{"header_title":"","header_image":{"ID":6924,"id":6924,"title":"mo-west-fall-2018-0288","filename":"mo-west-fall-2018-0288.jpg","filesize":846813,"url":"https:\/\/montreal-ouest.ca\/wp-content\/uploads\/2018\/11\/mo-west-fall-2018-0288.jpg","link":"https:\/\/montreal-ouest.ca\/fr\/notre-ville\/conseil-municipal\/mo-west-fall-2018-0288\/","alt":"","author":"3","description":"","caption":"","name":"mo-west-fall-2018-0288","status":"inherit","uploaded_to":3766,"date":"2018-11-02 14:55:31","modified":"2018-11-19 20:42:35","menu_order":0,"mime_type":"image\/jpeg","type":"image","subtype":"jpeg","icon":"https:\/\/montreal-ouest.ca\/wp-includes\/images\/media\/default.png","width":2048,"height":1366,"sizes":{"thumbnail":"https:\/\/montreal-ouest.ca\/wp-content\/uploads\/2018\/11\/mo-west-fall-2018-0288-285x285.jpg","thumbnail-width":285,"thumbnail-height":285,"medium":"https:\/\/montreal-ouest.ca\/wp-content\/uploads\/2018\/11\/mo-west-fall-2018-0288-992x661.jpg","medium-width":992,"medium-height":661,"medium_large":"https:\/\/montreal-ouest.ca\/wp-content\/uploads\/2018\/11\/mo-west-fall-2018-0288-768x512.jpg","medium_large-width":768,"medium_large-height":512,"large":"https:\/\/montreal-ouest.ca\/wp-content\/uploads\/2018\/11\/mo-west-fall-2018-0288-1920x1280.jpg","large-width":1920,"large-height":1280,"1536x1536":"https:\/\/montreal-ouest.ca\/wp-content\/uploads\/2018\/11\/mo-west-fall-2018-0288.jpg","1536x1536-width":1536,"1536x1536-height":1025,"2048x2048":"https:\/\/montreal-ouest.ca\/wp-content\/uploads\/2018\/11\/mo-west-fall-2018-0288.jpg","2048x2048-width":2048,"2048x2048-height":1366}},"header_subtitle":"","sidebar_image":false,"event_types":false,"hide_sidebar":false},"publishpress_future_workflow_manual_trigger":{"enabledWorkflows":[]},"_links":{"self":[{"href":"https:\/\/montreal-ouest.ca\/fr\/wp-json\/wp\/v2\/pages\/3783","targetHints":{"allow":["GET"]}}],"collection":[{"href":"https:\/\/montreal-ouest.ca\/fr\/wp-json\/wp\/v2\/pages"}],"about":[{"href":"https:\/\/montreal-ouest.ca\/fr\/wp-json\/wp\/v2\/types\/page"}],"author":[{"embeddable":true,"href":"https:\/\/montreal-ouest.ca\/fr\/wp-json\/wp\/v2\/users\/1"}],"replies":[{"embeddable":true,"href":"https:\/\/montreal-ouest.ca\/fr\/wp-json\/wp\/v2\/comments?post=3783"}],"version-history":[{"count":0,"href":"https:\/\/montreal-ouest.ca\/fr\/wp-json\/wp\/v2\/pages\/3783\/revisions"}],"up":[{"embeddable":true,"href":"https:\/\/montreal-ouest.ca\/fr\/wp-json\/wp\/v2\/pages\/3766"}],"wp:attachment":[{"href":"https:\/\/montreal-ouest.ca\/fr\/wp-json\/wp\/v2\/media?parent=3783"}],"wp:term":[{"taxonomy":"post_tag","embeddable":true,"href":"https:\/\/montreal-ouest.ca\/fr\/wp-json\/wp\/v2\/tags?post=3783"}],"curies":[{"name":"wp","href":"https:\/\/api.w.org\/{rel}","templated":true}]}}