{"id":29933,"date":"2020-11-26T13:10:45","date_gmt":"2020-11-26T17:10:45","guid":{"rendered":"https:\/\/montreal-west.ca\/?page_id=29933"},"modified":"2026-05-01T14:29:23","modified_gmt":"2026-05-01T18:29:23","slug":"evenements-speciaux","status":"publish","type":"page","link":"https:\/\/montreal-ouest.ca\/fr\/evenements-speciaux\/","title":{"rendered":"\u00c9v\u00e9nements sp\u00e9ciaux"},"content":{"rendered":"\t\t<div data-elementor-type=\"wp-post\" data-elementor-id=\"29933\" class=\"elementor elementor-29933\" data-elementor-post-type=\"page\">\n\t\t\t\t\t\t<section class=\"elementor-section elementor-top-section elementor-element elementor-element-216bca5 elementor-section-boxed elementor-section-height-default elementor-section-height-default\" data-id=\"216bca5\" data-element_type=\"section\" data-e-type=\"section\">\n\t\t\t\t\t\t<div class=\"elementor-container elementor-column-gap-default\">\n\t\t\t\t\t<div class=\"elementor-column elementor-col-100 elementor-top-column elementor-element elementor-element-da8f144\" data-id=\"da8f144\" data-element_type=\"column\" data-e-type=\"column\">\n\t\t\t<div class=\"elementor-widget-wrap elementor-element-populated\">\n\t\t\t\t\t\t<div class=\"elementor-element elementor-element-151a20e elementor-headline--style-highlight elementor-widget elementor-widget-animated-headline\" data-id=\"151a20e\" data-element_type=\"widget\" data-e-type=\"widget\" data-settings=\"{&quot;marker&quot;:&quot;underline&quot;,&quot;highlighted_text&quot;:&quot;\\u00c9v\\u00e9nements \\u00e0 venir&quot;,&quot;headline_style&quot;:&quot;highlight&quot;,&quot;loop&quot;:&quot;yes&quot;,&quot;highlight_animation_duration&quot;:1200,&quot;highlight_iteration_delay&quot;:8000}\" data-widget_type=\"animated-headline.default\">\n\t\t\t\t<div class=\"elementor-widget-container\">\n\t\t\t\t\t\t\t<h3 class=\"elementor-headline\">\n\t\t\t\t<span class=\"elementor-headline-dynamic-wrapper elementor-headline-text-wrapper\">\n\t\t\t\t\t<span class=\"elementor-headline-dynamic-text elementor-headline-text-active\">\u00c9v\u00e9nements \u00e0 venir<\/span>\n\t\t\t\t<\/span>\n\t\t\t\t<\/h3>\n\t\t\t\t\t\t<\/div>\n\t\t\t\t<\/div>\n\t\t\t\t\t<\/div>\n\t\t<\/div>\n\t\t\t\t\t<\/div>\n\t\t<\/section>\n\t\t\t\t<section class=\"elementor-section elementor-top-section elementor-element elementor-element-0e394bc elementor-section-boxed elementor-section-height-default elementor-section-height-default\" data-id=\"0e394bc\" data-element_type=\"section\" data-e-type=\"section\">\n\t\t\t\t\t\t<div class=\"elementor-container elementor-column-gap-default\">\n\t\t\t\t\t<div class=\"elementor-column elementor-col-100 elementor-top-column elementor-element elementor-element-9a4ea4e\" data-id=\"9a4ea4e\" data-element_type=\"column\" data-e-type=\"column\">\n\t\t\t<div class=\"elementor-widget-wrap elementor-element-populated\">\n\t\t\t\t\t\t<div class=\"elementor-element elementor-element-f79fd03 elementor-widget elementor-widget-text-editor\" data-id=\"f79fd03\" data-element_type=\"widget\" data-e-type=\"widget\" data-widget_type=\"text-editor.default\">\n\t\t\t\t<div class=\"elementor-widget-container\">\n\t\t\t\t\t\t\t\t\t<h2>\u00a0<\/h2><p>Venez rejoindre vos voisins pour participer \u00e0 diverses activit\u00e9s communautaires dans les parcs et installations de notre Ville.<\/p><p><span style=\"font-size: 1.6rem;\">*Les dates des \u00e9v\u00e9nements sont susceptibles d&rsquo;\u00eatre modifi\u00e9es.<\/span><\/p><p><a href=\"https:\/\/www.facebook.com\/montrealwest\" target=\"_blank\" rel=\"noopener\">Suivez-nous sur Facebook<\/a> ou incrivez-vous au <a href=\"https:\/\/montreal-west.ca\/fr\/\">bulletin \u00e9lectronique<\/a> pour rester\u00a0 \u00e0 jour.<\/p><h2 style=\"text-align: center;\">\u00a0<\/h2>\t\t\t\t\t\t\t\t<\/div>\n\t\t\t\t<\/div>\n\t\t\t\t<div class=\"elementor-element elementor-element-a801195 elementor-position-left elementor-hidden-desktop elementor-hidden-tablet elementor-hidden-mobile elementor-vertical-align-top elementor-widget elementor-widget-image-box\" data-id=\"a801195\" data-element_type=\"widget\" data-e-type=\"widget\" data-widget_type=\"image-box.default\">\n\t\t\t\t<div class=\"elementor-widget-container\">\n\t\t\t\t\t<div class=\"elementor-image-box-wrapper\"><figure class=\"elementor-image-box-img\"><a href=\"https:\/\/app.amilia.com\/store\/en\/ville-de-montreal-ouest\/shop\/programs\/105927\" tabindex=\"-1\"><img decoding=\"async\" src=\"https:\/\/montreal-ouest.ca\/wp-content\/uploads\/elementor\/thumbs\/Image-2025-11-19T085728.349-1-rhbavuofm5np3c2w335nrkin0i5oth523fb28dlmsg.jpg\"  alt=\"Image - 2025-11-19T085728.349 (1)\" loading=\"lazy\" \/><\/a><\/figure><div class=\"elementor-image-box-content\"><h2 class=\"elementor-image-box-title\"><a href=\"https:\/\/app.amilia.com\/store\/en\/ville-de-montreal-ouest\/shop\/programs\/105927\">F\u00eate du Lapin<\/a><\/h2><p class=\"elementor-image-box-description\"><strong>Dimanche 29 mars<br>\nH\u00f4tel de ville<br>\nDe 14 h \u00e0 16 h<br><br><\/strong>\n\nRejoignez-nous pour un apr\u00e8s-midi festif avec une chasse aux \u0153ufs, des bricolages et un fabuleux spectacle! Pour les enfants de 2 \u00e0 10 ans.<br><br>\n<strong>Spectacle de magie par Yannick Lacroix<\/strong><br>\nPetits et grands sont invit\u00e9s \u00e0 vivre une exp\u00e9rience magique interactive o\u00f9 l\u2019humour, la surprise et l\u2019\u00e9merveillement sont au rendez-vous. Plusieurs num\u00e9ros font appel \u00e0 la participation du public \u2014 autant les enfants que les adultes \u2014 rendant chaque repr\u00e9sentation unique.<br><br>\n\nAu fil du spectacle, laissez-vous transporter par des num\u00e9ros visuels impressionnants, rythm\u00e9s par la musique, pour culminer dans un final spectaculaire : une apparition, surprenante et personnalis\u00e9e, qui restera grav\u00e9e dans la m\u00e9moire de tous.<br><br>\n\n<strong>Billets<\/strong>\n\n<ul><li> Enfant (incluant l'acc\u00e8s pour un adulte): 25$ pour r\u00e9sidents \/ 30$ pour non-r\u00e9sidents <\/li>\n<li>Billets suppl\u00e9mentaires pour adultes: 5$ pour r\u00e9sidents \/ 10$ pour non-r\u00e9sidents. <\/li><\/ul>\n<a href=\"https:\/\/app.amilia.com\/store\/en\/ville-de-montreal-ouest\/shop\/products\" target=\"blank\">Achetez vos billets sur Amilia<\/a><\/p><\/div><\/div>\t\t\t\t<\/div>\n\t\t\t\t<\/div>\n\t\t\t\t<div class=\"elementor-element elementor-element-6d705e3 elementor-position-left elementor-hidden-desktop elementor-hidden-tablet elementor-hidden-mobile elementor-vertical-align-top elementor-widget elementor-widget-image-box\" data-id=\"6d705e3\" data-element_type=\"widget\" data-e-type=\"widget\" data-widget_type=\"image-box.default\">\n\t\t\t\t<div class=\"elementor-widget-container\">\n\t\t\t\t\t<div class=\"elementor-image-box-wrapper\"><figure class=\"elementor-image-box-img\"><a href=\"https:\/\/app.amilia.com\/store\/en\/ville-de-montreal-ouest\/shop\/products\" tabindex=\"-1\"><img decoding=\"async\" src=\"https:\/\/montreal-ouest.ca\/wp-content\/uploads\/elementor\/thumbs\/KTA_1-6-scaled-rkoy95pjoilxx8pdt91qq6vypiwtzhqop5llcj0ibc.jpg\"  alt=\"LAVAL, CANADA - NOVEMBER 9: Syracuse Crunch v Laval Rocket at Place Bell on November 9, 2024 in Laval, QC, Canada. (Photo by Kyran Thicke \/ Arena du Rocket Inc.)\" loading=\"lazy\" \/><\/a><\/figure><div class=\"elementor-image-box-content\"><h2 class=\"elementor-image-box-title\"><a href=\"https:\/\/app.amilia.com\/store\/en\/ville-de-montreal-ouest\/shop\/products\">Pub Night<\/a><\/h2><p class=\"elementor-image-box-description\"><strong>Le  samedi 25 avril<br>\n19 h 30<br>\nCentre sportif et r\u00e9cr\u00e9atif<\/strong><br><br>\n\nPr\u00e9parez-vous \u00e0 une soir\u00e9e remplie de danse, de plaisir et de musique live avec The Hunt!<br><br>\n\nDes boissons rafra\u00eechissantes et des bouch\u00e9es seront en vente tout au long de la soir\u00e9e. Cocktails par <a href=\"https:\/\/www.mtlcraftcocktails.com\/?srsltid=AfmBOoqEeVf_wgmD7xU5W1HCjG2K16Xdqp0Tg6pQlGaFRQJnrvTPC7ct\" target=\"blank\">MTL Craft Cocktails<\/a> <br><br>\n\nC'est votre chance de participer \u00e0 un \u00e9v\u00e9nement exceptionnel tout en soutenant une bonne cause. Tous les fonds r\u00e9colt\u00e9s contribueront au Centre sportif et r\u00e9cr\u00e9atif.<br><br>\n\n\nBillets : 30 $ pour les r\u00e9sidents \/ 40$ pour les non-r\u00e9sidents<br><br>\n\n<a href=\"https:\/\/app.amilia.com\/store\/en\/ville-de-montreal-ouest\/shop\/products\/25819794\" target=\"blank\">Billets en vente sur Amilia <\/a><\/p><\/div><\/div>\t\t\t\t<\/div>\n\t\t\t\t<\/div>\n\t\t\t\t<div class=\"elementor-element elementor-element-e41039c elementor-widget-divider--view-line elementor-widget elementor-widget-divider\" data-id=\"e41039c\" data-element_type=\"widget\" data-e-type=\"widget\" data-widget_type=\"divider.default\">\n\t\t\t\t<div class=\"elementor-widget-container\">\n\t\t\t\t\t\t\t<div class=\"elementor-divider\">\n\t\t\t<span class=\"elementor-divider-separator\">\n\t\t\t\t\t\t<\/span>\n\t\t<\/div>\n\t\t\t\t\t\t<\/div>\n\t\t\t\t<\/div>\n\t\t\t\t<div class=\"elementor-element elementor-element-986baa8 elementor-position-left elementor-hidden-desktop elementor-hidden-tablet elementor-hidden-mobile elementor-vertical-align-top elementor-widget elementor-widget-image-box\" data-id=\"986baa8\" data-element_type=\"widget\" data-e-type=\"widget\" data-widget_type=\"image-box.default\">\n\t\t\t\t<div class=\"elementor-widget-container\">\n\t\t\t\t\t<div class=\"elementor-image-box-wrapper\"><figure class=\"elementor-image-box-img\"><img decoding=\"async\" src=\"https:\/\/montreal-ouest.ca\/wp-content\/uploads\/elementor\/thumbs\/cinco-de-mayo-rkoyw6r74e5etwlfoa35chij17uruf54gmhonje8ww.png\"  alt=\"cinco de mayo\" loading=\"lazy\" \/><\/figure><div class=\"elementor-image-box-content\"><h2 class=\"elementor-image-box-title\">Cinco de Mayo<\/h2><p class=\"elementor-image-box-description\"><strong>Le vendredi 1er mai<br>\nMidi<br>\nCentre sportif et r\u00e9cr\u00e9atif\n<\/strong><br><br>\n\nVenez savourer un d\u00eener mexicain et en apprendre davantage sur la culture mexicaine avec notre professeure d\u2019espagnol, Brenda. <br><br>\n<a href=\"https:\/\/app.amilia.com\/store\/en\/ville-de-montreal-ouest\/shop\/activities\/6833108\" target=\"blank\">Acheter vos billets sur Amilia<\/a>\n<\/p><\/div><\/div>\t\t\t\t<\/div>\n\t\t\t\t<\/div>\n\t\t\t\t<div class=\"elementor-element elementor-element-6716d08 elementor-widget-divider--view-line elementor-widget elementor-widget-divider\" data-id=\"6716d08\" data-element_type=\"widget\" data-e-type=\"widget\" data-widget_type=\"divider.default\">\n\t\t\t\t<div class=\"elementor-widget-container\">\n\t\t\t\t\t\t\t<div class=\"elementor-divider\">\n\t\t\t<span class=\"elementor-divider-separator\">\n\t\t\t\t\t\t<\/span>\n\t\t<\/div>\n\t\t\t\t\t\t<\/div>\n\t\t\t\t<\/div>\n\t\t\t\t<div class=\"elementor-element elementor-element-14c455b elementor-position-left elementor-vertical-align-top elementor-widget elementor-widget-image-box\" data-id=\"14c455b\" data-element_type=\"widget\" data-e-type=\"widget\" data-widget_type=\"image-box.default\">\n\t\t\t\t<div class=\"elementor-widget-container\">\n\t\t\t\t\t<div class=\"elementor-image-box-wrapper\"><figure class=\"elementor-image-box-img\"><img decoding=\"async\" src=\"https:\/\/montreal-ouest.ca\/wp-content\/uploads\/elementor\/thumbs\/hockey-rmtv39011if1ni223q90rvmqckqj3otyfdydczuahs.png\"  alt=\"hockey\" loading=\"lazy\" \/><\/figure><div class=\"elementor-image-box-content\"><h2 class=\"elementor-image-box-title\">Hockey sur \u00e9cran g\u00e9ant<\/h2><p class=\"elementor-image-box-description\">Vivez toute l\u2019intensit\u00e9 des s\u00e9ries \u00e9liminatoires de la NHL et de la LPHF sur \u00e9cran g\u00e9ant au centre sportif et r\u00e9cr\u00e9atif, et partagez la passion du hockey de s\u00e9ries avec vos voisins !<br><br>\n\n<strong>Vendredi 1er mai <\/strong><br>\nNHL | Canadiens vs Lightning | Match 6<br>\n19 h (ouverture des portes \u00e0 18 h 30)<br><br>\n\n<strong>Samedi 2 mai<\/strong><br>\nLPHF | Victoire vs Frost | Match 1<br>\n14 h (ouverture des portes \u00e0 13 h 30)\n<br><br>\nDes collations et des boissons seront en vente sur place. <a href=\"https:\/\/app.amilia.com\/store\/en\/ville-de-montreal-ouest\/shop\/products\/26306281\">Inscriptions sur Amilia <\/a>ou au comptoir d\u2019accueil du centre sportif et r\u00e9cr\u00e9atif (gratuit pour les r\u00e9sidents, 5$ pour les non-r\u00e9sidents)<\/p><\/div><\/div>\t\t\t\t<\/div>\n\t\t\t\t<\/div>\n\t\t\t\t<div class=\"elementor-element elementor-element-ae3645e elementor-position-left elementor-vertical-align-top elementor-widget elementor-widget-image-box\" data-id=\"ae3645e\" data-element_type=\"widget\" data-e-type=\"widget\" data-widget_type=\"image-box.default\">\n\t\t\t\t<div class=\"elementor-widget-container\">\n\t\t\t\t\t<div class=\"elementor-image-box-wrapper\"><figure class=\"elementor-image-box-img\"><img decoding=\"async\" src=\"https:\/\/montreal-ouest.ca\/wp-content\/uploads\/elementor\/thumbs\/MCLL-talk-rkczt6wcortbvkswplx005fu5h0e3ssxsq50z7kdcw.jpg\"  alt=\"MCLL talk\" loading=\"lazy\" \/><\/figure><div class=\"elementor-image-box-content\"><h2 class=\"elementor-image-box-title\">Conf\u00e9rence gratuite: Perte auditive<\/h2><p class=\"elementor-image-box-description\"><strong>Le mardi 5 mai<br>\n13 h<br>\nCentre sportif et r\u00e9cr\u00e9atif<\/strong> <br><br>\n\nConf\u00e9rence par: Dale Bonnycastle <br><br>\nLa perte auditive est fr\u00e9quente chez les personnes de plus de 65 ans, mais elle se d\u00e9veloppe souvent progressivement et peut \u00eatre difficile \u00e0 d\u00e9tecter. Cette conf\u00e9rence expliquera ce qu\u2019est la perte auditive, comment elle affecte la vie quotidienne et la communication, et pourquoi elle est souvent mal comprise. Nous partagerons \u00e9galement des informations pratiques sur les services disponibles, les appareils auditifs et les strat\u00e9gies simples qui peuvent faciliter la communication. <br><br>\n\n<a href=\"https:\/\/app.amilia.com\/store\/en\/ville-de-montreal-ouest\/shop\/activities\/6921358\"> R\u00e9servez votre place sur Amilia<\/a><br><br>\n\n<em>Offert par le McGill Community for Lifelong Learning - On the Road<\/em><\/p><\/div><\/div>\t\t\t\t<\/div>\n\t\t\t\t<\/div>\n\t\t\t\t<div class=\"elementor-element elementor-element-528dfd6 elementor-widget-divider--view-line elementor-widget elementor-widget-divider\" data-id=\"528dfd6\" data-element_type=\"widget\" data-e-type=\"widget\" data-widget_type=\"divider.default\">\n\t\t\t\t<div class=\"elementor-widget-container\">\n\t\t\t\t\t\t\t<div class=\"elementor-divider\">\n\t\t\t<span class=\"elementor-divider-separator\">\n\t\t\t\t\t\t<\/span>\n\t\t<\/div>\n\t\t\t\t\t\t<\/div>\n\t\t\t\t<\/div>\n\t\t\t\t<div class=\"elementor-element elementor-element-f158967 elementor-position-left elementor-vertical-align-top elementor-widget elementor-widget-image-box\" data-id=\"f158967\" data-element_type=\"widget\" data-e-type=\"widget\" data-widget_type=\"image-box.default\">\n\t\t\t\t<div class=\"elementor-widget-container\">\n\t\t\t\t\t<div class=\"elementor-image-box-wrapper\"><figure class=\"elementor-image-box-img\"><a href=\"https:\/\/app.amilia.com\/store\/en\/ville-de-montreal-ouest\/shop\/programs\/105927\" tabindex=\"-1\"><img decoding=\"async\" src=\"https:\/\/montreal-ouest.ca\/wp-content\/uploads\/elementor\/thumbs\/parents-night-rklkltre6bnehb9qdc2rbenfq6j5022oiylk9atj1c.png\"  alt=\"parents night\" loading=\"lazy\" \/><\/a><\/figure><div class=\"elementor-image-box-content\"><h2 class=\"elementor-image-box-title\"><a href=\"https:\/\/app.amilia.com\/store\/en\/ville-de-montreal-ouest\/shop\/programs\/105927\">Soir\u00e9e cong\u00e9 pour les parents<\/a><\/h2><p class=\"elementor-image-box-description\"><strong>\nVendredi 8 mai<br>\n17 h \u00e0 21 h<br>\nCentre sportif et r\u00e9cr\u00e9atif<\/strong><br><Br>\nOffrez-vous une pause et inscrivez votre enfant pour une soir\u00e9e amusante au centre communautaire! Les enfants \u00e2g\u00e9s de 4 \u00e0 10 ans profiteront de jeux, et de films, pour une soir\u00e9e inoubliable!\n<br><br> De la  pizza et du jus seront servis, mais les parents peuvent apporter un repas sans arachides pour leurs enfants s'ils le pr\u00e9f\u00e8rent.<br><br>\n\nCo\u00fbt:<br>\n- 25 $ pour les r\u00e9sidents  <br>\n- 35 $ pour les non-r\u00e9sidents<br><br>\n\nLes places sont limit\u00e9es\u2014inscrivez-vous d\u00e8s aujourd'hui sur  <a href=\"https:\/\/app.amilia.com\/store\/en\/ville-de-montreal-ouest\/shop\/programs\/125179\">Amilia<\/a> et offrez-vous une soir\u00e9e de r\u00e9pit bien m\u00e9rit\u00e9e! <br>\n\n<\/p><\/div><\/div>\t\t\t\t<\/div>\n\t\t\t\t<\/div>\n\t\t\t\t<div class=\"elementor-element elementor-element-bb10c50 elementor-widget-divider--view-line elementor-widget elementor-widget-divider\" data-id=\"bb10c50\" data-element_type=\"widget\" data-e-type=\"widget\" data-widget_type=\"divider.default\">\n\t\t\t\t<div class=\"elementor-widget-container\">\n\t\t\t\t\t\t\t<div class=\"elementor-divider\">\n\t\t\t<span class=\"elementor-divider-separator\">\n\t\t\t\t\t\t<\/span>\n\t\t<\/div>\n\t\t\t\t\t\t<\/div>\n\t\t\t\t<\/div>\n\t\t\t\t<div class=\"elementor-element elementor-element-6b6e290 elementor-position-left elementor-vertical-align-top elementor-widget elementor-widget-image-box\" data-id=\"6b6e290\" data-element_type=\"widget\" data-e-type=\"widget\" data-widget_type=\"image-box.default\">\n\t\t\t\t<div class=\"elementor-widget-container\">\n\t\t\t\t\t<div class=\"elementor-image-box-wrapper\"><figure class=\"elementor-image-box-img\"><a href=\"https:\/\/app.amilia.com\/store\/en\/ville-de-montreal-ouest\/shop\/products\" tabindex=\"-1\"><img decoding=\"async\" src=\"https:\/\/montreal-ouest.ca\/wp-content\/uploads\/elementor\/thumbs\/pop-up-event-rkozvhkzseh2upbhjjeqzktq65v0x7a7zci5hn1z8g.png\"  alt=\"pop up event\" loading=\"lazy\" \/><\/a><\/figure><div class=\"elementor-image-box-content\"><h2 class=\"elementor-image-box-title\"><a href=\"https:\/\/app.amilia.com\/store\/en\/ville-de-montreal-ouest\/shop\/products\">\u00c9v\u00e9nement \u00e9ph\u00e9m\u00e8re<\/a><\/h2><p class=\"elementor-image-box-description\"><strong>Le dimanche 24 mai<br>\n10 h \u00e0 14 h<br>\nParc Paula Cordeau<br><br><\/strong>\n\n\nLa Ville de Montr\u00e9al-Ouest est de retour avec un autre \u00e9v\u00e9nement \u00e9ph\u00e9m\u00e8re pour les marchands, les artisans et les r\u00e9sidents afin d'exposer et de vendre leurs produits. <br><br>\nVenez d\u00e9couvrir des commer\u00e7ants locaux et leurs produits uniques et laissez-vous porter par la musique dans une ambiance conviviale.<br><br>\n<strong>ARTISANS<\/strong><br>\nLes tables sont disponibles \u00e0 la location pour 35 $ pour les r\u00e9sidents et 45 $ pour les non-r\u00e9sidents. Des tentes sont \u00e9galement disponibles \u00e0 la location pour un montant suppl\u00e9mentaire de 45 $. <BR><BR>\n\n<a href=\"https:\/\/app.amilia.com\/store\/en\/ville-de-montreal-ouest\/shop\/programs\/132661\" target=\"blank\">Visitez Amilia pour r\u00e9server votre table et votre tente.  <\/a><\/p><\/div><\/div>\t\t\t\t<\/div>\n\t\t\t\t<\/div>\n\t\t\t\t<div class=\"elementor-element elementor-element-d1f3885 elementor-position-left elementor-hidden-desktop elementor-hidden-tablet elementor-hidden-mobile elementor-vertical-align-top elementor-widget elementor-widget-image-box\" data-id=\"d1f3885\" data-element_type=\"widget\" data-e-type=\"widget\" data-widget_type=\"image-box.default\">\n\t\t\t\t<div class=\"elementor-widget-container\">\n\t\t\t\t\t<div class=\"elementor-image-box-wrapper\"><figure class=\"elementor-image-box-img\"><a href=\"https:\/\/app.amilia.com\/store\/en\/ville-de-montreal-ouest\/shop\/programs\/105927\" tabindex=\"-1\"><img decoding=\"async\" src=\"https:\/\/montreal-ouest.ca\/wp-content\/uploads\/elementor\/thumbs\/saint-patrick-r1qp4k31o6nshkr2mr2108mfqpkspqmgzzvz9ul2u8.png\"  alt=\"saint patrick\" loading=\"lazy\" \/><\/a><\/figure><div class=\"elementor-image-box-content\"><h2 class=\"elementor-image-box-title\"><a href=\"https:\/\/app.amilia.com\/store\/en\/ville-de-montreal-ouest\/shop\/programs\/105927\">D\u00eener de la Saint-Patrick<\/a><\/h2><p class=\"elementor-image-box-description\"><strong>Le vendredi 13 mars<br>\n<p style=\"color:#ff0000\">NOUVEL EMPLACEMENT: Centre sportif et r\u00e9cr\u00e9atif<\/p><br>\nMidi<\/strong><br><br>\nNe manquez pas cet apr\u00e8s-midi festif : excellent repas, ambiance musicale anim\u00e9e et bonne compagnie seront au rendez-vous !<br><br>\n\nApportez votre boisson \u2013 BYOB.<br><br>\n\n35$ pour les membres du Club 60+ de Montr\u00e9al-Ouest | 45$ pour les non-membres<br><br>\n\n<a href=\"https:\/\/app.amilia.com\/store\/en\/ville-de-montreal-ouest\/shop\/activities\/6582652\">Inscriptions sur Amilia <\/a> ou au Centre communautaire (514-484-6186) <\/a><\/p><\/div><\/div>\t\t\t\t<\/div>\n\t\t\t\t<\/div>\n\t\t\t\t<div class=\"elementor-element elementor-element-a0f1901 elementor-position-left elementor-hidden-desktop elementor-hidden-tablet elementor-hidden-mobile elementor-vertical-align-top elementor-widget elementor-widget-image-box\" data-id=\"a0f1901\" data-element_type=\"widget\" data-e-type=\"widget\" data-widget_type=\"image-box.default\">\n\t\t\t\t<div class=\"elementor-widget-container\">\n\t\t\t\t\t<div class=\"elementor-image-box-wrapper\"><figure class=\"elementor-image-box-img\"><img decoding=\"async\" src=\"https:\/\/montreal-ouest.ca\/wp-content\/uploads\/elementor\/thumbs\/Copy-of-Lecture-series-1-rj25q9yxfhkr4bd2qo301t6spc8gxvbiszpy4gg9eo.png\"  alt=\"Copy of Lecture series (1)\" loading=\"lazy\" \/><\/figure><div class=\"elementor-image-box-content\"><h2 class=\"elementor-image-box-title\">La nutrition, c'est ce que nous mangeons et ce que nous dig\u00e9rons<\/h2><p class=\"elementor-image-box-description\"><strong>\nLe jeudi 5 mars<br>\n13h \u00e0 15 h<br>\n<p style=\"color:#ff0000\">NOUVEL EMPLACEMENT: Centre sportif et r\u00e9cr\u00e9atif<\/p><br><\/strong>\n \nConf\u00e9rence gratuite par Prithu Mukhopadhyay<br><br>\n\nNon seulement l'alimentation et la nutrition jouent un r\u00f4le cl\u00e9 dans le fonctionnement de notre corps, mais elles ont \u00e9galement des effets significatifs sur notre humeur et notre bien-\u00eatre mental. Nous avons tendance \u00e0 nous concentrer sur le go\u00fbt des aliments et \u00e0 rechercher des superaliments. \u00a0Mais voici le probl\u00e8me : c'est le syst\u00e8me digestif qui importe le plus. Sans digestion, les aliments ing\u00e9r\u00e9s deviennent des d\u00e9chets, appel\u00e9s selles. Les aliments peuvent-ils am\u00e9liorer la sant\u00e9 de notre cerveau ? Quel est le lien entre l'alimentation et notre bien-\u00eatre mental ? Cela peut sembler ridicule, mais la science le confirme.<br><br>\n\n<a href=\"https:\/\/app.amilia.com\/store\/en\/ville-de-montreal-ouest\/shop\/activities\/6582216\" target=\"blank\">R\u00e9servez votre place sur Amilia<\/a>\n\n<br><br><em>Offert par le McGill Community for Lifelong Learning - On the Road<\/em>\n\n<\/p><\/div><\/div>\t\t\t\t<\/div>\n\t\t\t\t<\/div>\n\t\t\t\t<div class=\"elementor-element elementor-element-ab7b12a elementor-position-left elementor-hidden-desktop elementor-hidden-tablet elementor-hidden-mobile elementor-vertical-align-top elementor-widget elementor-widget-image-box\" data-id=\"ab7b12a\" data-element_type=\"widget\" data-e-type=\"widget\" data-widget_type=\"image-box.default\">\n\t\t\t\t<div class=\"elementor-widget-container\">\n\t\t\t\t\t<div class=\"elementor-image-box-wrapper\"><figure class=\"elementor-image-box-img\"><img decoding=\"async\" src=\"https:\/\/montreal-ouest.ca\/wp-content\/uploads\/elementor\/thumbs\/Final-VETERANS-Montreal__079-scaled-rcyogr0g2r3e6iczu0wn75cnhi13dbao6cmhnwo3hc.jpg\"  alt=\"MONTREAL WEST, Quebec:\nSamedi 9 novembre 2024\nMemorial Park\n50 Westminster Avenue South\nThe Honourable Ginette Petitpas Taylor, Minister of Veterans Affairs and Associate Minister of National Defence\nPaul Ledwell, Deputy Minister, Veterans Affairs Canada\nCaptain Maxime Beaudette, Military Assistant to the Minister of Veterans Affairs\nDr. Robert Drummond, Local Historian and Creator of the Walk to Remember \nUp to 30 Montreal West Residents \n\nPhoto Bernard Brault, CNW\n\nThe Town of Montreal West has received $2,500 through CPP to support their Veterans Week programming. On November 9, Dr. Drummond will lead a &quot;Walk to Remember&quot; through Montreal West, with a map available online for public access. &quot;Roots and Remembrance&quot; booklets will also be available during the Walk, or at the Town Hall and community center throughout Veterans Week. The walk will be conducted in English, and up to 30 participants are expected depending on the weather.\n\nSeveral other commemorative events are planned, beginning in early November with placards displaying the photos and names of Veterans in front of the homes where they once lived. Similar banners will be placed on lamp posts along the main street. On November 6, David O&#039;Keefe will deliver a lecture on the 80th anniversary of D-Day. The commemorations will culminate on November 10 with a procession led by a piper to the cenotaph, followed by a traditional Remembrance Day ceremony.\" loading=\"lazy\" \/><\/figure><div class=\"elementor-image-box-content\"><h2 class=\"elementor-image-box-title\">Marche du Souvenir<\/h2><p class=\"elementor-image-box-description\"><strong>\nLe samedi 8 novembre 2025<br>\n13h <br>\nC\u00e9notaphe de Montr\u00e9al-Ouest<br><br><\/strong>\n\nRejoignez le Dr Robert Drummond pour une visite guid\u00e9e sp\u00e9ciale \u00e0 travers le pass\u00e9 afin de rendre hommage \u00e0 nos anciens combattants locaux.\n\n<\/p><\/div><\/div>\t\t\t\t<\/div>\n\t\t\t\t<\/div>\n\t\t\t\t<div class=\"elementor-element elementor-element-95ae28e elementor-position-left elementor-hidden-desktop elementor-hidden-tablet elementor-hidden-mobile elementor-vertical-align-top elementor-widget elementor-widget-image-box\" data-id=\"95ae28e\" data-element_type=\"widget\" data-e-type=\"widget\" data-widget_type=\"image-box.default\">\n\t\t\t\t<div class=\"elementor-widget-container\">\n\t\t\t\t\t<div class=\"elementor-image-box-wrapper\"><figure class=\"elementor-image-box-img\"><img decoding=\"async\" src=\"https:\/\/montreal-ouest.ca\/wp-content\/uploads\/elementor\/thumbs\/remembrance-ceremony-2024-rcypi51bxia0041ti6qedpoq59qpjvqanetsw58bz4.jpg\"  alt=\"remembrance ceremony 2024\" loading=\"lazy\" \/><\/figure><div class=\"elementor-image-box-content\"><h2 class=\"elementor-image-box-title\">C\u00e9r\u00e9monie du Souvenir<\/h2><p class=\"elementor-image-box-description\"><strong>Le dimanche 9 novembre 2025\n12h30<br>\nC\u00e9notaphe <\/strong><br><br>\n\nLa C\u00e9r\u00e9monie du Souvenir aura lieu le<strong> dimanche 9 novembre, \u00e0 12h30 <\/strong> au C\u00e9notaphe de Montr\u00e9al-Ouest, situ\u00e9 \u00e0 c\u00f4t\u00e9 de l'H\u00f4tel de Ville au 50 Ave. Westminster Sud. <br><br>Avant la c\u00e9r\u00e9monie, une petite procession d\u00e9butera \u00e0 12h15 au coin de Curzon et Westminster, se dirigeant vers le C\u00e9notaphe, dirig\u00e9e par un joueur de cornemuse.\n\n<\/p><\/div><\/div>\t\t\t\t<\/div>\n\t\t\t\t<\/div>\n\t\t\t\t<div class=\"elementor-element elementor-element-b56e9a1 elementor-position-left elementor-hidden-desktop elementor-hidden-tablet elementor-hidden-mobile elementor-vertical-align-top elementor-widget elementor-widget-image-box\" data-id=\"b56e9a1\" data-element_type=\"widget\" data-e-type=\"widget\" data-widget_type=\"image-box.default\">\n\t\t\t\t<div class=\"elementor-widget-container\">\n\t\t\t\t\t<div class=\"elementor-image-box-wrapper\"><figure class=\"elementor-image-box-img\"><img decoding=\"async\" src=\"https:\/\/montreal-ouest.ca\/wp-content\/uploads\/elementor\/thumbs\/mo-west-holiday-train-2019-0096_lrg-scaled-pv3c5m329nkz1beqf3vc44yrzhb8rjl1718jkatwgw.jpg\"  alt=\"mo-west-holiday-train-2019-0096_lrg\" loading=\"lazy\" \/><\/figure><div class=\"elementor-image-box-content\"><h2 class=\"elementor-image-box-title\">Train des f\u00eates<\/h2><p class=\"elementor-image-box-description\"><strong>Le mercredi 19 novembre 2025<br>\nGare Montr\u00e9al-Ouest<br>\n19 h<br><br><\/strong>\n\nLe train des f\u00eates du CPKC arrive en ville le mercredi 19 novembre 2025 \u00e0 19 h 00, avec des prestations musicales en direct de Smash Mouth et JJ Wilde jusqu\u2019\u00e0 19 h 30. \n<br><br>\n\nD\u00e8s 18 h, des hot-dogs et de la pizza seront disponibles en \u00e9change d\u2019un don de denr\u00e9es non p\u00e9rissables. Profitez des prestations de Shawny et des jongleurs sur Broughton avant l\u2019arriv\u00e9e du train.<br><br>\n\n<em>Moisson Montr\u00e9al sera sur place pour accepter des dons de denr\u00e9es non p\u00e9rissables.<\/em>\n<\/p><\/div><\/div>\t\t\t\t<\/div>\n\t\t\t\t<\/div>\n\t\t\t\t<div class=\"elementor-element elementor-element-1d77a67 elementor-position-left elementor-hidden-desktop elementor-hidden-tablet elementor-hidden-mobile elementor-vertical-align-top elementor-widget elementor-widget-image-box\" data-id=\"1d77a67\" data-element_type=\"widget\" data-e-type=\"widget\" data-widget_type=\"image-box.default\">\n\t\t\t\t<div class=\"elementor-widget-container\">\n\t\t\t\t\t<div class=\"elementor-image-box-wrapper\"><figure class=\"elementor-image-box-img\"><img decoding=\"async\" src=\"https:\/\/montreal-ouest.ca\/wp-content\/uploads\/elementor\/thumbs\/drummond-book-re9xs7l5qe90dh09okrorkcp1p3dkbgvl4tjwwg68w.png\"  alt=\"drummond book\" loading=\"lazy\" \/><\/figure><div class=\"elementor-image-box-content\"><h2 class=\"elementor-image-box-title\">S\u00e9ance de d\u00e9dicace par Dr Drummond<\/h2><p class=\"elementor-image-box-description\"><strong>Mardi 25 novembre 2025<br>\n19h <br>\nCentre communautaire<\/strong><BR><BR>\n\nParticipez \u00e0 un \u00e9v\u00e9nement exceptionnel avec le Dr Drummond, qui pr\u00e9sentera son dernier livre, <em>\"One Town in a Very Long War: The Sons of Montreal West: Remembering the Town That Gave its Best.\"<\/em> Il sera disponible pour d\u00e9dicacer votre exemplaire apr\u00e8s la pr\u00e9sentation.<br><br> Les livres seront en vente et tous les profits seront vers\u00e9s \u00e0 la L\u00e9gion. Caf\u00e9 et collations seront servis.<\/p><\/div><\/div>\t\t\t\t<\/div>\n\t\t\t\t<\/div>\n\t\t\t\t<div class=\"elementor-element elementor-element-9eb6b0b elementor-position-left elementor-hidden-desktop elementor-hidden-tablet elementor-hidden-mobile elementor-vertical-align-top elementor-widget elementor-widget-image-box\" data-id=\"9eb6b0b\" data-element_type=\"widget\" data-e-type=\"widget\" data-widget_type=\"image-box.default\">\n\t\t\t\t<div class=\"elementor-widget-container\">\n\t\t\t\t\t<div class=\"elementor-image-box-wrapper\"><figure class=\"elementor-image-box-img\"><a href=\"https:\/\/app.amilia.com\/store\/en\/ville-de-montreal-ouest\/shop\/products\" tabindex=\"-1\"><img decoding=\"async\" src=\"https:\/\/montreal-ouest.ca\/wp-content\/uploads\/elementor\/thumbs\/CANO9858-rd90h7pysod8zp258zoz1lun2ca1zeg84w6a77j1y8.jpg\"  alt=\"CANO9858\" loading=\"lazy\" \/><\/a><\/figure><div class=\"elementor-image-box-content\"><h2 class=\"elementor-image-box-title\"><a href=\"https:\/\/app.amilia.com\/store\/en\/ville-de-montreal-ouest\/shop\/products\">D\u00e9jeuner avec le P\u00e8re No\u00ebl<\/a><\/h2><p class=\"elementor-image-box-description\">Le 7 d\u00e9cembre 2025<br>\nEntre 8h et 12h<br><br>\n\nRejoignez le P\u00e8re No\u00ebl \u00e0 l\u2019H\u00f4tel de Ville pour un d\u00e9jeuner festif et profitez d'activit\u00e9s amusantes pour toute la famille, comme du maquillage, des arts et des bricolages, ainsi que de la musique en direct avec Shawny ! <br><br>\n\n<strong>Merci \u00e0 nos commanditaires : IGA Lipari, St-Viateur Bagel, BOOMI Fruits &amp; L\u00e9gumes<\/strong><br><br>\n\n<a href=\"https:\/\/app.amilia.com\/store\/en\/ville-de-montreal-ouest\/shop\/products\" target=\"blank\">Achetez vos billets d\u00e8s maintenant<\/a><br><br>\n\n<em>Apportez un don alimentaire non p\u00e9rissable et vous serez inscrit \u00e0 un tirage.<\/em><\/p><\/div><\/div>\t\t\t\t<\/div>\n\t\t\t\t<\/div>\n\t\t\t\t<div class=\"elementor-element elementor-element-a1ca9a3 elementor-position-left elementor-hidden-desktop elementor-hidden-tablet elementor-hidden-mobile elementor-vertical-align-top elementor-widget elementor-widget-image-box\" data-id=\"a1ca9a3\" data-element_type=\"widget\" data-e-type=\"widget\" data-widget_type=\"image-box.default\">\n\t\t\t\t<div class=\"elementor-widget-container\">\n\t\t\t\t\t<div class=\"elementor-image-box-wrapper\"><figure class=\"elementor-image-box-img\"><a href=\"https:\/\/app.amilia.com\/store\/en\/ville-de-montreal-ouest\/shop\/products\" tabindex=\"-1\"><img decoding=\"async\" src=\"https:\/\/montreal-ouest.ca\/wp-content\/uploads\/elementor\/thumbs\/mo-west-holiday-brunch-2019-0069_4000px-scaled-rexu1ffyk0rwt8hn76wo0l9y49rbut49gj5x6q2wm8.jpg\"  alt=\"mo-west-holiday-brunch-2019-0069_4000px\" loading=\"lazy\" \/><\/a><\/figure><div class=\"elementor-image-box-content\"><h2 class=\"elementor-image-box-title\"><a href=\"https:\/\/app.amilia.com\/store\/en\/ville-de-montreal-ouest\/shop\/products\">Souper de No\u00ebl<\/a><\/h2><p class=\"elementor-image-box-description\"><strong>Le samedi 13 d\u00e9cembre 2025<br>\n18 h \u00e0 20 h<br>\nH\u00f4tel de ville<br><br><\/strong>\n\nRejoignez-nous pour une soir\u00e9e plac\u00e9e sous le signe de la bonne cuisine, des divertissements passionnants et du plaisir g\u00e9n\u00e9ral.<br><br>\n\nRepas : souper traditionnel de dinde avec tous les accompagnements<br><br>\n\nSpectacle par Dawn Tyler Watson<br><br>\n\n<a href=\"https:\/\/app.amilia.com\/store\/en\/ville-de-montreal-ouest\/shop\/activities\/6323478\" target=\"blank\">R\u00e9servez votre place avant le 25 novembre<\/a><\/p><\/div><\/div>\t\t\t\t<\/div>\n\t\t\t\t<\/div>\n\t\t\t\t<div class=\"elementor-element elementor-element-b835a73 elementor-position-left elementor-hidden-desktop elementor-hidden-tablet elementor-hidden-mobile elementor-vertical-align-top elementor-widget elementor-widget-image-box\" data-id=\"b835a73\" data-element_type=\"widget\" data-e-type=\"widget\" data-widget_type=\"image-box.default\">\n\t\t\t\t<div class=\"elementor-widget-container\">\n\t\t\t\t\t<div class=\"elementor-image-box-wrapper\"><figure class=\"elementor-image-box-img\"><img decoding=\"async\" src=\"https:\/\/montreal-ouest.ca\/wp-content\/uploads\/elementor\/thumbs\/0D0A7887-1-r6qbz7zg4nfl423087nurseb7h5wp7xx9zxtoztodc.jpg\"  alt=\"0D0A7887.jpg\" loading=\"lazy\" \/><\/figure><div class=\"elementor-image-box-content\"><h2 class=\"elementor-image-box-title\">\u00c9pluchette de bl\u00e9 d'inde et spectacle de vari\u00e9t\u00e9s du Camp<\/h2><p class=\"elementor-image-box-description\"><strong>Le mardi 12 ao\u00fbt 2025<br>\n18 h<br>\nParc Davies<\/strong><br><br>\n\nC\u00e9l\u00e9brez la fin de l'\u00e9t\u00e9 lors de l'\u00e9pluchette de bl\u00e9 d'inde et du spectacle de vari\u00e9t\u00e9s annuel tant attendu ! Savourez du ma\u00efs frais et un d\u00e9licieux barbecue ($).<br><br>\n\nLe point culminant de la soir\u00e9e sera un spectacle de vari\u00e9t\u00e9s mettant en vedette des num\u00e9ros incroyables pr\u00e9sent\u00e9s par nos campeurs cr\u00e9atifs.  Ne manquez pas cette soir\u00e9e m\u00e9morable de divertissement et d'esprit communautaire. \n\n\n\n<\/p><\/div><\/div>\t\t\t\t<\/div>\n\t\t\t\t<\/div>\n\t\t\t\t<div class=\"elementor-element elementor-element-43f3c6c elementor-position-left elementor-hidden-desktop elementor-hidden-tablet elementor-hidden-mobile elementor-vertical-align-top elementor-widget elementor-widget-image-box\" data-id=\"43f3c6c\" data-element_type=\"widget\" data-e-type=\"widget\" data-widget_type=\"image-box.default\">\n\t\t\t\t<div class=\"elementor-widget-container\">\n\t\t\t\t\t<div class=\"elementor-image-box-wrapper\"><figure class=\"elementor-image-box-img\"><img decoding=\"async\" src=\"https:\/\/montreal-ouest.ca\/wp-content\/uploads\/elementor\/thumbs\/z_FunambulesMedias_Deep-Rising-r6s2plxqjoztvzndtwvn1e4se7uxl8l1fz8qddagm8.jpg\"  alt=\"z_FunambulesM\u00e9dias_Deep-Rising\" loading=\"lazy\" \/><\/figure><div class=\"elementor-image-box-content\"><h2 class=\"elementor-image-box-title\">Cin\u00e9ma sous les \u00e9toiles<\/h2><p class=\"elementor-image-box-description\"><strong>Le mardi 19 ao\u00fbt 2025<br>\n20 h <br>\nParc Davies <\/strong><em> En cas de pluie, l'\u00e9v\u00e9nement aura lieu le 20 ao\u00fbt<\/em><br><br>\n\nRejoignez-nous pour une projection en plein air du documentaire <strong> \u00ab Deep Rising \u00bb<\/strong>. R\u00e9alis\u00e9 par le cin\u00e9aste nyonnais Matthieu Rytz, Deep Rising retrace plusieurs d\u00e9cennies de manipulations au profit d\u2019entreprises cupides, ponctu\u00e9 par les images \u00e0 couper le souffle d'organismes des fonds marins. <br><br>\n\nDu d\u00e9sert d\u2019Atacama \u00e0 la Papouasie\u2013Nouvelle-Guin\u00e9e, en passant par la City et Shenzhen, le film d\u00e9nonce l\u2019hypocrisie du milieu industriel face \u00e0 la crise climatique, les promesses illusoires de l\u2019\u00e9lectrification et la privatisation de cet h\u00e9ritage commun de l\u2019humanit\u00e9. Il nous place devant un dilemme \u00e9thique et philosophique : pouvons-nous sacrifier le dernier \u00e9cosyst\u00e8me vierge de toute pr\u00e9sence humaine au nom de notre survie ?\n<br><br>\n<a href=\"https:\/\/cinemasouslesetoiles.org\/en\/film\/deep-rising_en\/\" target=\"blank\">Visionnez la bande-annonce<\/a><br><br>\n\n\nPr\u00e9sent\u00e9 en anglais avec sous-titres en fran\u00e7ais. Apportez votre chaise et\/ou votre couverture de pique-nique.<br><br>\n\n<em>Pr\u00e9sent\u00e9 par CAM en tourn\u00e9e en collaboration avec Funambules M\u00e9dias.<\/em>\n\n\n\n<img decoding=\"async\" src=\"https:\/\/montreal-west.ca\/wp-content\/uploads\/2025\/06\/cam-en-tourneeadicim-logo-1.png\" align=\"right\">\n<\/p><\/div><\/div>\t\t\t\t<\/div>\n\t\t\t\t<\/div>\n\t\t\t\t<div class=\"elementor-element elementor-element-d9e62fc elementor-position-left elementor-hidden-desktop elementor-hidden-tablet elementor-hidden-mobile elementor-vertical-align-top elementor-widget elementor-widget-image-box\" data-id=\"d9e62fc\" data-element_type=\"widget\" data-e-type=\"widget\" data-widget_type=\"image-box.default\">\n\t\t\t\t<div class=\"elementor-widget-container\">\n\t\t\t\t\t<div class=\"elementor-image-box-wrapper\"><figure class=\"elementor-image-box-img\"><a href=\"https:\/\/app.amilia.com\/store\/en\/ville-de-montreal-ouest\/shop\/programs\/115162\" tabindex=\"-1\"><img decoding=\"async\" src=\"https:\/\/montreal-ouest.ca\/wp-content\/uploads\/elementor\/thumbs\/pop-up-r3vgo0puzrhv67nuq95ocfatxqjghvya97qwg5j7vk.png\"  alt=\"pop-up\" loading=\"lazy\" \/><\/a><\/figure><div class=\"elementor-image-box-content\"><h2 class=\"elementor-image-box-title\"><a href=\"https:\/\/app.amilia.com\/store\/en\/ville-de-montreal-ouest\/shop\/programs\/115162\">\u00c9v\u00e9nement \u00e9ph\u00e9m\u00e8re<\/a><\/h2><p class=\"elementor-image-box-description\"><strong>Le dimanche 21 septembre<br>\n10 h \u00e0 14 h<br>\nParc Davies \n<\/strong><br><br>\n\nLa Ville de Montr\u00e9al-Ouest est de retour avec un autre \u00e9v\u00e9nement \u00e9ph\u00e9m\u00e8re pour les marchands, les artisans et les r\u00e9sidents afin d'exposer et de vendre leurs produits. <br><br>\nVenez d\u00e9couvrir des commer\u00e7ants locaux et leurs produits uniques et laissez-vous porter par la musique dans une ambiance conviviale.<br><br>\n\n<strong>PERFORMANCES<\/strong><br>\n<strong>10h Shawny<\/strong><br>\n<strong>12 h 30  Diogo Ramos<\/strong>: Plongez au c\u0153ur de l'univers envo\u00fbtant de Caba\u00e7a, le dernier spectacle de <a href=\"https:\/\/www.diogoramosmusic.com\/\" target=\"blank\">Diogo Ramos<\/a>. Laissez-vous emporter par une vague musicale \u00a0m\u00ealant les rythmes endiabl\u00e9s de l'\u00e9lectro-samba-funk aux pulsations du Br\u00e9sil. Diogo Ramos et son quintette vous invitent \u00e0 une c\u00e9l\u00e9bration solaire, un carnaval des sens et une immersion dans le riche melting-pot culturel de Montr\u00e9al. Rejoignez la r\u00e9volution musicale tropicaliste et laissez-vous s\u00e9duire par des paroles vibrantes en portugais, en fran\u00e7ais et en espagnol. Une soir\u00e9e inoubliable o\u00f9 musique, danse et arts num\u00e9riques se fondent en une exp\u00e9rience unique. Avec la participation exceptionnelle de Raquel Bastazin (Levanta Samba) et Olivier Lalonde (eraylik).<br><br>\n\n<em>En cas de pluie, l'\u00e9v\u00e9nement aura lieu \u00e0 l'h\u00f4tel de ville.<\/em><br><br>\n\n<strong>ARTISANS<\/strong><br>\nLes tables sont disponibles \u00e0 la location pour 35 $ pour les r\u00e9sidents et 45 $ pour les non-r\u00e9sidents. Des tentes sont \u00e9galement disponibles \u00e0 la location pour un montant suppl\u00e9mentaire de 45 $. <BR><BR>\n\n<a href=\"https:\/\/app.amilia.com\/store\/en\/ville-de-montreal-ouest\/shop\/programs\/119394\" target=\"blank\">Visitez Amilia pour r\u00e9server votre table et votre tente. <\/a>\n\n<em>Un \u00e9v\u00e9nement pr\u00e9sent\u00e9 dans le cadre du CAM en tourn\u00e9e <\/em>\n\n<img decoding=\"async\" src=\"https:\/\/montreal-west.ca\/wp-content\/uploads\/2025\/07\/shawny.png\" width=\"200 px\">\n\n<img decoding=\"async\" src=\"https:\/\/montreal-west.ca\/wp-content\/uploads\/2025\/07\/IMG_3061.jpg\" width=\"200 px\">\n<img decoding=\"async\" src=\"https:\/\/montreal-west.ca\/wp-content\/uploads\/2025\/06\/cam-en-tourneeadicim-logo-1.png\" align=\"right\">\n\n<\/p><\/div><\/div>\t\t\t\t<\/div>\n\t\t\t\t<\/div>\n\t\t\t\t<div class=\"elementor-element elementor-element-b439060 elementor-position-left elementor-hidden-desktop elementor-hidden-tablet elementor-hidden-mobile elementor-vertical-align-top elementor-widget elementor-widget-image-box\" data-id=\"b439060\" data-element_type=\"widget\" data-e-type=\"widget\" data-widget_type=\"image-box.default\">\n\t\t\t\t<div class=\"elementor-widget-container\">\n\t\t\t\t\t<div class=\"elementor-image-box-wrapper\"><figure class=\"elementor-image-box-img\"><a href=\"https:\/\/app.amilia.com\/store\/en\/ville-de-montreal-ouest\/shop\/activities\/5357458\" tabindex=\"-1\"><img decoding=\"async\" src=\"https:\/\/montreal-ouest.ca\/wp-content\/uploads\/elementor\/thumbs\/Workshops-1-1-r4so7jitapcb4h0ht90cng0pdrrgzhw8dl3smnvlx4.png\"  alt=\"Workshops-1.png\" loading=\"lazy\" \/><\/a><\/figure><div class=\"elementor-image-box-content\"><h2 class=\"elementor-image-box-title\"><a href=\"https:\/\/app.amilia.com\/store\/en\/ville-de-montreal-ouest\/shop\/activities\/5357458\">Atelier: Intro \u00e0 la finance et au CV <\/a><\/h2><p class=\"elementor-image-box-description\"><em><span style=\"color: #ff0000\"><strong>ANNUL\u00c9<\/strong><\/span><\/em><br><br><strong>Le vendredi 16 mai<br>\n20 h 15<br>\nCentre communautaire<\/strong>\n <br> <br> \n\n\nEs-tu un adolescent pr\u00eat \u00e0 faire tes premiers pas dans le monde du travail ? Cet atelier est con\u00e7u pour te donner les outils essentiels qui te permettront d'entrer en toute confiance dans le monde du travail. <br><br>\nTu apprendras \u00e0 cr\u00e9er un CV qui met en valeur tes talents et \u00e0 comprendre les bases de la finance.<br><br>\n\n10 $ (r\u00e9sidents) \/ 15 $ (non-r\u00e9sidents)<br><br>\n\n<a href=\"https:\/\/app.amilia.com\/store\/en\/ville-de-montreal-ouest\/shop\/activities\/5357458\" target=\"blank\">Inscriptions sur Amilia.<\/a><\/p><\/div><\/div>\t\t\t\t<\/div>\n\t\t\t\t<\/div>\n\t\t\t\t<div class=\"elementor-element elementor-element-0b7a035 elementor-position-left elementor-hidden-desktop elementor-hidden-tablet elementor-hidden-mobile elementor-vertical-align-top elementor-widget elementor-widget-image-box\" data-id=\"0b7a035\" data-element_type=\"widget\" data-e-type=\"widget\" data-widget_type=\"image-box.default\">\n\t\t\t\t<div class=\"elementor-widget-container\">\n\t\t\t\t\t<div class=\"elementor-image-box-wrapper\"><figure class=\"elementor-image-box-img\"><a href=\"https:\/\/app.amilia.com\/store\/en\/ville-de-montreal-ouest\/shop\/products\" tabindex=\"-1\"><img decoding=\"async\" src=\"https:\/\/montreal-ouest.ca\/wp-content\/uploads\/elementor\/thumbs\/pubcrawlers-1-r33piuz2aueutvj60t9fuidtglhzihwkox2q38u6d4.png\"  alt=\"pubcrawlers.png\" loading=\"lazy\" \/><\/a><\/figure><div class=\"elementor-image-box-content\"><h2 class=\"elementor-image-box-title\"><a href=\"https:\/\/app.amilia.com\/store\/en\/ville-de-montreal-ouest\/shop\/products\">Soir\u00e9e Pub <\/a><\/h2><p class=\"elementor-image-box-description\"><strong>Le  samedi 19 avril 2025<br>\n20h<br>\nH\u00f4tel de ville, 2e \u00e9tage (pas d\u2019ascenseur)<\/strong><br><br>\n\nPr\u00e9parez-vous \u00e0 une soir\u00e9e remplie de danse, de plaisir et de musique live avec The PubCrawlers !<br><br>\n\nDes boissons rafra\u00eechissantes et des bouch\u00e9es seront en vente tout au long de la soir\u00e9e. <br><br>\n\nC'est votre chance de participer \u00e0 un \u00e9v\u00e9nement exceptionnel tout en soutenant une bonne cause. Tous les fonds r\u00e9colt\u00e9s contribueront \u00e0 la construction du nouveau Centre sportif et r\u00e9cr\u00e9atif de notre communaut\u00e9.<br><br>\n\n\nBillets : 30 $ pour les r\u00e9sidents \/ 40$ pour les non-r\u00e9sidents<br>\n\n\n<a href=\"https:\/\/app.amilia.com\/store\/en\/ville-de-montreal-ouest\/shop\/products\" target=\"blank\">Achetez vos billets sur Amilia <\/a>\n<\/p><\/div><\/div>\t\t\t\t<\/div>\n\t\t\t\t<\/div>\n\t\t\t\t<div class=\"elementor-element elementor-element-172aa21 elementor-position-left elementor-hidden-desktop elementor-hidden-tablet elementor-hidden-mobile elementor-vertical-align-top elementor-widget elementor-widget-image-box\" data-id=\"172aa21\" data-element_type=\"widget\" data-e-type=\"widget\" data-widget_type=\"image-box.default\">\n\t\t\t\t<div class=\"elementor-widget-container\">\n\t\t\t\t\t<div class=\"elementor-image-box-wrapper\"><figure class=\"elementor-image-box-img\"><a href=\"https:\/\/app.amilia.com\/store\/en\/ville-de-montreal-ouest\/shop\/products\" tabindex=\"-1\"><img decoding=\"async\" src=\"https:\/\/montreal-ouest.ca\/wp-content\/uploads\/elementor\/thumbs\/Workshop-Bike-Tune-Up-600-x-600-px-r4cvlnypphmgpgngij7e8g3dob6gl4wjp3qin4rni0.png\"  alt=\"Workshop Bike Tune Up (600 x 600 px)\" loading=\"lazy\" \/><\/a><\/figure><div class=\"elementor-image-box-content\"><h2 class=\"elementor-image-box-title\"><a href=\"https:\/\/app.amilia.com\/store\/en\/ville-de-montreal-ouest\/shop\/products\">Atelier d'entretien de v\u00e9lo<\/a><\/h2><p class=\"elementor-image-box-description\"><strong>Vendredi 2 mai<br>Centre communautaire<\/strong>\n\n<br><br>Apprenez \u00e0 faire la mise au point de votre v\u00e9lo pour la saison.<br><br>\nFamilles : 18h30 \u2013 25 $ (r\u00e9sidents) \/ 35 $ (non-r\u00e9sidents)<br>\nAdos: 20h15 \u2013 10 $ (r\u00e9sidents) \/ 15 $ (non-r\u00e9sidents)<br><br>\n\n<a href=\"https:\/\/app.amilia.com\/store\/en\/ville-de-montreal-ouest\/shop\/programs\/105502\">Inscrivez-vous sur Amilia<\/a><\/p><\/div><\/div>\t\t\t\t<\/div>\n\t\t\t\t<\/div>\n\t\t\t\t<div class=\"elementor-element elementor-element-2a703a2 elementor-position-left elementor-hidden-desktop elementor-hidden-tablet elementor-hidden-mobile elementor-vertical-align-top elementor-widget elementor-widget-image-box\" data-id=\"2a703a2\" data-element_type=\"widget\" data-e-type=\"widget\" data-widget_type=\"image-box.default\">\n\t\t\t\t<div class=\"elementor-widget-container\">\n\t\t\t\t\t<div class=\"elementor-image-box-wrapper\"><figure class=\"elementor-image-box-img\"><img decoding=\"async\" src=\"https:\/\/montreal-ouest.ca\/wp-content\/uploads\/elementor\/thumbs\/Spooktacular-2024-Facebook-Post-Square-quazngw5q1hxzkbiaiw410z2o50vhftbnykn3qxi2g.png\"  alt=\"Spooktacular 2024 (Facebook Post Square)\" loading=\"lazy\" \/><\/figure><div class=\"elementor-image-box-content\"><h2 class=\"elementor-image-box-title\">Plaisir Effrayant : une soir\u00e9e familiale<\/h2><p class=\"elementor-image-box-description\">\nLe vendredi 25 octobre <br>\nHeure: 17h - 19h30<br> \nLieu: Parc Davies<br>\n\n<br>Cette ann\u00e9e, c\u2019est diff\u00e9rent\u202f! <br>L\u2019\u00e9v\u00e9nement se d\u00e9roulera en plein air sous le couvert de l\u2019obscurit\u00e9 pour plonger pleinement dans l\u2019ambiance de l\u2019halloween. Venez d\u00e9guis\u00e9s et apportez votre sac \u00e0 bonbons pour une soir\u00e9e effroyablement amusante! <br>Au programme : un squelette g\u00e9ant, des ateliers de bricolage, la d\u00e9coration de citrouilles, du maquillage, des bonbons et plus encore. Ne manquez pas cet \u00e9v\u00e9nement \u00e9pouvantable! <br><br>\n\n<\/p><\/div><\/div>\t\t\t\t<\/div>\n\t\t\t\t<\/div>\n\t\t\t\t<div class=\"elementor-element elementor-element-79c2d9d elementor-position-left elementor-hidden-desktop elementor-hidden-tablet elementor-hidden-mobile elementor-vertical-align-top elementor-widget elementor-widget-image-box\" data-id=\"79c2d9d\" data-element_type=\"widget\" data-e-type=\"widget\" data-widget_type=\"image-box.default\">\n\t\t\t\t<div class=\"elementor-widget-container\">\n\t\t\t\t\t<div class=\"elementor-image-box-wrapper\"><figure class=\"elementor-image-box-img\"><a href=\"https:\/\/montreal-west.ca\/wp-content\/uploads\/2024\/10\/Bread-Beyond-Items-List-2024.pdf\" tabindex=\"-1\"><img decoding=\"async\" src=\"https:\/\/montreal-ouest.ca\/wp-content\/uploads\/elementor\/thumbs\/Holiday-Drive-2024-2-qvwd51fp57engjssazrxg5ifwe0u3o7rjriq5s7we0.png\"  alt=\"Holiday Drive 2024 (2)\" loading=\"lazy\" \/><\/a><\/figure><div class=\"elementor-image-box-content\"><h2 class=\"elementor-image-box-title\"><a href=\"https:\/\/montreal-west.ca\/wp-content\/uploads\/2024\/10\/Bread-Beyond-Items-List-2024.pdf\">Collecte des F\u00eates pour Bread &amp; Beyond ! <\/a><\/h2><p class=\"elementor-image-box-description\">Du 1er au 30 novembre<br><br>\n\nTout au long du mois de novembre, la Ville organise une collecte pour soutenir Bread &amp; Beyond. Parmi les articles les plus n\u00e9cessaires figurent des aliments non p\u00e9rissables, des draps et des articles de toilette  pour aider ceux dans le besoin.<br><br>\n\nBread &amp; Beyond est une organisation locale qui travaille en \u00e9troite collaboration avec le personnel des refuges pour r\u00e9pondre aux besoins imm\u00e9diats et urgents en nourriture. <br><br>\n\nPoints de collecte :  <br>\n- Centre communautaire  <br>\n- H\u00f4tel de ville  \n\nTrouvez la liste des articles les plus n\u00e9cessaires <a href=\"https:\/\/montreal-west.ca\/wp-content\/uploads\/2024\/10\/Bread-Beyond-Items-List-2024.pdf\n\"> ici <\/a>  \n\nRassemblons-nous pour faire une diff\u00e9rence ! \n\n<\/p><\/div><\/div>\t\t\t\t<\/div>\n\t\t\t\t<\/div>\n\t\t\t\t<div class=\"elementor-element elementor-element-f76dc88 elementor-position-left elementor-hidden-desktop elementor-hidden-tablet elementor-hidden-mobile elementor-vertical-align-top elementor-widget elementor-widget-image-box\" data-id=\"f76dc88\" data-element_type=\"widget\" data-e-type=\"widget\" data-widget_type=\"image-box.default\">\n\t\t\t\t<div class=\"elementor-widget-container\">\n\t\t\t\t\t<div class=\"elementor-image-box-wrapper\"><figure class=\"elementor-image-box-img\"><img decoding=\"async\" src=\"https:\/\/montreal-ouest.ca\/wp-content\/uploads\/elementor\/thumbs\/IMG_8926-1-scaled-1-r5v03potqoahgcy074fgvxxpsmoremtutai7zb1tpc.jpg\"  alt=\"IMG_8926-1-scaled.jpg\" loading=\"lazy\" \/><\/figure><div class=\"elementor-image-box-content\"><h2 class=\"elementor-image-box-title\">Soir\u00e9e communautaire<\/h2><p class=\"elementor-image-box-description\"><strong>Le mardi 17 juin<br>\n18 h<br>\nParc Davies<\/strong> <em>En cas de pluie, l'\u00e9v\u00e9nement se tiendra \u00e0 l'h\u00f4tel de ville. <\/em>  <br><br>\n\n<strong>\u00c0 propos de la soir\u00e9e<\/strong>\n<ul><span style=\"color: #7A7A7A\"><li>Venez rencontrer les groupes communautaires, les moniteurs du camp de jour et entra\u00eeneurs des programmes aquatiques.<\/li>\n<li>Activit\u00e9s pour enfants : Maquillage et autres activit\u00e9s amusantes pour les enfants.<\/li>\n<li>BBQ : D\u00e9gustez les d\u00e9licieux hamburgers de Burger de Ville ($).<\/li>\n<Li>Spectacle de musique par <strong>Verbena<\/strong> \u00e0 18 h. <em>Verbena est un trio de jeunes musiciens \u00e9nergiques qui propose un savoureux m\u00e9lange de musique traditionnelle du Qu\u00e9bec, des \u00c9tats-Unis et des \u00eeles britanniques. Men\u00e9 par les violons furieux de Rachel Campbell et Maia Dagher, Verbena interpr\u00e8te des chansons et des airs captivants qui vous feront danser comme des fous !<\/em><\/li><\/span>\n<\/ul>\n<span style=\"color: #7A7A7A\">\nInvitez vos amis, votre famille et apportez une couverture de pique-nique pour une charmante soir\u00e9e d'\u00e9t\u00e9 en musique. <\/span><\/p><\/div><\/div>\t\t\t\t<\/div>\n\t\t\t\t<\/div>\n\t\t\t\t<div class=\"elementor-element elementor-element-d4f75aa elementor-position-left elementor-hidden-desktop elementor-hidden-tablet elementor-hidden-mobile elementor-vertical-align-top elementor-widget elementor-widget-image-box\" data-id=\"d4f75aa\" data-element_type=\"widget\" data-e-type=\"widget\" data-widget_type=\"image-box.default\">\n\t\t\t\t<div class=\"elementor-widget-container\">\n\t\t\t\t\t<div class=\"elementor-image-box-wrapper\"><figure class=\"elementor-image-box-img\"><a href=\"https:\/\/app.amilia.com\/store\/en\/ville-de-montreal-ouest\/shop\/programs\" tabindex=\"-1\"><img decoding=\"async\" src=\"https:\/\/montreal-ouest.ca\/wp-content\/uploads\/elementor\/thumbs\/Baking-Workshop-FR-SQ-quz73wkka5zwtg3uaxkodsvpg4a6pp7in3kelopha0.png\"  alt=\"Baking Workshop FR SQ\" loading=\"lazy\" \/><\/a><\/figure><div class=\"elementor-image-box-content\"><h2 class=\"elementor-image-box-title\"><a href=\"https:\/\/app.amilia.com\/store\/en\/ville-de-montreal-ouest\/shop\/programs\"> Atelier de boulangerie<\/a><\/h2><p class=\"elementor-image-box-description\">Le vendredi 1er novembre 2024<\/strong><br><br>\nFamilles : 18h30 \u2013 25 $ (r\u00e9sidents) \/ 35 $ (non-r\u00e9sidents)  <br>\nAdos : 20h15 \u2013 5 $ (r\u00e9sidents) \/ 10 $ (non-r\u00e9sidents) 18h00 <br>\nCentre communautaire<br><br>\n\nRendez-vous au Centre communautaire pour un atelier de boulangerie amusant et enrichissant !  La boulangerie, ce n\u2019est pas seulement cr\u00e9er de d\u00e9licieux mets, c\u2019est aussi un excellent moyen de se d\u00e9tendre, de stimuler la cr\u00e9ativit\u00e9, et de passer du temps de qualit\u00e9 avec ses proches et ses amis. <br><br>\n\nAnim\u00e9 par Hannah, une boulang\u00e8re de longue date qui perfectionne son pain au levain, cet atelier abordera plus que le pain. Ses connaissances s'\u00e9tendent des g\u00e2teaux \u00e0 \u00e9tages multiples aux pizzas napolitaines. <br><br>\n\n\nParticipez \u00e0 une soir\u00e9e amusante et enrichissante remplie de d\u00e9licieux mets en vous inscrivant sur  <a href=\"https:\/\/app.amilia.com\/store\/en\/ville-de-montreal-ouest\/shop\/programs\/105502\n\"> Amilia <\/a>.\n\n\n<\/p><\/div><\/div>\t\t\t\t<\/div>\n\t\t\t\t<\/div>\n\t\t\t\t<div class=\"elementor-element elementor-element-fa3a650 elementor-position-left elementor-hidden-desktop elementor-hidden-tablet elementor-hidden-mobile elementor-vertical-align-top elementor-widget elementor-widget-image-box\" data-id=\"fa3a650\" data-element_type=\"widget\" data-e-type=\"widget\" data-widget_type=\"image-box.default\">\n\t\t\t\t<div class=\"elementor-widget-container\">\n\t\t\t\t\t<div class=\"elementor-image-box-wrapper\"><figure class=\"elementor-image-box-img\"><img decoding=\"async\" src=\"https:\/\/montreal-ouest.ca\/wp-content\/uploads\/elementor\/thumbs\/image-1-r6s17rqhvgi5a1ozsq7r3wdygd0g1lmstpgcnen0zc.png\"  alt=\"image\" loading=\"lazy\" \/><\/figure><div class=\"elementor-image-box-content\"><h2 class=\"elementor-image-box-title\">La f\u00eate nationale du Qu\u00e9bec<\/h2><p class=\"elementor-image-box-description\"><strong>Le lundi 23 juin<br>\n16 h 30<br>\nParc Davies<\/strong><em> En cas de pluie, l'\u00e9v\u00e9nement se tiendra \u00e0 l'h\u00f4tel de ville <\/em><br><br>\n                               \n\nC\u00e9l\u00e9brez le patrimoine du Qu\u00e9bec lors de notre \u00e9v\u00e9nement festif avec un programme d'activit\u00e9s pour toute la famille !<br><br>\n\nIl y aura des activit\u00e9s amusantes pour tous les \u00e2ges\n<ul><span style=\"color: #7A7A7A\"><li>Maquillage et bricolage<\/li>\n<li>Sculptures de ballons par <strong>Montreal Clown<\/strong><\/li>\n<li>BBQ ($)<\/li>\n<li>Glissade d'eau g\u00e9ante<\/li>\n<li>G\u00e2teau gratuit<\/li><\/span><\/ul>\n\n<span style=\"color: #7A7A7A\">Performance musicale par <strong>Gladysse<\/strong>. Gladysse vous offrira une performance qui met \u00e0 l'honneur les succ\u00e8s qu\u00e9b\u00e9cois de notre patrimoine, parcourant des classiques tout comme des d\u00e9couvertes, des ann\u00e9es 50 \u00e0 aujourd'hui. Tant d'artistes se tardent d'emmener le public ailleurs - Gladysse, elle, se pla\u00eet \u00e0 nous ramener ici, maintenant, ensemble.<br><br>\n\nRassemblez-vous avec votre famille et vos amis pour profiter d'une soir\u00e9e de musique, de danse, de nourriture et de plaisir !<\/span><br>\n\n<img decoding=\"async\" src=\"https:\/\/montreal-west.ca\/wp-content\/uploads\/2025\/06\/Logo_Fete-national_Web-Coul-VF.png\" align=\"center\" width=\"200\">\n\n<\/p><\/div><\/div>\t\t\t\t<\/div>\n\t\t\t\t<\/div>\n\t\t\t\t<div class=\"elementor-element elementor-element-b56514c elementor-position-left elementor-hidden-desktop elementor-hidden-tablet elementor-hidden-mobile elementor-vertical-align-top elementor-widget elementor-widget-image-box\" data-id=\"b56514c\" data-element_type=\"widget\" data-e-type=\"widget\" data-widget_type=\"image-box.default\">\n\t\t\t\t<div class=\"elementor-widget-container\">\n\t\t\t\t\t<div class=\"elementor-image-box-wrapper\"><figure class=\"elementor-image-box-img\"><img decoding=\"async\" src=\"https:\/\/montreal-ouest.ca\/wp-content\/uploads\/elementor\/thumbs\/Canada-Day-2025-600-x-600-px-r7i7fsdljmg8wuz4pubwvauhytk8dfr3q7h0ah3a2g.png\"  alt=\"Canada Day 2025 (600 x 600 px)\" loading=\"lazy\" \/><\/figure><div class=\"elementor-image-box-content\"><h2 class=\"elementor-image-box-title\">La f\u00eate du Canada<\/h2><p class=\"elementor-image-box-description\"><strong>Le mardi 1er juillet<br>\n<br>\n<\/strong>\n<em>En cas de pluie, l'\u00e9v\u00e9nement aura lieu le 2 juillet (pas de concours ni de d\u00e9fil\u00e9)<\/em><br><br>\nC\u00e9l\u00e9brez la F\u00eate du Canada lors de notre fameuse c\u00e9l\u00e9bration annuelle ! <br><br>\n\n\n15h concours au parc Davies \n<ul><span style=\"color: #7A7A7A\"><li> v\u00e9los fly\u00e9s<\/li><li>poussettes chouettes<\/li><li>animaux de compagnies pomponn\u00e9s  <\/li><\/span><\/ul> \n<span style=\"color: #7A7A7A\">15h30 d\u00e9but du d\u00e9fil\u00e9 \u00e0 l\u2019angle des rues Ainslie &amp; Westminster Sud<br>\n16h30 d\u00e9but des festivit\u00e9s au parc Strathearn   <br>\n<ul>\n<li>Musique par <strong>The Fundamentals<\/strong><\/li>\n<li>Nourriture BBQ ($)<\/li>\n<li> Plaisir pour toute la famille\u202f;\u202fjeux gonflables, tour de poneys, mini-ferme, barbe \u00e0 papa.  <\/li><\/ul>\n<em>Pas de contenants de verre dans le parc \/ pas d'alcool d'ext\u00e9rieur<\/em><br>\n<br>\n17h <strong><a href=\"https:\/\/www.legrandalexandre.com\/\" target=\"blank\">MAGI Le Grand Alexandre<\/a><\/strong> pr\u00e9sent\u00e9 dans le cadre du CAM en tourn\u00e9e <br><em>Lorsque la magie lui joue un tour, Le Grand Alexandre a besoin du public pour r\u00e9ussir ses num\u00e9ros. Toute la famille sera charm\u00e9e par ce magicien au grand talent ! <\/em><br>\n<br>\n22 h Spectacle de feu <a href=\"https:\/\/mystikacircus.com\/2017\/04\/19\/feu-pyrotechnie\/?lang=en\" target=\"blank\">par Mystika Circus<\/a> au parc Percival      <\/span>       <br><br>\n\n<img decoding=\"async\" src=\"https:\/\/montreal-west.ca\/wp-content\/uploads\/2025\/06\/La-Compagnie-des-autres_LeGrandAlexandre_MAGI_02_cr-exposeimage.jpg\" width=\"200 px\">\n<img decoding=\"async\" src=\"https:\/\/montreal-west.ca\/wp-content\/uploads\/2025\/06\/cracheuses-de-feu.jpg\" width=\"200 px\">\n                    \n<img decoding=\"async\" src=\"https:\/\/montreal-west.ca\/wp-content\/uploads\/2025\/06\/cam-en-tourneeadicim-logo-1.png\" align=\"right\">\n<\/p><\/div><\/div>\t\t\t\t<\/div>\n\t\t\t\t<\/div>\n\t\t\t\t<div class=\"elementor-element elementor-element-ec508f9 elementor-position-left elementor-hidden-desktop elementor-hidden-tablet elementor-hidden-mobile elementor-vertical-align-top elementor-widget elementor-widget-image-box\" data-id=\"ec508f9\" data-element_type=\"widget\" data-e-type=\"widget\" data-widget_type=\"image-box.default\">\n\t\t\t\t<div class=\"elementor-widget-container\">\n\t\t\t\t\t<div class=\"elementor-image-box-wrapper\"><figure class=\"elementor-image-box-img\"><img decoding=\"async\" src=\"https:\/\/montreal-ouest.ca\/wp-content\/uploads\/elementor\/thumbs\/z_Little-Misty_Nowhere-Land_cr-Alina-Herta-scaled-r6s2ppp3b15jn0u7k16luh0n5lslpwz5dzcibfnuyw.jpg\"  alt=\"z_Little Misty_Nowhere Land_cr-Alina Herta\" loading=\"lazy\" \/><\/figure><div class=\"elementor-image-box-content\"><h2 class=\"elementor-image-box-title\">Concert estival<\/h2><p class=\"elementor-image-box-description\"><strong>Le mardi 15 juillet<br>\n18 h<br>\nParc Davies <br><br><\/strong>\n\nVenez profiter d'une superbe performance par <strong><a href=\"https:\/\/www.littlemistyband.com\/\" target=\"blank\">Little Misty<\/a><\/strong>, un groupe de musiciens talentueux de Montr\u00e9al qui fusionne harmonieusement folk, folk progressif et indie rock. Leur r\u00e9pertoire, marqu\u00e9 par une curiosit\u00e9 insatiable, va des paysages cin\u00e9matiques aux interm\u00e8des fantaisistes, en passant par des solos de guitare \u00e9piques, toujours au service de la narration.<br><br>\nInvitez vos amis, votre famille et apportez une couverture de pique-nique pour une charmante soir\u00e9e d'\u00e9t\u00e9 en musique.<br>\nDe la nourriture et des boissons seront disponibles \u00e0 la vente. \n\n<br><br>\n\n<em>Un \u00e9v\u00e9nement pr\u00e9sent\u00e9 dans le cadre du CAM en tourn\u00e9e <\/em>\n<img decoding=\"async\" src=\"https:\/\/montreal-west.ca\/wp-content\/uploads\/2025\/06\/cam-en-tourneeadicim-logo-1.png\" align=\"right\">\n\n<\/p><\/div><\/div>\t\t\t\t<\/div>\n\t\t\t\t<\/div>\n\t\t\t\t<div class=\"elementor-element elementor-element-02c037f elementor-position-left elementor-hidden-desktop elementor-hidden-tablet elementor-hidden-mobile elementor-vertical-align-top elementor-widget elementor-widget-image-box\" data-id=\"02c037f\" data-element_type=\"widget\" data-e-type=\"widget\" data-widget_type=\"image-box.default\">\n\t\t\t\t<div class=\"elementor-widget-container\">\n\t\t\t\t\t<div class=\"elementor-image-box-wrapper\"><figure class=\"elementor-image-box-img\"><img decoding=\"async\" src=\"https:\/\/montreal-ouest.ca\/wp-content\/uploads\/elementor\/thumbs\/Bianca_Rocha_fim_de_mundo_cr-thaissa_duarte_3-1-r6s2ptgg2da4gvcgm04nlc8h5atvatew50gm7kzb8g.jpg\"  alt=\"Bianca_Rocha_fim_de_mundo_cr-thaissa_duarte_3 (1)\" loading=\"lazy\" \/><\/figure><div class=\"elementor-image-box-content\"><h2 class=\"elementor-image-box-title\">Concert estival<\/h2><p class=\"elementor-image-box-description\"><strong>Le mardi 8 juillet<br>\n18 h<br>\nParc Davies <br><br><\/strong>\n\nRejoignez-nous pour une soir\u00e9e musicale spectaculaire avec <strong><a href=\"https:\/\/www.biancarocha.ca\/\" target=\"blank\">Bianca Rocha<\/a><\/strong>, auteure-compositeure-interpr\u00e8te sud-br\u00e9silienne.Elle m\u00eale la richesse de la MPB (musique populaire br\u00e9silienne), l\u2019\u00e9nergie du rock et l\u2019\u00e9l\u00e9gance du jazz avec irr\u00e9v\u00e9rence et sensibilit\u00e9, invitant le public \u00e0 c\u00e9l\u00e9brer la vie. <br><br>\nInvitez vos amis, votre famille et apportez une couverture de pique-nique pour une charmante soir\u00e9e d'\u00e9t\u00e9 en musique. <br>De la nourriture par Chhaya's Chutney et des boissons seront disponibles \u00e0 la vente. <br><br>\n\n<em>Un \u00e9v\u00e9nement pr\u00e9sent\u00e9 dans le cadre du CAM en tourn\u00e9e <\/em><br><br>\n\n<img decoding=\"async\" src=\"https:\/\/montreal-west.ca\/wp-content\/uploads\/2025\/07\/chhaya-chutney.png\" width=\"150px\">\n\n\n<img decoding=\"async\" src=\"https:\/\/montreal-west.ca\/wp-content\/uploads\/2025\/06\/cam-en-tourneeadicim-logo-1.png\" align=\"right\">\n<\/p><\/div><\/div>\t\t\t\t<\/div>\n\t\t\t\t<\/div>\n\t\t\t\t<div class=\"elementor-element elementor-element-5e7f4a0 elementor-position-left elementor-hidden-desktop elementor-hidden-tablet elementor-hidden-mobile elementor-vertical-align-top elementor-widget elementor-widget-image-box\" data-id=\"5e7f4a0\" data-element_type=\"widget\" data-e-type=\"widget\" data-widget_type=\"image-box.default\">\n\t\t\t\t<div class=\"elementor-widget-container\">\n\t\t\t\t\t<div class=\"elementor-image-box-wrapper\"><figure class=\"elementor-image-box-img\"><a href=\"https:\/\/app.amilia.com\/store\/en\/ville-de-montreal-ouest\/shop\/programs\" tabindex=\"-1\"><img decoding=\"async\" src=\"https:\/\/montreal-ouest.ca\/wp-content\/uploads\/elementor\/thumbs\/Poppy-Remembrance-Day-qbz785qgclfmskcgltwjctxbojja2tgseq4ywnepiw.png\"  alt=\"Poppy Remembrance Day\" loading=\"lazy\" \/><\/a><\/figure><div class=\"elementor-image-box-content\"><h2 class=\"elementor-image-box-title\"><a href=\"https:\/\/app.amilia.com\/store\/en\/ville-de-montreal-ouest\/shop\/programs\">Conf\u00e9rence du Souvenir avec le professeur David O'Keefe  <\/a><\/h2><p class=\"elementor-image-box-description\">Le jeudi 7 novembre 2024<\/strong><br>\n19h00 <br>\nCentre communautaire<br><br>\n\nD\u00e9couvrez les r\u00e9cits derri\u00e8re l'un des \u00e9v\u00e9nements les plus marquants de l'histoire.\n<br>Sujet : \u00ab Par terre, par mer et par air : Montr\u00e9al-Ouest et l\u2019invasion de Normandie \u00bb  <br><br>\nR\u00e9servez vos places sur  <a href=\"https:\/\/app.amilia.com\/store\/en\/ville-de-montreal-ouest\/shop\/programs\/105502\n\"> Amilia <\/a>.<\/p><\/div><\/div>\t\t\t\t<\/div>\n\t\t\t\t<\/div>\n\t\t\t\t<div class=\"elementor-element elementor-element-fec27a8 elementor-position-left elementor-hidden-desktop elementor-hidden-tablet elementor-hidden-mobile elementor-vertical-align-top elementor-widget elementor-widget-image-box\" data-id=\"fec27a8\" data-element_type=\"widget\" data-e-type=\"widget\" data-widget_type=\"image-box.default\">\n\t\t\t\t<div class=\"elementor-widget-container\">\n\t\t\t\t\t<div class=\"elementor-image-box-wrapper\"><figure class=\"elementor-image-box-img\"><img decoding=\"async\" src=\"https:\/\/montreal-ouest.ca\/wp-content\/uploads\/elementor\/thumbs\/halloween-2025-rc59msbzqghpiu65aweqoourrh2ifclnpfnxuv2weg.png\"  alt=\"halloween 2025\" loading=\"lazy\" \/><\/figure><div class=\"elementor-image-box-content\"><h2 class=\"elementor-image-box-title\">Plaisir effrayant<\/h2><p class=\"elementor-image-box-description\"><strong>Date : Vendredi 24 octobre<br>\nHeure : 17h - 19h15<br>\nLieu : Parc Paula Cordeau<\/strong> (anciennement appel\u00e9 Parc Davies)\n <br> <br> \nVenez d\u00e9guis\u00e9s et apportez votre sac \u00e0 bonbons pour une soir\u00e9e effroyablement amusante! Au programme : DJ, photobooth, fabrication de slime, bricolage, d\u00e9coration de citrouille, hot dog et chocolat chaud gratuit. <br><br>\n\n<em> En cas de mauvaise temp\u00e9rature, l'\u00e9v\u00e9nement sera d\u00e9plac\u00e9 \u00e0 l'h\u00f4tel de ville.<\/em><br><br>\n\n19 h 30 Visionnement du film <em><strong>Hocus Pocus<\/strong><\/em> \u00e0 l'h\u00f4tel de ville<br>\n<a href=\"https:\/\/app.amilia.com\/store\/en\/ville-de-montreal-ouest\/shop\/programs\/123234\" target=\"blank\">R\u00e9servation requise pour le film<\/a>, les places sont limit\u00e9es. <br>\nGratuit pour r\u00e9sidents, 4$ \/personne pour les non-r\u00e9sidents<\/p><\/div><\/div>\t\t\t\t<\/div>\n\t\t\t\t<\/div>\n\t\t\t\t<div class=\"elementor-element elementor-element-cedff12 elementor-position-left elementor-hidden-desktop elementor-hidden-tablet elementor-hidden-mobile elementor-vertical-align-top elementor-widget elementor-widget-image-box\" data-id=\"cedff12\" data-element_type=\"widget\" data-e-type=\"widget\" data-widget_type=\"image-box.default\">\n\t\t\t\t<div class=\"elementor-widget-container\">\n\t\t\t\t\t<div class=\"elementor-image-box-wrapper\"><figure class=\"elementor-image-box-img\"><img decoding=\"async\" src=\"https:\/\/montreal-ouest.ca\/wp-content\/uploads\/elementor\/thumbs\/Coding-1-qtyrrkq567cqtyu6sdezk5qvyu4loeexrkbts2yu9k.png\"  alt=\"Coding (1)\" loading=\"lazy\" \/><\/figure><div class=\"elementor-image-box-content\"><h2 class=\"elementor-image-box-title\">Atelier de Codage<\/h2><p class=\"elementor-image-box-description\">Le vendredi 29 novembre 2024<\/strong><br><br>\n\nD\u00e9couvrez la puissance de la programmation avec un atelier de codage amusant et interactif le vendredi 29 novembre 2024 au Centre communautaire ! Le codage est une comp\u00e9tence pr\u00e9cieuse qui d\u00e9veloppe la cr\u00e9ativit\u00e9, la r\u00e9solution de probl\u00e8mes et la pens\u00e9e critique. <br><br>\n\nQue vous veniez en famille ou entre amis, cet atelier est id\u00e9al pour apprendre ensemble et am\u00e9liorer vos comp\u00e9tences technologiques.<br><br>\nPour les Familles : 18h30 \u2013 25 $ (r\u00e9sidents) \/ 35 $ (non-r\u00e9sidents)  <br>\nPour les Ados : 20h15 \u2013 10 $ (r\u00e9sidents) \/ 15 $ (non-r\u00e9sidents)<br><br>\n\nNe manquez pas cette occasion d\u2019acqu\u00e9rir des comp\u00e9tences technologiques pr\u00e9cieuses, Inscrivez-vous sur <a href=\"https:\/\/app.amilia.com\/store\/en\/ville-de-montreal-ouest\/shop\/programs\/105502\n\"> Amilia <\/a> d\u00e8s maintenant ! \n\n\n\n\n\n\n<\/p><\/div><\/div>\t\t\t\t<\/div>\n\t\t\t\t<\/div>\n\t\t\t\t<div class=\"elementor-element elementor-element-1dee807 elementor-position-left elementor-hidden-desktop elementor-hidden-tablet elementor-hidden-mobile elementor-vertical-align-top elementor-widget elementor-widget-image-box\" data-id=\"1dee807\" data-element_type=\"widget\" data-e-type=\"widget\" data-widget_type=\"image-box.default\">\n\t\t\t\t<div class=\"elementor-widget-container\">\n\t\t\t\t\t<div class=\"elementor-image-box-wrapper\"><figure class=\"elementor-image-box-img\"><a href=\"https:\/\/app.amilia.com\/store\/en\/ville-de-montreal-ouest\/shop\/programs\/105927\" tabindex=\"-1\"><img decoding=\"async\" src=\"https:\/\/montreal-ouest.ca\/wp-content\/uploads\/elementor\/thumbs\/091815-Boxer2-r2rk9n3u49vd2cj3ol1jir30qfymzycwh4ciwwhzug.jpg\"  alt=\"091815-Boxer2\" loading=\"lazy\" \/><\/a><\/figure><div class=\"elementor-image-box-content\"><h2 class=\"elementor-image-box-title\"><a href=\"https:\/\/app.amilia.com\/store\/en\/ville-de-montreal-ouest\/shop\/programs\/105927\">Conversation avec le boxeur canadien Ian Clyde<\/a><\/h2><p class=\"elementor-image-box-description\"> <strong>Mercredi 19 mars 2025<br>\n 13 h \u00e0 14 h 30<br>\nCentre communautaire<\/strong><br><br>\n\nDe sa rencontre avec la reine Elizabeth II \u00e0 ses \u00e9changes avec Justin Trudeau, Ian Clyde a v\u00e9cu une vie extraordinaire \u00e0 travers les d\u00e9cennies. Ne manquez pas cette discussion captivante sur son parcours, tant sur le ring qu\u2019en dehors !\n\n<br><br> Entr\u00e9e gratuite<\/p><\/div><\/div>\t\t\t\t<\/div>\n\t\t\t\t<\/div>\n\t\t\t\t<div class=\"elementor-element elementor-element-c2bc334 elementor-position-left elementor-hidden-desktop elementor-hidden-tablet elementor-hidden-mobile elementor-vertical-align-top elementor-widget elementor-widget-image-box\" data-id=\"c2bc334\" data-element_type=\"widget\" data-e-type=\"widget\" data-widget_type=\"image-box.default\">\n\t\t\t\t<div class=\"elementor-widget-container\">\n\t\t\t\t\t<div class=\"elementor-image-box-wrapper\"><figure class=\"elementor-image-box-img\"><a href=\"https:\/\/app.amilia.com\/store\/en\/ville-de-montreal-ouest\/shop\/programs\/105927\" tabindex=\"-1\"><img decoding=\"async\" src=\"https:\/\/montreal-ouest.ca\/wp-content\/uploads\/elementor\/thumbs\/astronomy-discovery-earth-2422-r33pfgs1mdrkwkgnucfxud7w8i89pufgw49lp9vcu0.jpg\"  alt=\"astronomy-discovery-earth-2422.jpg\" loading=\"lazy\" \/><\/a><\/figure><div class=\"elementor-image-box-content\"><h2 class=\"elementor-image-box-title\"><a href=\"https:\/\/app.amilia.com\/store\/en\/ville-de-montreal-ouest\/shop\/programs\/105927\">Heure pour la Terre<\/a><\/h2><p class=\"elementor-image-box-description\">Le 22 mars, la Ville de Montr\u00e9al-Ouest participera \u00e0 l\u2019Heure de la Terre, un mouvement mondial organis\u00e9 par le Fonds mondial pour la nature (WWF). De 20 h 30 \u00e0 21 h 30, nous \u00e9teindrons toutes les lumi\u00e8res non essentielles \u2013 et nous vous invitons \u00e0 faire de m\u00eame !<\/p><\/div><\/div>\t\t\t\t<\/div>\n\t\t\t\t<\/div>\n\t\t\t\t<div class=\"elementor-element elementor-element-fcfcb67 elementor-position-left elementor-hidden-desktop elementor-hidden-tablet elementor-hidden-mobile elementor-vertical-align-top elementor-widget elementor-widget-image-box\" data-id=\"fcfcb67\" data-element_type=\"widget\" data-e-type=\"widget\" data-widget_type=\"image-box.default\">\n\t\t\t\t<div class=\"elementor-widget-container\">\n\t\t\t\t\t<div class=\"elementor-image-box-wrapper\"><figure class=\"elementor-image-box-img\"><a href=\"https:\/\/app.amilia.com\/store\/en\/ville-de-montreal-ouest\/shop\/activities\/5357458\" tabindex=\"-1\"><img decoding=\"async\" src=\"https:\/\/montreal-ouest.ca\/wp-content\/uploads\/elementor\/thumbs\/Workshops-2-1-r5uzuln5hhtewg6ieomo7qpuh5lns9nj86trhqk80w.png\"  alt=\"Workshops-2.png\" loading=\"lazy\" \/><\/a><\/figure><div class=\"elementor-image-box-content\"><h2 class=\"elementor-image-box-title\"><a href=\"https:\/\/app.amilia.com\/store\/en\/ville-de-montreal-ouest\/shop\/activities\/5357458\">Atelier: maquillage pour enfants<\/a><\/h2><p class=\"elementor-image-box-description\"><em><span style=\"color: #ff0000\"><strong>ANNUL\u00c9<\/strong><\/span><\/em><br><br><strong>Le vendredi 6 juin<br>\nCentre communautaire<\/strong>\n<\/p><\/div><\/div>\t\t\t\t<\/div>\n\t\t\t\t<\/div>\n\t\t\t\t<div class=\"elementor-element elementor-element-e8380c2 elementor-position-left elementor-hidden-desktop elementor-hidden-tablet elementor-hidden-mobile elementor-vertical-align-top elementor-widget elementor-widget-image-box\" data-id=\"e8380c2\" data-element_type=\"widget\" data-e-type=\"widget\" data-widget_type=\"image-box.default\">\n\t\t\t\t<div class=\"elementor-widget-container\">\n\t\t\t\t\t<div class=\"elementor-image-box-wrapper\"><figure class=\"elementor-image-box-img\"><a href=\"https:\/\/app.amilia.com\/store\/en\/ville-de-montreal-ouest\/shop\/programs\/105927\" tabindex=\"-1\"><img decoding=\"async\" src=\"https:\/\/montreal-ouest.ca\/wp-content\/uploads\/elementor\/thumbs\/cooking-1-r15vp8nkurzrdqdhk7vgmrppliqzd3mk3acm98k7nc.png\"  alt=\"cooking.png\" loading=\"lazy\" \/><\/a><\/figure><div class=\"elementor-image-box-content\"><h2 class=\"elementor-image-box-title\"><a href=\"https:\/\/app.amilia.com\/store\/en\/ville-de-montreal-ouest\/shop\/programs\/105927\">Atelier de cuisine<\/a><\/h2><p class=\"elementor-image-box-description\"><strong><span style=\"color: #ff0000\">ANNUL\u00c9<\/span><br><br><\/strong>\n<strong>Le vendredi 28 mars 2025<br>\nCentre communautaire<\/strong><br><br><\/p><\/div><\/div>\t\t\t\t<\/div>\n\t\t\t\t<\/div>\n\t\t\t\t<div class=\"elementor-element elementor-element-f443e66 elementor-position-left elementor-hidden-desktop elementor-hidden-tablet elementor-hidden-mobile elementor-vertical-align-top elementor-widget elementor-widget-image-box\" data-id=\"f443e66\" data-element_type=\"widget\" data-e-type=\"widget\" data-widget_type=\"image-box.default\">\n\t\t\t\t<div class=\"elementor-widget-container\">\n\t\t\t\t\t<div class=\"elementor-image-box-wrapper\"><figure class=\"elementor-image-box-img\"><a href=\"https:\/\/app.amilia.com\/store\/en\/ville-de-montreal-ouest\/shop\/activities\/5905896\" tabindex=\"-1\"><img decoding=\"async\" src=\"https:\/\/montreal-ouest.ca\/wp-content\/uploads\/elementor\/thumbs\/italian-lunch-1-r33phy2pnn5tjiuycx1hx8ooo405139ywe8qak6yew.png\"  alt=\"italian-lunch.png\" loading=\"lazy\" \/><\/a><\/figure><div class=\"elementor-image-box-content\"><h2 class=\"elementor-image-box-title\"><a href=\"https:\/\/app.amilia.com\/store\/en\/ville-de-montreal-ouest\/shop\/activities\/5905896\">Un Pranzo con il Sindaco \/ D\u00eener italien avec le Maire <\/a><\/h2><p class=\"elementor-image-box-description\"><strong><span style=\"color: #ff0000\">COMPLET<\/span><br><br><\/strong>\n<strong>Le jeudi 10 avril 2025<br>\nMidi (Apportez votre boisson)<br>\nH\u00f4tel de ville\n<\/strong><br><br>\n\nVenez savourer un d\u00e9licieux repas italien traditionnel pr\u00e9par\u00e9 par le Maire, Beny Masella ! Ne manquez pas cette occasion unique de partager un bon moment autour d\u2019un bon plat.<br><br>\nCo\u00fbt : 20$ pour les membres du Club 60+ ans \/ 30$ pour les non-membres<br><br>\n<a href=\"https:\/\/app.amilia.com\/store\/en\/ville-de-montreal-ouest\/shop\/activities\/5905896\" target=\"blank\">R\u00e9servez maintenant<\/a>, les places sont limit\u00e9es. La date limite pour RSVP est le 31 mars.<\/p><\/div><\/div>\t\t\t\t<\/div>\n\t\t\t\t<\/div>\n\t\t\t\t<div class=\"elementor-element elementor-element-a849efb elementor-position-left elementor-hidden-desktop elementor-hidden-tablet elementor-hidden-mobile elementor-vertical-align-top elementor-widget elementor-widget-image-box\" data-id=\"a849efb\" data-element_type=\"widget\" data-e-type=\"widget\" data-widget_type=\"image-box.default\">\n\t\t\t\t<div class=\"elementor-widget-container\">\n\t\t\t\t\t<div class=\"elementor-image-box-wrapper\"><figure class=\"elementor-image-box-img\"><a href=\"https:\/\/app.amilia.com\/store\/en\/ville-de-montreal-ouest\/shop\/programs\/105927\" tabindex=\"-1\"><img decoding=\"async\" src=\"https:\/\/montreal-ouest.ca\/wp-content\/uploads\/elementor\/thumbs\/magic-1-r15vuyi8fhtk0c2h66uratrnowkd6tbrvl7ycu2zso.png\"  alt=\"magic.png\" loading=\"lazy\" \/><\/a><\/figure><div class=\"elementor-image-box-content\"><h2 class=\"elementor-image-box-title\"><a href=\"https:\/\/app.amilia.com\/store\/en\/ville-de-montreal-ouest\/shop\/programs\/105927\">MAGIC Workshop<\/a><\/h2><p class=\"elementor-image-box-description\"><strong><span style=\"color: #ff0000\">ANNUL\u00c9<\/span><br><br><\/strong>\n<strong>Le vendredi 11 avril 2025<br>\nCentre communautaire<\/strong><br><br>\nCr\u00e9\u00e9 en 1993, MAGIC : LE RASSEMBLEMENT est le premier jeu de cartes \u00e0 collectionner au monde. Les joueurs s'affrontent \u00e0 tour de r\u00f4le en lan\u00e7ant des sorts, en invoquant des cr\u00e9atures et en utilisant des artefacts repr\u00e9sent\u00e9s sur des cartes individuelles. Rejoignez-nous en famille ou entre amis et essayez l'un des jeux les plus stimulants au monde.<br><br>\n\nFamilles : 18h30 \u2013 25 $ (r\u00e9sidents) \/ 35 $ (non-r\u00e9sidents)<br>\nAdos: 20h15 \u2013 10 $ (r\u00e9sidents) \/ 15 $ (non-r\u00e9sidents)<br><br>\n\n<a href=\"https:\/\/app.amilia.com\/store\/en\/ville-de-montreal-ouest\/shop\/programs\/105502\">Inscrivez-vous sur Amilia<\/a><\/p><\/div><\/div>\t\t\t\t<\/div>\n\t\t\t\t<\/div>\n\t\t\t\t<div class=\"elementor-element elementor-element-3d92236 elementor-position-left elementor-hidden-desktop elementor-hidden-tablet elementor-hidden-mobile elementor-vertical-align-top elementor-widget elementor-widget-image-box\" data-id=\"3d92236\" data-element_type=\"widget\" data-e-type=\"widget\" data-widget_type=\"image-box.default\">\n\t\t\t\t<div class=\"elementor-widget-container\">\n\t\t\t\t\t<div class=\"elementor-image-box-wrapper\"><figure class=\"elementor-image-box-img\"><a href=\"https:\/\/app.amilia.com\/store\/en\/ville-de-montreal-ouest\/shop\/activities\/5905958\" tabindex=\"-1\"><img decoding=\"async\" src=\"https:\/\/montreal-ouest.ca\/wp-content\/uploads\/elementor\/thumbs\/SergeGauthier_210715-111414-9470-scaled-1-r33pifxn9hu9o450gmreqm6fyfk43c8vaumyetgh4o.jpg\"  alt=\"SergeGauthier_210715-111414-9470-scaled.jpg\" loading=\"lazy\" \/><\/a><\/figure><div class=\"elementor-image-box-content\"><h2 class=\"elementor-image-box-title\"><a href=\"https:\/\/app.amilia.com\/store\/en\/ville-de-montreal-ouest\/shop\/activities\/5905958\">Parlons de troubles neurocognitifs avec le Dr Gauthier<\/a><\/h2><p class=\"elementor-image-box-description\"><strong><span style=\"color: #ff0000\">COMPLET<\/span><br><br><\/strong>\n<strong>Le samedi 12 avril<br>\n13 h \u00e0 14 h 30<br>\nH\u00f4tel de ville<\/strong><br><br>\n\nAu cours de cette pr\u00e9sentation, le Dr Serge Gauthier, neurologue clinicien,\u00a0expliquera en quoi consistent les d\u00e9couvertes sur les facteurs de risque modifiables des troubles neurocognitifs, et comment leur prise en compte peut pr\u00e9venir ou retarder la progression de la maladie.<br><br>\n\nIl donnera ensuite des conseils pratiques sur la mani\u00e8re de s'occuper d'une personne atteinte de d\u00e9mence. Il abordera les aspects importants \u00e0 prendre en compte pour assurer la s\u00e9curit\u00e9 et le bien-\u00eatre de l'individu et du partenaire de soins, afin d'aider les familles \u00e0 comprendre et \u00e0 acc\u00e9der aux ressources n\u00e9cessaires pour faire face \u00e0 cette maladie.<br><br>\n\n<a href=\"https:\/\/app.amilia.com\/store\/en\/ville-de-montreal-ouest\/shop\/activities\/5905958\" target=\"blank\">Inscrivez-vous sur Amilia<\/a><\/p><\/div><\/div>\t\t\t\t<\/div>\n\t\t\t\t<\/div>\n\t\t\t\t\t<\/div>\n\t\t<\/div>\n\t\t\t\t\t<\/div>\n\t\t<\/section>\n\t\t\t\t<\/div>\n\t\t","protected":false},"excerpt":{"rendered":"<p>\u00c9v\u00e9nements \u00e0 venir \u00a0 Venez rejoindre vos voisins pour participer \u00e0 diverses activit\u00e9s communautaires dans les parcs et installations de notre Ville. *Les dates des \u00e9v\u00e9nements sont susceptibles d&rsquo;\u00eatre modifi\u00e9es. Suivez-nous sur Facebook ou incrivez-vous au bulletin \u00e9lectronique [&hellip;]<\/p>\n","protected":false},"author":3,"featured_media":0,"parent":0,"menu_order":0,"comment_status":"closed","ping_status":"closed","template":"","meta":{"_acf_changed":false,"footnotes":""},"tags":[],"class_list":["post-29933","page","type-page","status-publish","hentry"],"better_featured_image":null,"acf":{"event_types":false,"header_image":{"ID":90143,"id":90143,"title":"Photo by Marian","filename":"Photo-by-Marian-scaled.jpg","filesize":712312,"url":"https:\/\/montreal-ouest.ca\/wp-content\/uploads\/2025\/04\/Photo-by-Marian-scaled.jpg","link":"https:\/\/montreal-ouest.ca\/fr\/evenements-speciaux\/photo-by-marian-2\/","alt":"","author":"3","description":"","caption":"","name":"photo-by-marian-2","status":"inherit","uploaded_to":29933,"date":"2025-04-14 15:06:21","modified":"2025-04-14 15:06:21","menu_order":0,"mime_type":"image\/jpeg","type":"image","subtype":"jpeg","icon":"https:\/\/montreal-ouest.ca\/wp-includes\/images\/media\/default.png","width":2560,"height":1920,"sizes":{"thumbnail":"https:\/\/montreal-ouest.ca\/wp-content\/uploads\/2025\/04\/Photo-by-Marian-285x285.jpg","thumbnail-width":285,"thumbnail-height":285,"medium":"https:\/\/montreal-ouest.ca\/wp-content\/uploads\/2025\/04\/Photo-by-Marian-992x744.jpg","medium-width":992,"medium-height":744,"medium_large":"https:\/\/montreal-ouest.ca\/wp-content\/uploads\/2025\/04\/Photo-by-Marian-768x576.jpg","medium_large-width":768,"medium_large-height":576,"large":"https:\/\/montreal-ouest.ca\/wp-content\/uploads\/2025\/04\/Photo-by-Marian-1920x1440.jpg","large-width":1920,"large-height":1440,"1536x1536":"https:\/\/montreal-ouest.ca\/wp-content\/uploads\/2025\/04\/Photo-by-Marian-1536x1152.jpg","1536x1536-width":1536,"1536x1536-height":1152,"2048x2048":"https:\/\/montreal-ouest.ca\/wp-content\/uploads\/2025\/04\/Photo-by-Marian-2048x1536.jpg","2048x2048-width":2048,"2048x2048-height":1536}},"header_title":"","header_subtitle":"","sidebar_image":false,"hide_sidebar":false},"publishpress_future_workflow_manual_trigger":{"enabledWorkflows":[]},"_links":{"self":[{"href":"https:\/\/montreal-ouest.ca\/fr\/wp-json\/wp\/v2\/pages\/29933","targetHints":{"allow":["GET"]}}],"collection":[{"href":"https:\/\/montreal-ouest.ca\/fr\/wp-json\/wp\/v2\/pages"}],"about":[{"href":"https:\/\/montreal-ouest.ca\/fr\/wp-json\/wp\/v2\/types\/page"}],"author":[{"embeddable":true,"href":"https:\/\/montreal-ouest.ca\/fr\/wp-json\/wp\/v2\/users\/3"}],"replies":[{"embeddable":true,"href":"https:\/\/montreal-ouest.ca\/fr\/wp-json\/wp\/v2\/comments?post=29933"}],"version-history":[{"count":0,"href":"https:\/\/montreal-ouest.ca\/fr\/wp-json\/wp\/v2\/pages\/29933\/revisions"}],"wp:attachment":[{"href":"https:\/\/montreal-ouest.ca\/fr\/wp-json\/wp\/v2\/media?parent=29933"}],"wp:term":[{"taxonomy":"post_tag","embeddable":true,"href":"https:\/\/montreal-ouest.ca\/fr\/wp-json\/wp\/v2\/tags?post=29933"}],"curies":[{"name":"wp","href":"https:\/\/api.w.org\/{rel}","templated":true}]}}