{"id":100086,"date":"2026-01-13T12:38:20","date_gmt":"2026-01-13T16:38:20","guid":{"rendered":"https:\/\/montreal-ouest.ca\/?page_id=100086"},"modified":"2026-09-03T16:33:23","modified_gmt":"2026-09-03T20:33:23","slug":"patinoire-steve-et-rob-michelin","status":"publish","type":"page","link":"https:\/\/montreal-ouest.ca\/fr\/loisirs-et-culture\/installations-et-parcs\/patinoire-steve-et-rob-michelin\/","title":{"rendered":"Patinoire Steve et Rob Michelin"},"content":{"rendered":"\t\t<div data-elementor-type=\"wp-page\" data-elementor-id=\"100086\" class=\"elementor elementor-100086 elementor-100068\" data-elementor-post-type=\"page\">\n\t\t\t\t\t\t<section class=\"elementor-section elementor-top-section elementor-element elementor-element-6ad4b09 elementor-section-boxed elementor-section-height-default elementor-section-height-default\" data-id=\"6ad4b09\" data-element_type=\"section\" data-e-type=\"section\">\n\t\t\t\t\t\t<div class=\"elementor-container elementor-column-gap-default\">\n\t\t\t\t\t<div class=\"elementor-column elementor-col-100 elementor-top-column elementor-element elementor-element-f480a44\" data-id=\"f480a44\" data-element_type=\"column\" data-e-type=\"column\">\n\t\t\t<div class=\"elementor-widget-wrap elementor-element-populated\">\n\t\t\t\t\t\t<div class=\"elementor-element elementor-element-c2d6a90 elementor-hidden-desktop elementor-hidden-tablet elementor-hidden-mobile elementor-alert-info elementor-widget elementor-widget-alert\" data-id=\"c2d6a90\" data-element_type=\"widget\" data-e-type=\"widget\" data-widget_type=\"alert.default\">\n\t\t\t\t<div class=\"elementor-widget-container\">\n\t\t\t\t\t\t\t<div class=\"elementor-alert\" role=\"alert\">\n\n\t\t\t\t\t\t<span class=\"elementor-alert-title\">Mise \u00e0 jour: Fermeture temporaire de la patinoire<\/span>\n\t\t\t\n\t\t\t\t\t\t<span class=\"elementor-alert-description\">19 ao\u00fbt 2026: Nous sommes heureux d\u2019annoncer que les r\u00e9parations du syst\u00e8me de r\u00e9frig\u00e9ration de la patinoire sont maintenant termin\u00e9es. La surface de glace a \u00e9t\u00e9 peinte et la glace est en pr\u00e9paration pour sa r\u00e9ouverture.<br><br>\n\nNous pr\u00e9voyons rouvrir la patinoire\u00a0<strong>le samedi 22 ao\u00fbt<\/strong>.\u00a0L'horaire\u00a0du patin libre sera publi\u00e9 sur notre\u00a0site web dans les prochains jours.<hr>\n\n4 ao\u00fbt 2026: En raison d\u2019un probl\u00e8me m\u00e9canique impr\u00e9vu touchant le syst\u00e8me de r\u00e9frig\u00e9ration, la patinoire est temporairement ferm\u00e9e jusqu\u2019\u00e0 nouvel ordre. Toutes les activit\u00e9s et locations pr\u00e9vues \u00e0 la patinoire sont annul\u00e9es pendant que les r\u00e9parations n\u00e9cessaires sont effectu\u00e9es. Le Pro-shop sera ferm\u00e9 pendant ce temps.<br><br>\nVeuillez noter que le reste du centre sportif et r\u00e9cr\u00e9atif demeure ouvert au public et que les activit\u00e9s r\u00e9guli\u00e8res, y compris la piscine, le gymnase et les cours, se poursuivent selon l\u2019horaire habituel.<br><br>\n<a href=\"https:\/\/montreal-ouest.ca\/fr\/fermeture-temporaire-de-la-patinoire\/\">Pour plus d\u2019information <\/a>\n<\/span>\n\t\t\t\n\t\t\t\n\t\t<\/div>\n\t\t\t\t\t\t<\/div>\n\t\t\t\t<\/div>\n\t\t\t\t<div class=\"elementor-element elementor-element-5b8661e elementor-widget elementor-widget-text-editor\" data-id=\"5b8661e\" data-element_type=\"widget\" data-e-type=\"widget\" data-widget_type=\"text-editor.default\">\n\t\t\t\t<div class=\"elementor-widget-container\">\n\t\t\t\t\t\t\t\t\t<p>Situ\u00e9e \u00e0 l\u2019int\u00e9rieur du <a href=\"https:\/\/montreal-ouest.ca\/fr\/loisirs-et-culture\/centre-sportif-et-recreatif\/\">Centre sportif et r\u00e9cr\u00e9atif de Montr\u00e9al-Ouest<\/a>, la nouvelle patinoire Steve and Rob Michelin est de dimension r\u00e9glementaire. Elle comprend six vestiaires, dont deux de grande dimension et accessible, con\u00e7us pour accueillir des \u00e9quipes de hockey sur luge.<\/p><p>Ouverte toute l\u2019ann\u00e9e, la patinoire accueille une vaste gamme d\u2019activit\u00e9s offertes en parternariat avec l\u2019Association r\u00e9cr\u00e9ative civique (ARC\/CRA) et d\u2019autres organismes communautaires.<\/p><h2>Patinage libre<\/h2><p>Les r\u00e9sidents sont invit\u00e9s \u00e0 profiter du patinage libre. Le patin libre est actuellement offert gratuitement pour tous et les r\u00e9servations ne sont pas n\u00e9cessaires.<\/p><ul><li>Le port du casque est <strong>obligatoire pour les jeunes de moins de 12 ans et fortement recommand\u00e9 <\/strong>pour tous les patineurs.<\/li><li>Des aides pour apprentissage du patin sont disponibles gratuitement pour les d\u00e9butants<\/li><li>D\u2019autres p\u00e9riodes de patinage libre seront ajout\u00e9es \u00e0 l\u2019horaire au fil de la saison.<\/li><\/ul><h2>Hockey libre<\/h2><ul><li><a href=\"https:\/\/app.amilia.com\/store\/en\/ville-de-montreal-ouest\/shop\/programs\/132857\">R\u00e9servez votre place en ligne sur Amilia<\/a>\u00a0ou au comptoir du centre sportif et r\u00e9cr\u00e9atif<\/li><li>\u00c9quipement obligatoire: casque, prot\u00e8ge-cou, masque facial complet et gants.<\/li><li>Co\u00fbt : r\u00e9sidents : gratuit \/ non-r\u00e9sidents : 5 $<\/li><\/ul><h2>Patinage artistique libre<\/h2><p>Ccette p\u00e9riode offre l\u2019espace n\u00e9cessaire pour travailler les pirouettes, les sauts et les programmes, parfaite pour d\u00e9velopper et perfectionner sa technique.<\/p>\t\t\t\t\t\t\t\t<\/div>\n\t\t\t\t<\/div>\n\t\t\t\t<div class=\"elementor-element elementor-element-fd9508e elementor-widget elementor-widget-text-editor\" data-id=\"fd9508e\" data-element_type=\"widget\" data-e-type=\"widget\" data-widget_type=\"text-editor.default\">\n\t\t\t\t<div class=\"elementor-widget-container\">\n\t\t\t\t\t\t\t\t\t<h2>Horaire du 4 au 12 septembre<br \/><span style=\"font-size: 10pt; color: #993300;\">*L&rsquo;horaire est susceptible d&rsquo;\u00eatre modifi\u00e9*<\/span><\/h2><p><strong>Vendredi 4 septembre<\/strong><br \/>10 h \u00e0 12 h \u2014 Patinage libre<br \/>13 h 30 \u00e0 15 h \u2014 Heure de patinage artistique libre<\/p><p><strong>Samedi 5 septembre<br \/><\/strong>18\u00a0h \u00e0 19 h 30 \u2014 Patinage libre<\/p><p><strong>Dimanche 6 septembre<\/strong><br \/>13 h 30 \u00e0 15 h \u2014 Patinage libre<\/p><p><strong>Lundi 7 septembre<br \/><\/strong>9 h 30 \u00e0 11 h \u2014 Patinage libre<br \/>11 h \u00e0 12 h \u2014 Hockey libre (M11 et moins)<br \/>12 h \u00e0 13 h \u2014 Hockey libre (M13 et plus)<br \/>18 h 30 \u00e0 20 h 30 \u2014 Patinage libre<\/p><p><strong>Mardi 8 septembre<br \/><\/strong>10 h \u00e0 12 h \u2014 Patinage libre<br \/>13 h 30 \u00e0 15 h \u2014 Heure de patinage artistique libre<\/p><p><strong>Mercredi 9 septembre<br \/><\/strong>10 h \u00e0 12 h \u2014 Patinage libre<br \/>13 h 30 \u00e0 15 h \u2014 Heure de patinage artistique libre<\/p><p><strong>Jeudi 10 septembre<\/strong><br \/>10 h \u00e0 12 h \u2014 Patinage libre<br \/>13 h 30 \u00e0 15 h \u2014 Heure de patinage artistique libre<\/p><p><strong>Vendredi 11 septembre<\/strong><br \/>10 h \u00e0 12 h \u2014 Patinage libre<br \/>13 h 30 \u00e0 15 h \u2014 Heure de patinage artistique libre<br \/>15 h 30 \u00e0 17 h 30 \u2014 Patinage libre<\/p><p><strong>Samedi 12 septembre<br \/><\/strong>18\u00a0h \u00e0 19 h 30 \u2014 Patinage libre<\/p>\t\t\t\t\t\t\t\t<\/div>\n\t\t\t\t<\/div>\n\t\t\t\t\t<\/div>\n\t\t<\/div>\n\t\t\t\t\t<\/div>\n\t\t<\/section>\n\t\t\t\t<section class=\"elementor-section elementor-top-section elementor-element elementor-element-155c1e8 elementor-section-boxed elementor-section-height-default elementor-section-height-default\" data-id=\"155c1e8\" data-element_type=\"section\" data-e-type=\"section\">\n\t\t\t\t\t\t<div class=\"elementor-container elementor-column-gap-default\">\n\t\t\t\t\t<div class=\"elementor-column elementor-col-50 elementor-top-column elementor-element elementor-element-b0d271a\" data-id=\"b0d271a\" data-element_type=\"column\" data-e-type=\"column\">\n\t\t\t<div class=\"elementor-widget-wrap elementor-element-populated\">\n\t\t\t\t\t\t<div class=\"elementor-element elementor-element-193ffa6 elementor-widget elementor-widget-text-editor\" data-id=\"193ffa6\" data-element_type=\"widget\" data-e-type=\"widget\" data-widget_type=\"text-editor.default\">\n\t\t\t\t<div class=\"elementor-widget-container\">\n\t\t\t\t\t\t\t\t\t<h2>Pro-shop<\/h2><p><strong>Services<\/strong><\/p><ul><li>Aiguisage professionnel des patins<\/li><li>D\u00e9sinfection d&rsquo;\u00e9quipement avec le syst\u00e8me Sani\u2011Sport<\/li><\/ul><p><strong>Location ($)<\/strong><\/p><ul><li>Location de patins (pointure 8T et plus)<\/li><li>Location de casques<\/li><\/ul><p><strong>\u00c9quipement et accessoires en vente<\/strong><\/p><ul><li>Lacets<\/li><li>Prot\u00e8ge-cou<\/li><li>Support de hockey \u00e0 coquilles<\/li><li>Prot\u00e8ge\u2011lames<\/li><li>Prot\u00e8ge\u2011dents<\/li><li>Bouteilles d\u2019eau<\/li><li>Rondelles<\/li><li>Ruban adh\u00e9sif et cire<\/li><li>Trousse de r\u00e9paration de casque<\/li><li>Pierres pour lames<\/li><\/ul>\t\t\t\t\t\t\t\t<\/div>\n\t\t\t\t<\/div>\n\t\t\t\t\t<\/div>\n\t\t<\/div>\n\t\t\t\t<div class=\"elementor-column elementor-col-50 elementor-top-column elementor-element elementor-element-3091c81\" data-id=\"3091c81\" data-element_type=\"column\" data-e-type=\"column\">\n\t\t\t<div class=\"elementor-widget-wrap elementor-element-populated\">\n\t\t\t\t\t\t<div class=\"elementor-element elementor-element-698c39c elementor-widget elementor-widget-image\" data-id=\"698c39c\" data-element_type=\"widget\" data-e-type=\"widget\" data-widget_type=\"image.default\">\n\t\t\t\t<div class=\"elementor-widget-container\">\n\t\t\t\t\t\t\t\t\t\t\t\t\t\t\t<img fetchpriority=\"high\" decoding=\"async\" width=\"1600\" height=\"1200\" src=\"https:\/\/montreal-ouest.ca\/wp-content\/uploads\/2026\/02\/Pro-shop-1.png\" class=\"attachment-large size-large wp-image-101846\" alt=\"\" srcset=\"https:\/\/montreal-ouest.ca\/wp-content\/uploads\/2026\/02\/Pro-shop-1.png 1600w, https:\/\/montreal-ouest.ca\/wp-content\/uploads\/2026\/02\/Pro-shop-1-992x744.png 992w, https:\/\/montreal-ouest.ca\/wp-content\/uploads\/2026\/02\/Pro-shop-1-768x576.png 768w, https:\/\/montreal-ouest.ca\/wp-content\/uploads\/2026\/02\/Pro-shop-1-1536x1152.png 1536w\" sizes=\"(max-width: 1600px) 100vw, 1600px\" \/>\t\t\t\t\t\t\t\t\t\t\t\t\t\t\t<\/div>\n\t\t\t\t<\/div>\n\t\t\t\t\t<\/div>\n\t\t<\/div>\n\t\t\t\t\t<\/div>\n\t\t<\/section>\n\t\t\t\t<section class=\"elementor-section elementor-top-section elementor-element elementor-element-b2366cc elementor-section-boxed elementor-section-height-default elementor-section-height-default\" data-id=\"b2366cc\" data-element_type=\"section\" data-e-type=\"section\">\n\t\t\t\t\t\t<div class=\"elementor-container elementor-column-gap-default\">\n\t\t\t\t\t<div class=\"elementor-column elementor-col-100 elementor-top-column elementor-element elementor-element-7f80342\" data-id=\"7f80342\" data-element_type=\"column\" data-e-type=\"column\">\n\t\t\t<div class=\"elementor-widget-wrap elementor-element-populated\">\n\t\t\t\t\t\t<div class=\"elementor-element elementor-element-9c4e297 elementor-widget elementor-widget-text-editor\" data-id=\"9c4e297\" data-element_type=\"widget\" data-e-type=\"widget\" data-widget_type=\"text-editor.default\">\n\t\t\t\t<div class=\"elementor-widget-container\">\n\t\t\t\t\t\t\t\t\t<h2>Locations priv\u00e9es<\/h2><p>Les locations priv\u00e9es de patinoire peuvent \u00eatre <a href=\"https:\/\/app.amilia.com\/store\/en\/ville-de-montreal-ouest\/shop\/facilitybookings\">r\u00e9serv\u00e9es en ligne \u00e0 Amilia<\/a>, o\u00f9 vous pourrez consulter les disponibilit\u00e9s actuelles de la patinoire ainsi que les tarifs.<\/p><h2>Coordonn\u00e9es<\/h2><p>220 avenue Bedbrook, Montr\u00e9al-Ouest, H4X 1S2<br \/>514-484-6186<\/p>\t\t\t\t\t\t\t\t<\/div>\n\t\t\t\t<\/div>\n\t\t\t\t\t<\/div>\n\t\t<\/div>\n\t\t\t\t\t<\/div>\n\t\t<\/section>\n\t\t\t\t<section class=\"elementor-section elementor-top-section elementor-element elementor-element-c31da78 elementor-section-boxed elementor-section-height-default elementor-section-height-default\" data-id=\"c31da78\" data-element_type=\"section\" data-e-type=\"section\">\n\t\t\t\t\t\t<div class=\"elementor-container elementor-column-gap-default\">\n\t\t\t\t\t<div class=\"elementor-column elementor-col-100 elementor-top-column elementor-element elementor-element-7484d4d\" data-id=\"7484d4d\" data-element_type=\"column\" data-e-type=\"column\">\n\t\t\t<div class=\"elementor-widget-wrap elementor-element-populated\">\n\t\t\t\t\t\t<div class=\"elementor-element elementor-element-e5c4bc9 elementor-hidden-desktop elementor-hidden-tablet elementor-hidden-mobile elementor-widget elementor-widget-text-editor\" data-id=\"e5c4bc9\" data-element_type=\"widget\" data-e-type=\"widget\" data-widget_type=\"text-editor.default\">\n\t\t\t\t<div class=\"elementor-widget-container\">\n\t\t\t\t\t\t\t\t\t\n<table style=\"border-collapse: collapse; width: 100%; height: 192px;\">\n<thead>\n<tr style=\"height: 24px;\">\n<td style=\"width: 100%; height: 24px;\" colspan=\"2\"><strong>Horaire (2 au 15 mai)<\/strong><\/td>\n<\/tr>\n<\/thead>\n<tbody>\n<tr style=\"height: 24px;\">\n<td style=\"width: 50%; height: 24px;\">Dimanche<\/td>\n<td style=\"width: 50%; height: 24px;\">10 h \u00e0 10 h 50<\/td>\n<\/tr>\n<tr style=\"height: 24px;\">\n<td style=\"width: 50%; height: 24px;\">Mardi<\/td>\n<td style=\"width: 50%; height: 24px;\">16 h 30 \u00e0 17 h 20<\/td>\n<\/tr>\n<tr style=\"height: 24px;\">\n<td style=\"width: 50%; height: 24px;\">Jeudi<\/td>\n<td style=\"width: 50%; height: 24px;\">16 h 30 \u00e0 17 h 20<\/td>\n<\/tr>\n<tr style=\"height: 24px;\">\n<td style=\"width: 50%; height: 24px;\">Vendredi<\/td>\n<td style=\"width: 50%; height: 24px;\">16 h 30 \u00e0 17 h 20<\/td>\n<\/tr>\n<tr style=\"height: 24px;\">\n<td style=\"width: 50%; height: 24px;\">Samedi<\/td>\n<td style=\"width: 50%; height: 24px;\">13 h 30 \u00e0 14 h 50\n\n18 h \u00e0 19 h 50<\/td>\n<\/tr>\n<\/tbody>\n<\/table>\t\t\t\t\t\t\t\t<\/div>\n\t\t\t\t<\/div>\n\t\t\t\t\t<\/div>\n\t\t<\/div>\n\t\t\t\t\t<\/div>\n\t\t<\/section>\n\t\t\t\t<\/div>\n\t\t","protected":false},"excerpt":{"rendered":"<p>Mise \u00e0 jour: Fermeture temporaire de la patinoire 19 ao\u00fbt 2026: Nous sommes heureux d\u2019annoncer que les r\u00e9parations du syst\u00e8me de r\u00e9frig\u00e9ration de la patinoire sont maintenant termin\u00e9es. La surface de glace a \u00e9t\u00e9 peinte et la glace [&hellip;]<\/p>\n","protected":false},"author":3,"featured_media":0,"parent":4370,"menu_order":0,"comment_status":"closed","ping_status":"closed","template":"","meta":{"_acf_changed":false,"footnotes":""},"tags":[],"class_list":["post-100086","page","type-page","status-publish","hentry"],"better_featured_image":null,"acf":{"event_types":false,"header_image":{"ID":100081,"id":100081,"title":"rink (1)","filename":"rink-1.png","filesize":666711,"url":"https:\/\/montreal-ouest.ca\/wp-content\/uploads\/2026\/01\/rink-1.png","link":"https:\/\/montreal-ouest.ca\/fr\/loisirs-et-culture\/installations-et-parcs\/patinoire-steve-et-rob-michelin\/rink-1-2\/","alt":"","author":"3","description":"","caption":"","name":"rink-1-2","status":"inherit","uploaded_to":100086,"date":"2026-01-13 16:32:23","modified":"2026-01-13 16:35:53","menu_order":0,"mime_type":"image\/png","type":"image","subtype":"png","icon":"https:\/\/montreal-ouest.ca\/wp-includes\/images\/media\/default.png","width":800,"height":475,"sizes":{"thumbnail":"https:\/\/montreal-ouest.ca\/wp-content\/uploads\/2026\/01\/rink-1-285x285.png","thumbnail-width":285,"thumbnail-height":285,"medium":"https:\/\/montreal-ouest.ca\/wp-content\/uploads\/2026\/01\/rink-1.png","medium-width":800,"medium-height":475,"medium_large":"https:\/\/montreal-ouest.ca\/wp-content\/uploads\/2026\/01\/rink-1-768x456.png","medium_large-width":768,"medium_large-height":456,"large":"https:\/\/montreal-ouest.ca\/wp-content\/uploads\/2026\/01\/rink-1.png","large-width":800,"large-height":475,"1536x1536":"https:\/\/montreal-ouest.ca\/wp-content\/uploads\/2026\/01\/rink-1.png","1536x1536-width":800,"1536x1536-height":475,"2048x2048":"https:\/\/montreal-ouest.ca\/wp-content\/uploads\/2026\/01\/rink-1.png","2048x2048-width":800,"2048x2048-height":475}},"header_title":"","header_subtitle":"","sidebar_image":false,"hide_sidebar":false},"publishpress_future_workflow_manual_trigger":{"enabledWorkflows":[]},"_links":{"self":[{"href":"https:\/\/montreal-ouest.ca\/fr\/wp-json\/wp\/v2\/pages\/100086","targetHints":{"allow":["GET"]}}],"collection":[{"href":"https:\/\/montreal-ouest.ca\/fr\/wp-json\/wp\/v2\/pages"}],"about":[{"href":"https:\/\/montreal-ouest.ca\/fr\/wp-json\/wp\/v2\/types\/page"}],"author":[{"embeddable":true,"href":"https:\/\/montreal-ouest.ca\/fr\/wp-json\/wp\/v2\/users\/3"}],"replies":[{"embeddable":true,"href":"https:\/\/montreal-ouest.ca\/fr\/wp-json\/wp\/v2\/comments?post=100086"}],"version-history":[{"count":0,"href":"https:\/\/montreal-ouest.ca\/fr\/wp-json\/wp\/v2\/pages\/100086\/revisions"}],"up":[{"embeddable":true,"href":"https:\/\/montreal-ouest.ca\/fr\/wp-json\/wp\/v2\/pages\/4370"}],"wp:attachment":[{"href":"https:\/\/montreal-ouest.ca\/fr\/wp-json\/wp\/v2\/media?parent=100086"}],"wp:term":[{"taxonomy":"post_tag","embeddable":true,"href":"https:\/\/montreal-ouest.ca\/fr\/wp-json\/wp\/v2\/tags?post=100086"}],"curies":[{"name":"wp","href":"https:\/\/api.w.org\/{rel}","templated":true}]}}